{"id":4000,"date":"2022-12-01T14:04:39","date_gmt":"2022-12-01T13:04:39","guid":{"rendered":"http:\/\/www.projet-cecc.org\/?page_id=4000"},"modified":"2025-10-02T11:24:29","modified_gmt":"2025-10-02T09:24:29","slug":"publications","status":"publish","type":"page","link":"https:\/\/www.projet-cecc.org\/?page_id=4000","title":{"rendered":"Publications"},"content":{"rendered":"\t\t<div data-elementor-type=\"wp-page\" data-elementor-id=\"4000\" class=\"elementor elementor-4000\" data-elementor-post-type=\"page\">\n\t\t\t\t\t\t<section class=\"elementor-section elementor-top-section elementor-element elementor-element-a0aaef1 elementor-section-boxed elementor-section-height-default elementor-section-height-default\" data-id=\"a0aaef1\" data-element_type=\"section\">\n\t\t\t\t\t\t<div class=\"elementor-container elementor-column-gap-default\">\n\t\t\t\t\t<div class=\"elementor-column elementor-col-100 elementor-top-column elementor-element elementor-element-17001b9\" data-id=\"17001b9\" data-element_type=\"column\">\n\t\t\t<div class=\"elementor-widget-wrap elementor-element-populated\">\n\t\t\t\t\t\t<div class=\"elementor-element elementor-element-a588093 elementor-widget elementor-widget-heading\" data-id=\"a588093\" data-element_type=\"widget\" data-widget_type=\"heading.default\">\n\t\t\t\t<div class=\"elementor-widget-container\">\n\t\t\t\t\t<h2 class=\"elementor-heading-title elementor-size-default\">Publications des \u00e9quipes du projet CECC :<\/h2>\t\t\t\t<\/div>\n\t\t\t\t<\/div>\n\t\t\t\t<div class=\"elementor-element elementor-element-816a395 elementor-widget elementor-widget-spacer\" data-id=\"816a395\" data-element_type=\"widget\" data-widget_type=\"spacer.default\">\n\t\t\t\t<div class=\"elementor-widget-container\">\n\t\t\t\t\t\t\t<div class=\"elementor-spacer\">\n\t\t\t<div class=\"elementor-spacer-inner\"><\/div>\n\t\t<\/div>\n\t\t\t\t\t\t<\/div>\n\t\t\t\t<\/div>\n\t\t\t\t<div class=\"elementor-element elementor-element-480a818 elementor-grid-3 elementor-grid-tablet-2 elementor-grid-mobile-1 elementor-widget elementor-widget-portfolio\" data-id=\"480a818\" data-element_type=\"widget\" data-settings=\"{&quot;item_ratio&quot;:{&quot;unit&quot;:&quot;px&quot;,&quot;size&quot;:0.96,&quot;sizes&quot;:[]},&quot;row_gap&quot;:{&quot;unit&quot;:&quot;px&quot;,&quot;size&quot;:14,&quot;sizes&quot;:[]},&quot;columns&quot;:&quot;3&quot;,&quot;columns_tablet&quot;:&quot;2&quot;,&quot;columns_mobile&quot;:&quot;1&quot;,&quot;item_gap&quot;:{&quot;unit&quot;:&quot;px&quot;,&quot;size&quot;:&quot;&quot;,&quot;sizes&quot;:[]}}\" data-widget_type=\"portfolio.default\">\n\t\t\t\t<div class=\"elementor-widget-container\">\n\t\t\t\t\t\t\t<div class=\"elementor-portfolio elementor-grid elementor-posts-container\">\n\t\t\t\t<article class=\"elementor-portfolio-item elementor-post  post-5335 post type-post status-publish format-standard has-post-thumbnail hentry category-publications\">\n\t\t\t<a class=\"elementor-post__thumbnail__link\" href=\"https:\/\/www.projet-cecc.org\/?p=5335\">\n\t\t\t\t<div class=\"elementor-portfolio-item__img elementor-post__thumbnail\">\n\t\t\t<img fetchpriority=\"high\" decoding=\"async\" width=\"300\" height=\"184\" src=\"https:\/\/www.projet-cecc.org\/wp-content\/uploads\/MBENGUE-ARTICLE-300x184.jpg\" class=\"attachment-medium size-medium wp-image-5336\" alt=\"\" srcset=\"https:\/\/www.projet-cecc.org\/wp-content\/uploads\/MBENGUE-ARTICLE-300x184.jpg 300w, https:\/\/www.projet-cecc.org\/wp-content\/uploads\/MBENGUE-ARTICLE-768x472.jpg 768w, https:\/\/www.projet-cecc.org\/wp-content\/uploads\/MBENGUE-ARTICLE-24x15.jpg 24w, https:\/\/www.projet-cecc.org\/wp-content\/uploads\/MBENGUE-ARTICLE-36x22.jpg 36w, https:\/\/www.projet-cecc.org\/wp-content\/uploads\/MBENGUE-ARTICLE-48x29.jpg 48w, https:\/\/www.projet-cecc.org\/wp-content\/uploads\/MBENGUE-ARTICLE.jpg 851w\" sizes=\"(max-width: 300px) 100vw, 300px\" \/>\t\t<\/div>\n\t\t\t\t<div class=\"elementor-portfolio-item__overlay\">\n\t\t\t\t<h5 class=\"elementor-portfolio-item__title\">\n\t\tReliability Assessment of 15 Gridded Rainfall Datasets for the Construction of a Daily High-Resolution Reanalysis across Senegal for Agroclimatic Applications\t\t<\/h5>\n\t\t\t\t<\/div>\n\t\t\t\t<\/a>\n\t\t<\/article>\n\t\t\t\t<article class=\"elementor-portfolio-item elementor-post  post-5255 post type-post status-publish format-standard has-post-thumbnail hentry category-publications\">\n\t\t\t<a class=\"elementor-post__thumbnail__link\" href=\"https:\/\/www.projet-cecc.org\/?p=5255\">\n\t\t\t\t<div class=\"elementor-portfolio-item__img elementor-post__thumbnail\">\n\t\t\t<img decoding=\"async\" width=\"300\" height=\"158\" src=\"https:\/\/www.projet-cecc.org\/wp-content\/uploads\/how-could-climate-300x158.jpg\" class=\"attachment-medium size-medium wp-image-5249\" alt=\"\" srcset=\"https:\/\/www.projet-cecc.org\/wp-content\/uploads\/how-could-climate-300x158.jpg 300w, https:\/\/www.projet-cecc.org\/wp-content\/uploads\/how-could-climate-1024x538.jpg 1024w, https:\/\/www.projet-cecc.org\/wp-content\/uploads\/how-could-climate-768x404.jpg 768w, https:\/\/www.projet-cecc.org\/wp-content\/uploads\/how-could-climate-24x13.jpg 24w, https:\/\/www.projet-cecc.org\/wp-content\/uploads\/how-could-climate-36x19.jpg 36w, https:\/\/www.projet-cecc.org\/wp-content\/uploads\/how-could-climate-48x25.jpg 48w, https:\/\/www.projet-cecc.org\/wp-content\/uploads\/how-could-climate.jpg 1373w\" sizes=\"(max-width: 300px) 100vw, 300px\" \/>\t\t<\/div>\n\t\t\t\t<div class=\"elementor-portfolio-item__overlay\">\n\t\t\t\t<h5 class=\"elementor-portfolio-item__title\">\n\t\tHow could climate change affect the magnitude, duration and frequency of hydrological droughts and floods in West Africa during the 21st century? A storyline approach\t\t<\/h5>\n\t\t\t\t<\/div>\n\t\t\t\t<\/a>\n\t\t<\/article>\n\t\t\t\t<article class=\"elementor-portfolio-item elementor-post  post-5247 post type-post status-publish format-standard has-post-thumbnail hentry category-publications\">\n\t\t\t<a class=\"elementor-post__thumbnail__link\" href=\"https:\/\/www.projet-cecc.org\/?p=5247\">\n\t\t\t\t<div class=\"elementor-portfolio-item__img elementor-post__thumbnail\">\n\t\t\t<img decoding=\"async\" width=\"300\" height=\"152\" src=\"https:\/\/www.projet-cecc.org\/wp-content\/uploads\/climate-change-impacts-300x152.jpg\" class=\"attachment-medium size-medium wp-image-5248\" alt=\"\" srcset=\"https:\/\/www.projet-cecc.org\/wp-content\/uploads\/climate-change-impacts-300x152.jpg 300w, https:\/\/www.projet-cecc.org\/wp-content\/uploads\/climate-change-impacts-1024x518.jpg 1024w, https:\/\/www.projet-cecc.org\/wp-content\/uploads\/climate-change-impacts-768x389.jpg 768w, https:\/\/www.projet-cecc.org\/wp-content\/uploads\/climate-change-impacts-24x12.jpg 24w, https:\/\/www.projet-cecc.org\/wp-content\/uploads\/climate-change-impacts-36x18.jpg 36w, https:\/\/www.projet-cecc.org\/wp-content\/uploads\/climate-change-impacts-48x24.jpg 48w, https:\/\/www.projet-cecc.org\/wp-content\/uploads\/climate-change-impacts.jpg 1492w\" sizes=\"(max-width: 300px) 100vw, 300px\" \/>\t\t<\/div>\n\t\t\t\t<div class=\"elementor-portfolio-item__overlay\">\n\t\t\t\t<h5 class=\"elementor-portfolio-item__title\">\n\t\tClimate change impacts on floods in West Africa: new insight from two large-scale hydrological models\t\t<\/h5>\n\t\t\t\t<\/div>\n\t\t\t\t<\/a>\n\t\t<\/article>\n\t\t\t\t<article class=\"elementor-portfolio-item elementor-post  post-5148 post type-post status-publish format-standard has-post-thumbnail hentry category-publications\">\n\t\t\t<a class=\"elementor-post__thumbnail__link\" href=\"https:\/\/www.projet-cecc.org\/?p=5148\">\n\t\t\t\t<div class=\"elementor-portfolio-item__img elementor-post__thumbnail\">\n\t\t\t<img loading=\"lazy\" decoding=\"async\" width=\"300\" height=\"177\" src=\"https:\/\/www.projet-cecc.org\/wp-content\/uploads\/Modelling-300x177.jpg\" class=\"attachment-medium size-medium wp-image-5149\" alt=\"\" srcset=\"https:\/\/www.projet-cecc.org\/wp-content\/uploads\/Modelling-300x177.jpg 300w, https:\/\/www.projet-cecc.org\/wp-content\/uploads\/Modelling-1024x605.jpg 1024w, https:\/\/www.projet-cecc.org\/wp-content\/uploads\/Modelling-768x454.jpg 768w, https:\/\/www.projet-cecc.org\/wp-content\/uploads\/Modelling-24x14.jpg 24w, https:\/\/www.projet-cecc.org\/wp-content\/uploads\/Modelling-36x21.jpg 36w, https:\/\/www.projet-cecc.org\/wp-content\/uploads\/Modelling-48x28.jpg 48w, https:\/\/www.projet-cecc.org\/wp-content\/uploads\/Modelling.jpg 1253w\" sizes=\"(max-width: 300px) 100vw, 300px\" \/>\t\t<\/div>\n\t\t\t\t<div class=\"elementor-portfolio-item__overlay\">\n\t\t\t\t<h5 class=\"elementor-portfolio-item__title\">\n\t\tModelling urban stormwater drainage overflows for assessing flood hazards: application to the urban area of Dakar (Senegal)\t\t<\/h5>\n\t\t\t\t<\/div>\n\t\t\t\t<\/a>\n\t\t<\/article>\n\t\t\t\t<article class=\"elementor-portfolio-item elementor-post  post-5133 post type-post status-publish format-standard has-post-thumbnail hentry category-publications\">\n\t\t\t<a class=\"elementor-post__thumbnail__link\" href=\"https:\/\/www.projet-cecc.org\/?p=5133\">\n\t\t\t\t<div class=\"elementor-portfolio-item__img elementor-post__thumbnail\">\n\t\t\t<img loading=\"lazy\" decoding=\"async\" width=\"300\" height=\"150\" src=\"https:\/\/www.projet-cecc.org\/wp-content\/uploads\/caro-300x150.jpg\" class=\"attachment-medium size-medium wp-image-5134\" alt=\"\" srcset=\"https:\/\/www.projet-cecc.org\/wp-content\/uploads\/caro-300x150.jpg 300w, https:\/\/www.projet-cecc.org\/wp-content\/uploads\/caro-1024x511.jpg 1024w, https:\/\/www.projet-cecc.org\/wp-content\/uploads\/caro-768x383.jpg 768w, https:\/\/www.projet-cecc.org\/wp-content\/uploads\/caro-24x12.jpg 24w, https:\/\/www.projet-cecc.org\/wp-content\/uploads\/caro-36x18.jpg 36w, https:\/\/www.projet-cecc.org\/wp-content\/uploads\/caro-48x24.jpg 48w, https:\/\/www.projet-cecc.org\/wp-content\/uploads\/caro.jpg 1350w\" sizes=\"(max-width: 300px) 100vw, 300px\" \/>\t\t<\/div>\n\t\t\t\t<div class=\"elementor-portfolio-item__overlay\">\n\t\t\t\t<h5 class=\"elementor-portfolio-item__title\">\n\t\tFuture glacio-hydrological changes in the Andes: a focus on near-future projections up to 2050\t\t<\/h5>\n\t\t\t\t<\/div>\n\t\t\t\t<\/a>\n\t\t<\/article>\n\t\t\t\t<article class=\"elementor-portfolio-item elementor-post  post-5117 post type-post status-publish format-standard has-post-thumbnail hentry category-publications\">\n\t\t\t<a class=\"elementor-post__thumbnail__link\" href=\"https:\/\/www.projet-cecc.org\/?p=5117\">\n\t\t\t\t<div class=\"elementor-portfolio-item__img elementor-post__thumbnail\">\n\t\t\t<img loading=\"lazy\" decoding=\"async\" width=\"300\" height=\"132\" src=\"https:\/\/www.projet-cecc.org\/wp-content\/uploads\/Inondations-300x132.jpg\" class=\"attachment-medium size-medium wp-image-5118\" alt=\"\" srcset=\"https:\/\/www.projet-cecc.org\/wp-content\/uploads\/Inondations-300x132.jpg 300w, https:\/\/www.projet-cecc.org\/wp-content\/uploads\/Inondations-1024x450.jpg 1024w, https:\/\/www.projet-cecc.org\/wp-content\/uploads\/Inondations-768x338.jpg 768w, https:\/\/www.projet-cecc.org\/wp-content\/uploads\/Inondations-1536x675.jpg 1536w, https:\/\/www.projet-cecc.org\/wp-content\/uploads\/Inondations-24x11.jpg 24w, https:\/\/www.projet-cecc.org\/wp-content\/uploads\/Inondations-36x16.jpg 36w, https:\/\/www.projet-cecc.org\/wp-content\/uploads\/Inondations-48x21.jpg 48w, https:\/\/www.projet-cecc.org\/wp-content\/uploads\/Inondations.jpg 1633w\" sizes=\"(max-width: 300px) 100vw, 300px\" \/>\t\t<\/div>\n\t\t\t\t<div class=\"elementor-portfolio-item__overlay\">\n\t\t\t\t<h5 class=\"elementor-portfolio-item__title\">\n\t\t[Article de Presse] Inondations \u00e0 Dakar : un d\u00e9fi pour les pouvoirs publics\t\t<\/h5>\n\t\t\t\t<\/div>\n\t\t\t\t<\/a>\n\t\t<\/article>\n\t\t\t\t<article class=\"elementor-portfolio-item elementor-post  post-5103 post type-post status-publish format-standard has-post-thumbnail hentry category-publications\">\n\t\t\t<a class=\"elementor-post__thumbnail__link\" href=\"https:\/\/www.projet-cecc.org\/?p=5103\">\n\t\t\t\t<div class=\"elementor-portfolio-item__img elementor-post__thumbnail\">\n\t\t\t<img loading=\"lazy\" decoding=\"async\" width=\"300\" height=\"148\" src=\"https:\/\/www.projet-cecc.org\/wp-content\/uploads\/these-jhoana-300x148.jpg\" class=\"attachment-medium size-medium wp-image-5043\" alt=\"\" srcset=\"https:\/\/www.projet-cecc.org\/wp-content\/uploads\/these-jhoana-300x148.jpg 300w, https:\/\/www.projet-cecc.org\/wp-content\/uploads\/these-jhoana-1024x505.jpg 1024w, https:\/\/www.projet-cecc.org\/wp-content\/uploads\/these-jhoana-768x378.jpg 768w, https:\/\/www.projet-cecc.org\/wp-content\/uploads\/these-jhoana-1536x757.jpg 1536w, https:\/\/www.projet-cecc.org\/wp-content\/uploads\/these-jhoana-24x12.jpg 24w, https:\/\/www.projet-cecc.org\/wp-content\/uploads\/these-jhoana-36x18.jpg 36w, https:\/\/www.projet-cecc.org\/wp-content\/uploads\/these-jhoana-48x24.jpg 48w, https:\/\/www.projet-cecc.org\/wp-content\/uploads\/these-jhoana.jpg 1654w\" sizes=\"(max-width: 300px) 100vw, 300px\" \/>\t\t<\/div>\n\t\t\t\t<div class=\"elementor-portfolio-item__overlay\">\n\t\t\t\t<h5 class=\"elementor-portfolio-item__title\">\n\t\t[Th\u00e8se] Changements de la circulation atmosph\u00e9rique associ\u00e9s aux pr\u00e9cipitations dans les Andes tropicales selon des sc\u00e9narios d&rsquo;utilisation des terres et de changement climatique\t\t<\/h5>\n\t\t\t\t<\/div>\n\t\t\t\t<\/a>\n\t\t<\/article>\n\t\t\t\t<article class=\"elementor-portfolio-item elementor-post  post-5089 post type-post status-publish format-standard has-post-thumbnail hentry category-publications\">\n\t\t\t<a class=\"elementor-post__thumbnail__link\" href=\"https:\/\/www.projet-cecc.org\/?p=5089\">\n\t\t\t\t<div class=\"elementor-portfolio-item__img elementor-post__thumbnail\">\n\t\t\t<img loading=\"lazy\" decoding=\"async\" width=\"300\" height=\"216\" src=\"https:\/\/www.projet-cecc.org\/wp-content\/uploads\/Future-300x216.jpg\" class=\"attachment-medium size-medium wp-image-5041\" alt=\"\" srcset=\"https:\/\/www.projet-cecc.org\/wp-content\/uploads\/Future-300x216.jpg 300w, https:\/\/www.projet-cecc.org\/wp-content\/uploads\/Future-24x17.jpg 24w, https:\/\/www.projet-cecc.org\/wp-content\/uploads\/Future-36x26.jpg 36w, https:\/\/www.projet-cecc.org\/wp-content\/uploads\/Future-48x35.jpg 48w, https:\/\/www.projet-cecc.org\/wp-content\/uploads\/Future.jpg 723w\" sizes=\"(max-width: 300px) 100vw, 300px\" \/>\t\t<\/div>\n\t\t\t\t<div class=\"elementor-portfolio-item__overlay\">\n\t\t\t\t<h5 class=\"elementor-portfolio-item__title\">\n\t\tFuture projections of summer precipitation\u2011driving mechanismsover the South American Altiplano\t\t<\/h5>\n\t\t\t\t<\/div>\n\t\t\t\t<\/a>\n\t\t<\/article>\n\t\t\t\t<article class=\"elementor-portfolio-item elementor-post  post-5074 post type-post status-publish format-standard has-post-thumbnail hentry category-publications\">\n\t\t\t<a class=\"elementor-post__thumbnail__link\" href=\"https:\/\/www.projet-cecc.org\/?p=5074\">\n\t\t\t\t<div class=\"elementor-portfolio-item__img elementor-post__thumbnail\">\n\t\t\t<img loading=\"lazy\" decoding=\"async\" width=\"300\" height=\"207\" src=\"https:\/\/www.projet-cecc.org\/wp-content\/uploads\/extraction-300x207.jpg\" class=\"attachment-medium size-medium wp-image-5042\" alt=\"\" srcset=\"https:\/\/www.projet-cecc.org\/wp-content\/uploads\/extraction-300x207.jpg 300w, https:\/\/www.projet-cecc.org\/wp-content\/uploads\/extraction-24x17.jpg 24w, https:\/\/www.projet-cecc.org\/wp-content\/uploads\/extraction-36x25.jpg 36w, https:\/\/www.projet-cecc.org\/wp-content\/uploads\/extraction-48x33.jpg 48w, https:\/\/www.projet-cecc.org\/wp-content\/uploads\/extraction.jpg 724w\" sizes=\"(max-width: 300px) 100vw, 300px\" \/>\t\t<\/div>\n\t\t\t\t<div class=\"elementor-portfolio-item__overlay\">\n\t\t\t\t<h5 class=\"elementor-portfolio-item__title\">\n\t\tExtraction de connaissances \u00e0 partir de donn\u00e9es textuelles : application \u00e0 la d\u00e9couverte de r\u00e8gles de changement d\u2019usage des sols\t\t<\/h5>\n\t\t\t\t<\/div>\n\t\t\t\t<\/a>\n\t\t<\/article>\n\t\t\t\t<article class=\"elementor-portfolio-item elementor-post  post-5060 post type-post status-publish format-standard has-post-thumbnail hentry category-publications\">\n\t\t\t<a class=\"elementor-post__thumbnail__link\" href=\"https:\/\/www.projet-cecc.org\/?p=5060\">\n\t\t\t\t<div class=\"elementor-portfolio-item__img elementor-post__thumbnail\">\n\t\t\t<img loading=\"lazy\" decoding=\"async\" width=\"300\" height=\"238\" src=\"https:\/\/www.projet-cecc.org\/wp-content\/uploads\/MAPPING-300x238.jpg\" class=\"attachment-medium size-medium wp-image-5061\" alt=\"\" srcset=\"https:\/\/www.projet-cecc.org\/wp-content\/uploads\/MAPPING-300x238.jpg 300w, https:\/\/www.projet-cecc.org\/wp-content\/uploads\/MAPPING-24x19.jpg 24w, https:\/\/www.projet-cecc.org\/wp-content\/uploads\/MAPPING-36x29.jpg 36w, https:\/\/www.projet-cecc.org\/wp-content\/uploads\/MAPPING-48x38.jpg 48w, https:\/\/www.projet-cecc.org\/wp-content\/uploads\/MAPPING.jpg 765w\" sizes=\"(max-width: 300px) 100vw, 300px\" \/>\t\t<\/div>\n\t\t\t\t<div class=\"elementor-portfolio-item__overlay\">\n\t\t\t\t<h5 class=\"elementor-portfolio-item__title\">\n\t\tMapping seasonal flood-recession cropland extent in the Senegal River Valley\t\t<\/h5>\n\t\t\t\t<\/div>\n\t\t\t\t<\/a>\n\t\t<\/article>\n\t\t\t\t<article class=\"elementor-portfolio-item elementor-post  post-5040 post type-post status-publish format-standard has-post-thumbnail hentry category-publications\">\n\t\t\t<a class=\"elementor-post__thumbnail__link\" href=\"https:\/\/www.projet-cecc.org\/?p=5040\">\n\t\t\t\t<div class=\"elementor-portfolio-item__img elementor-post__thumbnail\">\n\t\t\t<img loading=\"lazy\" decoding=\"async\" width=\"300\" height=\"250\" src=\"https:\/\/www.projet-cecc.org\/wp-content\/uploads\/Reliability-300x250.jpg\" class=\"attachment-medium size-medium wp-image-5044\" alt=\"\" srcset=\"https:\/\/www.projet-cecc.org\/wp-content\/uploads\/Reliability-300x250.jpg 300w, https:\/\/www.projet-cecc.org\/wp-content\/uploads\/Reliability-24x20.jpg 24w, https:\/\/www.projet-cecc.org\/wp-content\/uploads\/Reliability-36x30.jpg 36w, https:\/\/www.projet-cecc.org\/wp-content\/uploads\/Reliability-48x40.jpg 48w, https:\/\/www.projet-cecc.org\/wp-content\/uploads\/Reliability.jpg 769w\" sizes=\"(max-width: 300px) 100vw, 300px\" \/>\t\t<\/div>\n\t\t\t\t<div class=\"elementor-portfolio-item__overlay\">\n\t\t\t\t<h5 class=\"elementor-portfolio-item__title\">\n\t\tReliability assessment of 17 gridded rainfall dataset for theconstruction of a daily high-resolution reanalysis (4km) across Senegal for agroclimatic applications\t\t<\/h5>\n\t\t\t\t<\/div>\n\t\t\t\t<\/a>\n\t\t<\/article>\n\t\t\t\t<article class=\"elementor-portfolio-item elementor-post  post-4999 post type-post status-publish format-standard has-post-thumbnail hentry category-publications\">\n\t\t\t<a class=\"elementor-post__thumbnail__link\" href=\"https:\/\/www.projet-cecc.org\/?p=4999\">\n\t\t\t\t<div class=\"elementor-portfolio-item__img elementor-post__thumbnail\">\n\t\t\t<img loading=\"lazy\" decoding=\"async\" width=\"300\" height=\"172\" src=\"https:\/\/www.projet-cecc.org\/wp-content\/uploads\/quispe-300x172.jpg\" class=\"attachment-medium size-medium wp-image-5000\" alt=\"\" srcset=\"https:\/\/www.projet-cecc.org\/wp-content\/uploads\/quispe-300x172.jpg 300w, https:\/\/www.projet-cecc.org\/wp-content\/uploads\/quispe-1024x588.jpg 1024w, https:\/\/www.projet-cecc.org\/wp-content\/uploads\/quispe-768x441.jpg 768w, https:\/\/www.projet-cecc.org\/wp-content\/uploads\/quispe.jpg 1240w\" sizes=\"(max-width: 300px) 100vw, 300px\" \/>\t\t<\/div>\n\t\t\t\t<div class=\"elementor-portfolio-item__overlay\">\n\t\t\t\t<h5 class=\"elementor-portfolio-item__title\">\n\t\tModeling Lake Titicaca&rsquo;s water balance: the dominant roles of precipitation and evaporation\t\t<\/h5>\n\t\t\t\t<\/div>\n\t\t\t\t<\/a>\n\t\t<\/article>\n\t\t\t\t<article class=\"elementor-portfolio-item elementor-post  post-4975 post type-post status-publish format-standard has-post-thumbnail hentry category-publications\">\n\t\t\t<a class=\"elementor-post__thumbnail__link\" href=\"https:\/\/www.projet-cecc.org\/?p=4975\">\n\t\t\t\t<div class=\"elementor-portfolio-item__img elementor-post__thumbnail\">\n\t\t\t<img loading=\"lazy\" decoding=\"async\" width=\"300\" height=\"216\" src=\"https:\/\/www.projet-cecc.org\/wp-content\/uploads\/MILLA-300x216.jpg\" class=\"attachment-medium size-medium wp-image-4933\" alt=\"\" srcset=\"https:\/\/www.projet-cecc.org\/wp-content\/uploads\/MILLA-300x216.jpg 300w, https:\/\/www.projet-cecc.org\/wp-content\/uploads\/MILLA-768x553.jpg 768w, https:\/\/www.projet-cecc.org\/wp-content\/uploads\/MILLA.jpg 841w\" sizes=\"(max-width: 300px) 100vw, 300px\" \/>\t\t<\/div>\n\t\t\t\t<div class=\"elementor-portfolio-item__overlay\">\n\t\t\t\t<h5 class=\"elementor-portfolio-item__title\">\n\t\tRecent changes in the dry-to-wet transition season in the Andean Altiplano and related atmospheric circulation patterns (1981 &#8211; 2022)\t\t<\/h5>\n\t\t\t\t<\/div>\n\t\t\t\t<\/a>\n\t\t<\/article>\n\t\t\t\t<article class=\"elementor-portfolio-item elementor-post  post-4956 post type-post status-publish format-standard has-post-thumbnail hentry category-publications\">\n\t\t\t<a class=\"elementor-post__thumbnail__link\" href=\"https:\/\/www.projet-cecc.org\/?p=4956\">\n\t\t\t\t<div class=\"elementor-portfolio-item__img elementor-post__thumbnail\">\n\t\t\t<img loading=\"lazy\" decoding=\"async\" width=\"300\" height=\"300\" src=\"https:\/\/www.projet-cecc.org\/wp-content\/uploads\/CHAGNAUD-300x300.jpg\" class=\"attachment-medium size-medium wp-image-4935\" alt=\"\" srcset=\"https:\/\/www.projet-cecc.org\/wp-content\/uploads\/CHAGNAUD-300x300.jpg 300w, https:\/\/www.projet-cecc.org\/wp-content\/uploads\/CHAGNAUD-768x766.jpg 768w, https:\/\/www.projet-cecc.org\/wp-content\/uploads\/CHAGNAUD.jpg 859w\" sizes=\"(max-width: 300px) 100vw, 300px\" \/>\t\t<\/div>\n\t\t\t\t<div class=\"elementor-portfolio-item__overlay\">\n\t\t\t\t<h5 class=\"elementor-portfolio-item__title\">\n\t\tHow fast is the frequency of precipitation extremes doubling in global land regions?\t\t<\/h5>\n\t\t\t\t<\/div>\n\t\t\t\t<\/a>\n\t\t<\/article>\n\t\t\t\t<article class=\"elementor-portfolio-item elementor-post  post-4951 post type-post status-publish format-standard has-post-thumbnail hentry category-publications\">\n\t\t\t<a class=\"elementor-post__thumbnail__link\" href=\"https:\/\/www.projet-cecc.org\/?p=4951\">\n\t\t\t\t<div class=\"elementor-portfolio-item__img elementor-post__thumbnail\">\n\t\t\t<img loading=\"lazy\" decoding=\"async\" width=\"300\" height=\"278\" src=\"https:\/\/www.projet-cecc.org\/wp-content\/uploads\/OGILVIE-300x278.jpg\" class=\"attachment-medium size-medium wp-image-4934\" alt=\"\" srcset=\"https:\/\/www.projet-cecc.org\/wp-content\/uploads\/OGILVIE-300x278.jpg 300w, https:\/\/www.projet-cecc.org\/wp-content\/uploads\/OGILVIE-768x713.jpg 768w, https:\/\/www.projet-cecc.org\/wp-content\/uploads\/OGILVIE.jpg 864w\" sizes=\"(max-width: 300px) 100vw, 300px\" \/>\t\t<\/div>\n\t\t\t\t<div class=\"elementor-portfolio-item__overlay\">\n\t\t\t\t<h5 class=\"elementor-portfolio-item__title\">\n\t\tSurface water and flood-based agricultural systems: Mapping and modelling long-term variability in the Senegal river floodplain\t\t<\/h5>\n\t\t\t\t<\/div>\n\t\t\t\t<\/a>\n\t\t<\/article>\n\t\t\t\t<article class=\"elementor-portfolio-item elementor-post  post-4941 post type-post status-publish format-standard has-post-thumbnail hentry category-publications\">\n\t\t\t<a class=\"elementor-post__thumbnail__link\" href=\"https:\/\/www.projet-cecc.org\/?p=4941\">\n\t\t\t\t<div class=\"elementor-portfolio-item__img elementor-post__thumbnail\">\n\t\t\t<img loading=\"lazy\" decoding=\"async\" width=\"300\" height=\"248\" src=\"https:\/\/www.projet-cecc.org\/wp-content\/uploads\/JUNQUAS-300x248.jpg\" class=\"attachment-medium size-medium wp-image-4936\" alt=\"\" srcset=\"https:\/\/www.projet-cecc.org\/wp-content\/uploads\/JUNQUAS-300x248.jpg 300w, https:\/\/www.projet-cecc.org\/wp-content\/uploads\/JUNQUAS-768x634.jpg 768w, https:\/\/www.projet-cecc.org\/wp-content\/uploads\/JUNQUAS.jpg 876w\" sizes=\"(max-width: 300px) 100vw, 300px\" \/>\t\t<\/div>\n\t\t\t\t<div class=\"elementor-portfolio-item__overlay\">\n\t\t\t\t<h5 class=\"elementor-portfolio-item__title\">\n\t\tRecent progress in atmospheric modeling over the Andes &#8211; part II: projected changes and modeling challenges\t\t<\/h5>\n\t\t\t\t<\/div>\n\t\t\t\t<\/a>\n\t\t<\/article>\n\t\t\t\t<article class=\"elementor-portfolio-item elementor-post  post-4931 post type-post status-publish format-standard has-post-thumbnail hentry category-publications\">\n\t\t\t<a class=\"elementor-post__thumbnail__link\" href=\"https:\/\/www.projet-cecc.org\/?p=4931\">\n\t\t\t\t<div class=\"elementor-portfolio-item__img elementor-post__thumbnail\">\n\t\t\t<img loading=\"lazy\" decoding=\"async\" width=\"300\" height=\"242\" src=\"https:\/\/www.projet-cecc.org\/wp-content\/uploads\/MARTINEZ-300x242.jpg\" class=\"attachment-medium size-medium wp-image-4932\" alt=\"\" srcset=\"https:\/\/www.projet-cecc.org\/wp-content\/uploads\/MARTINEZ-300x242.jpg 300w, https:\/\/www.projet-cecc.org\/wp-content\/uploads\/MARTINEZ-768x619.jpg 768w, https:\/\/www.projet-cecc.org\/wp-content\/uploads\/MARTINEZ.jpg 862w\" sizes=\"(max-width: 300px) 100vw, 300px\" \/>\t\t<\/div>\n\t\t\t\t<div class=\"elementor-portfolio-item__overlay\">\n\t\t\t\t<h5 class=\"elementor-portfolio-item__title\">\n\t\tRecent progress in atmospheric modeling over the Andes &#8211; part I: review of atmospheric processes\t\t<\/h5>\n\t\t\t\t<\/div>\n\t\t\t\t<\/a>\n\t\t<\/article>\n\t\t\t\t<article class=\"elementor-portfolio-item elementor-post  post-4905 post type-post status-publish format-standard has-post-thumbnail hentry category-publications\">\n\t\t\t<a class=\"elementor-post__thumbnail__link\" href=\"https:\/\/www.projet-cecc.org\/?p=4905\">\n\t\t\t\t<div class=\"elementor-portfolio-item__img elementor-post__thumbnail\">\n\t\t\t<img loading=\"lazy\" decoding=\"async\" width=\"300\" height=\"259\" src=\"https:\/\/www.projet-cecc.org\/wp-content\/uploads\/tramblay-300x259.jpg\" class=\"attachment-medium size-medium wp-image-4906\" alt=\"\" srcset=\"https:\/\/www.projet-cecc.org\/wp-content\/uploads\/tramblay-300x259.jpg 300w, https:\/\/www.projet-cecc.org\/wp-content\/uploads\/tramblay-768x664.jpg 768w, https:\/\/www.projet-cecc.org\/wp-content\/uploads\/tramblay.jpg 937w\" sizes=\"(max-width: 300px) 100vw, 300px\" \/>\t\t<\/div>\n\t\t\t\t<div class=\"elementor-portfolio-item__overlay\">\n\t\t\t\t<h5 class=\"elementor-portfolio-item__title\">\n\t\tFlood Frequency Analysis in West Africa\t\t<\/h5>\n\t\t\t\t<\/div>\n\t\t\t\t<\/a>\n\t\t<\/article>\n\t\t\t\t<article class=\"elementor-portfolio-item elementor-post  post-4764 post type-post status-publish format-standard has-post-thumbnail hentry category-publications\">\n\t\t\t<a class=\"elementor-post__thumbnail__link\" href=\"https:\/\/www.projet-cecc.org\/?p=4764\">\n\t\t\t\t<div class=\"elementor-portfolio-item__img elementor-post__thumbnail\">\n\t\t\t<img loading=\"lazy\" decoding=\"async\" width=\"300\" height=\"173\" src=\"https:\/\/www.projet-cecc.org\/wp-content\/uploads\/Capture-decran-2024-11-27-163655-300x173.jpg\" class=\"attachment-medium size-medium wp-image-4765\" alt=\"\" srcset=\"https:\/\/www.projet-cecc.org\/wp-content\/uploads\/Capture-decran-2024-11-27-163655-300x173.jpg 300w, https:\/\/www.projet-cecc.org\/wp-content\/uploads\/Capture-decran-2024-11-27-163655-1024x590.jpg 1024w, https:\/\/www.projet-cecc.org\/wp-content\/uploads\/Capture-decran-2024-11-27-163655-768x443.jpg 768w, https:\/\/www.projet-cecc.org\/wp-content\/uploads\/Capture-decran-2024-11-27-163655-24x14.jpg 24w, https:\/\/www.projet-cecc.org\/wp-content\/uploads\/Capture-decran-2024-11-27-163655-36x21.jpg 36w, https:\/\/www.projet-cecc.org\/wp-content\/uploads\/Capture-decran-2024-11-27-163655-48x28.jpg 48w, https:\/\/www.projet-cecc.org\/wp-content\/uploads\/Capture-decran-2024-11-27-163655.jpg 1260w\" sizes=\"(max-width: 300px) 100vw, 300px\" \/>\t\t<\/div>\n\t\t\t\t<div class=\"elementor-portfolio-item__overlay\">\n\t\t\t\t<h5 class=\"elementor-portfolio-item__title\">\n\t\t[Article de Presse] \u00ab\u00a0Pour pr\u00e9dire la m\u00e9t\u00e9o au S\u00e9n\u00e9gal, la rencontre entre savoirs traditionnels et scientifiques\u00a0est-elle\u00a0possible\u00a0?\u00a0\u00bb dans The Conversation\t\t<\/h5>\n\t\t\t\t<\/div>\n\t\t\t\t<\/a>\n\t\t<\/article>\n\t\t\t\t<article class=\"elementor-portfolio-item elementor-post  post-4729 post type-post status-publish format-standard has-post-thumbnail hentry category-publications\">\n\t\t\t<a class=\"elementor-post__thumbnail__link\" href=\"https:\/\/www.projet-cecc.org\/?p=4729\">\n\t\t\t\t<div class=\"elementor-portfolio-item__img elementor-post__thumbnail\">\n\t\t\t<img loading=\"lazy\" decoding=\"async\" width=\"300\" height=\"195\" src=\"https:\/\/www.projet-cecc.org\/wp-content\/uploads\/Capture-decran-2024-09-16-154659-300x195.jpg\" class=\"attachment-medium size-medium wp-image-4730\" alt=\"\" srcset=\"https:\/\/www.projet-cecc.org\/wp-content\/uploads\/Capture-decran-2024-09-16-154659-300x195.jpg 300w, https:\/\/www.projet-cecc.org\/wp-content\/uploads\/Capture-decran-2024-09-16-154659-1024x664.jpg 1024w, https:\/\/www.projet-cecc.org\/wp-content\/uploads\/Capture-decran-2024-09-16-154659-768x498.jpg 768w, https:\/\/www.projet-cecc.org\/wp-content\/uploads\/Capture-decran-2024-09-16-154659-24x16.jpg 24w, https:\/\/www.projet-cecc.org\/wp-content\/uploads\/Capture-decran-2024-09-16-154659-36x23.jpg 36w, https:\/\/www.projet-cecc.org\/wp-content\/uploads\/Capture-decran-2024-09-16-154659-48x31.jpg 48w, https:\/\/www.projet-cecc.org\/wp-content\/uploads\/Capture-decran-2024-09-16-154659.jpg 1369w\" sizes=\"(max-width: 300px) 100vw, 300px\" \/>\t\t<\/div>\n\t\t\t\t<div class=\"elementor-portfolio-item__overlay\">\n\t\t\t\t<h5 class=\"elementor-portfolio-item__title\">\n\t\t[Article de Presse] \u00ab\u00a0\u00c0 Dakar, la croissance urbaine participe fortement \u00e0 intensifier les inondations\u00bb dans The Conversation\t\t<\/h5>\n\t\t\t\t<\/div>\n\t\t\t\t<\/a>\n\t\t<\/article>\n\t\t\t\t<article class=\"elementor-portfolio-item elementor-post  post-4698 post type-post status-publish format-standard has-post-thumbnail hentry category-publications\">\n\t\t\t<a class=\"elementor-post__thumbnail__link\" href=\"https:\/\/www.projet-cecc.org\/?p=4698\">\n\t\t\t\t<div class=\"elementor-portfolio-item__img elementor-post__thumbnail\">\n\t\t\t<img loading=\"lazy\" decoding=\"async\" width=\"300\" height=\"263\" src=\"https:\/\/www.projet-cecc.org\/wp-content\/uploads\/Capture-decran-2024-08-19-160313-300x263.jpg\" class=\"attachment-medium size-medium wp-image-4699\" alt=\"\" srcset=\"https:\/\/www.projet-cecc.org\/wp-content\/uploads\/Capture-decran-2024-08-19-160313-300x263.jpg 300w, https:\/\/www.projet-cecc.org\/wp-content\/uploads\/Capture-decran-2024-08-19-160313-768x672.jpg 768w, https:\/\/www.projet-cecc.org\/wp-content\/uploads\/Capture-decran-2024-08-19-160313-24x21.jpg 24w, https:\/\/www.projet-cecc.org\/wp-content\/uploads\/Capture-decran-2024-08-19-160313-36x32.jpg 36w, https:\/\/www.projet-cecc.org\/wp-content\/uploads\/Capture-decran-2024-08-19-160313-48x42.jpg 48w, https:\/\/www.projet-cecc.org\/wp-content\/uploads\/Capture-decran-2024-08-19-160313.jpg 770w\" sizes=\"(max-width: 300px) 100vw, 300px\" \/>\t\t<\/div>\n\t\t\t\t<div class=\"elementor-portfolio-item__overlay\">\n\t\t\t\t<h5 class=\"elementor-portfolio-item__title\">\n\t\tThe 2022-23 drought in the South American Altiplano: ENSO effects on moisture flux in the western Amazon during the pre-wet season\t\t<\/h5>\n\t\t\t\t<\/div>\n\t\t\t\t<\/a>\n\t\t<\/article>\n\t\t\t\t<article class=\"elementor-portfolio-item elementor-post  post-4681 post type-post status-publish format-standard has-post-thumbnail hentry category-publications\">\n\t\t\t<a class=\"elementor-post__thumbnail__link\" href=\"https:\/\/www.projet-cecc.org\/?p=4681\">\n\t\t\t\t<div class=\"elementor-portfolio-item__img elementor-post__thumbnail\">\n\t\t\t<img loading=\"lazy\" decoding=\"async\" width=\"300\" height=\"226\" src=\"https:\/\/www.projet-cecc.org\/wp-content\/uploads\/Capture-decran-2024-08-19-155336-300x226.jpg\" class=\"attachment-medium size-medium wp-image-4682\" alt=\"\" srcset=\"https:\/\/www.projet-cecc.org\/wp-content\/uploads\/Capture-decran-2024-08-19-155336-300x226.jpg 300w, https:\/\/www.projet-cecc.org\/wp-content\/uploads\/Capture-decran-2024-08-19-155336-768x579.jpg 768w, https:\/\/www.projet-cecc.org\/wp-content\/uploads\/Capture-decran-2024-08-19-155336-24x18.jpg 24w, https:\/\/www.projet-cecc.org\/wp-content\/uploads\/Capture-decran-2024-08-19-155336-36x27.jpg 36w, https:\/\/www.projet-cecc.org\/wp-content\/uploads\/Capture-decran-2024-08-19-155336-48x36.jpg 48w, https:\/\/www.projet-cecc.org\/wp-content\/uploads\/Capture-decran-2024-08-19-155336.jpg 789w\" sizes=\"(max-width: 300px) 100vw, 300px\" \/>\t\t<\/div>\n\t\t\t\t<div class=\"elementor-portfolio-item__overlay\">\n\t\t\t\t<h5 class=\"elementor-portfolio-item__title\">\n\t\tThe new record of drought and warmth in the Amazon in 2023 related to regional and global climatic features\t\t<\/h5>\n\t\t\t\t<\/div>\n\t\t\t\t<\/a>\n\t\t<\/article>\n\t\t\t\t<\/div>\n\t\t\t\t\t\t<\/div>\n\t\t\t\t<\/div>\n\t\t\t\t<div class=\"elementor-element elementor-element-8cabdf4 elementor-widget elementor-widget-spacer\" data-id=\"8cabdf4\" data-element_type=\"widget\" data-widget_type=\"spacer.default\">\n\t\t\t\t<div class=\"elementor-widget-container\">\n\t\t\t\t\t\t\t<div class=\"elementor-spacer\">\n\t\t\t<div class=\"elementor-spacer-inner\"><\/div>\n\t\t<\/div>\n\t\t\t\t\t\t<\/div>\n\t\t\t\t<\/div>\n\t\t\t\t<div class=\"elementor-element elementor-element-0e554a6 elementor-widget elementor-widget-heading\" data-id=\"0e554a6\" data-element_type=\"widget\" data-widget_type=\"heading.default\">\n\t\t\t\t<div class=\"elementor-widget-container\">\n\t\t\t\t\t<h2 class=\"elementor-heading-title elementor-size-default\">Publications en lien avec les th\u00e9matiques du projet  : <\/h2>\t\t\t\t<\/div>\n\t\t\t\t<\/div>\n\t\t\t\t\t<\/div>\n\t\t<\/div>\n\t\t\t\t\t<\/div>\n\t\t<\/section>\n\t\t\t\t<section class=\"elementor-section elementor-top-section elementor-element elementor-element-bdb398a elementor-section-boxed elementor-section-height-default elementor-section-height-default\" data-id=\"bdb398a\" data-element_type=\"section\">\n\t\t\t\t\t\t<div class=\"elementor-container elementor-column-gap-default\">\n\t\t\t\t\t<div class=\"elementor-column elementor-col-100 elementor-top-column elementor-element elementor-element-7515f3f\" data-id=\"7515f3f\" data-element_type=\"column\">\n\t\t\t<div class=\"elementor-widget-wrap elementor-element-populated\">\n\t\t\t\t\t\t<div class=\"elementor-element elementor-element-b1c8b2f elementor-widget elementor-widget-text-editor\" data-id=\"b1c8b2f\" data-element_type=\"widget\" data-widget_type=\"text-editor.default\">\n\t\t\t\t<div class=\"elementor-widget-container\">\n\t\t\t\t\t\t\t\t\t<ul><li>AvalloneEllis (2021)\u00a0<b><i>Soil<\/i><\/b><b><i> Saturation <\/i><\/b><b><i>Dictates<\/i><\/b> <b><i>Africa\u2019s<\/i><\/b><b><i> Flood <\/i><\/b><b><i>Severity<\/i><\/b>, EOS <a href=\"https:\/\/eos.org\/articles\/soil-saturation-dictates-africas-flood-severity\">https<\/a><a href=\"https:\/\/eos.org\/articles\/soil-saturation-dictates-africas-flood-severity\">:\/\/<\/a><a href=\"https:\/\/eos.org\/articles\/soil-saturation-dictates-africas-flood-severity\">eos.org\/articles\/soil-saturation-dictates-africas-flood-severity<\/a><\/li><li>ChagnaudGuillaume, Geremy Panthou, Theo Vischel, Thierry Lebel (2022)\u00a0<b><i>A <\/i><\/b><b><i>synthetic<\/i><\/b> <b><i>view<\/i><\/b><b><i> of <\/i><\/b><b><i>rainfall<\/i><\/b> <b><i>intensi\ufb01cation<\/i><\/b><b><i> in the West <\/i><\/b><b><i>African<\/i><\/b><b><i> Sahel,\u00a0<\/i><\/b>Environmental Research Letter,\u00a0<a href=\"https:\/\/doi.org\/10.1088\/1748-9326\/ac4a9c\">https:\/\/<\/a><a href=\"https:\/\/doi.org\/10.1088\/1748-9326\/ac4a9c\">doi.org\/10.1088\/1748-9326\/ac4a9<\/a><\/li><li>DIEME L., BOUVIER C., BODIAN A., SIDIBE A.\u00a0 (2022) <strong><i>Construction de la topologie de drainage \u00e0 fine r\u00e9solution spatiale en milieu urbain : exemple de l\u2019agglom\u00e9ration de Dakar (S\u00e9n\u00e9gal)<\/i><\/strong>, LHB, 108:1, <a href=\"https:\/\/doi.org\/10.1080\/27678490.2022.2061313\">https<\/a><a href=\"https:\/\/doi.org\/10.1080\/27678490.2022.2061313\">:\/\/<\/a><a href=\"https:\/\/doi.org\/10.1080\/27678490.2022.2061313\">doi.org\/10.1080\/27678490.2022.2061313<\/a><\/li><li>Giannini, A., Salack, S., Lodoun, T., Ali, A., Gaye, A. T., and Ndiaye, O. (2013) <b><i>A <\/i><\/b><b><i>unifying<\/i><\/b> <b><i>view<\/i><\/b><b><i> of <\/i><\/b><b><i>climate<\/i><\/b><b><i> change in the Sahel <\/i><\/b><b><i>linking<\/i><\/b><b><i> intra-<\/i><\/b><b><i>seasonal<\/i><\/b><b><i>, <\/i><\/b><b><i>interannual<\/i><\/b><b><i> and longer time <\/i><\/b><b><i>scales<\/i><\/b>. Environmental Research Letters,<a href=\"https:\/\/doi.org\/10.1088\/1748-9326\/8\/2\/024010\">https:\/\/<\/a><a href=\"https:\/\/doi.org\/10.1088\/1748-9326\/8\/2\/024010\">doi.org\/10.1088\/1748-9326\/8\/2\/024010<\/a><\/li><li>IPCC (2022)\u00a0\u00a0<b><i>Climate<\/i><\/b><b><i> Change 2022: Impacts, Adaptation, and <\/i><\/b><b><i>Vulnerability<\/i><\/b><b><i>. Contribution of <\/i><\/b><b><i>Working<\/i><\/b><b><i> Group II to the <\/i><\/b><b><i>Sixth<\/i><\/b> <b><i>Assessment<\/i><\/b><b><i> Report of the <\/i><\/b><b><i>Intergovernmental<\/i><\/b><b><i> Panel on <\/i><\/b><b><i>Climate<\/i><\/b><b><i> Change\u00a0<\/i><\/b>[H.-O. P\u00f6rtner, D.C. Roberts, M. Tignor, E.S. Poloczanska, K. Mintenbeck, A. Alegr\u00eda, M. Craig, S. Langsdorf, S. L\u00f6schke, V. M\u00f6ller, A. Okem, B. Rama (eds.)]. Cambridge University Press. In Press.\u00a0<a href=\"https:\/\/www.ipcc.ch\/report\/sixth-assessment-report-working-group-ii\/\">https:\/\/<\/a><a href=\"https:\/\/www.ipcc.ch\/report\/sixth-assessment-report-working-group-ii\/\">www.ipcc.ch\/report\/sixth-assessment-report-working-group-ii\/<\/a><\/li><li>POHL B., DOS SANTOS S., BAI G., COMPAORE Y., DIANOU K., DIALLO-DUDEK J., SOURA A., JANICOT S. (2021) <i><strong>Indoor temperature variability in the Sahel: a pilot study in Ouagadougou, Burkina Faso<\/strong>, Theoretical and Applied Climatology<\/i>,\u00a0<a href=\"https:\/\/doi.org\/10.1007\/s00704-021-03800-z\">https:\/\/<\/a><a href=\"https:\/\/doi.org\/10.1007\/s00704-021-03800-z\">doi.org\/10.1007\/s00704-021-03800-z<\/a><\/li><li>RameshwaranPonnambalam, Victoria A. Bell, Helen N. Davies\u00a0et al. (2021)<b><i>\u00a0How <\/i><\/b><b><i>might<\/i><\/b> <b><i>climate<\/i><\/b><b><i> change affect river <\/i><\/b><b><i>flows<\/i><\/b> <b><i>across<\/i><\/b><b><i> West <\/i><\/b><b><i>Africa<\/i><\/b><b><i>?<\/i><\/b>.\u00a0<i>Climatic<\/i><i> Change<\/i>\u00a0<b>169,\u00a0<\/b>21 .\u00a0<a href=\"https:\/\/doi.org\/10.1007\/s10584-021-03256-0\">https:\/\/<\/a><a href=\"https:\/\/doi.org\/10.1007\/s10584-021-03256-0\">doi.org\/10.1007\/s10584-021-03256-0<\/a><\/li><li>TramblayYves\u00a0, Gabriele Villarini and Wei Zhang (2020<b>)\u00a0<\/b><b><i>Observed<\/i><\/b><b><i> changes in flood <\/i><\/b><b><i>hazard<\/i><\/b><b><i> in <\/i><\/b><b><i>Africa<\/i><\/b>, Environmental Research Letters, Volume 15, Number 10<a href=\"https:\/\/iopscience.iop.org\/article\/10.1088\/1748-9326\/abb90b\">https:\/\/<\/a><a href=\"https:\/\/iopscience.iop.org\/article\/10.1088\/1748-9326\/abb90b\">iopscience.iop.org\/article\/10.1088\/1748-9326\/abb90<\/a><\/li><li>Tramblay, Y., Rouch\u00e9, N., Paturel, J.-E., Mah\u00e9, G., Boyer, J.-F., Amoussou, E., Bodian, A., Dacosta, H., Dakhlaoui, H., Dezetter, A., Hughes, D., Hanich, L., Peugeot, C., Tshimanga, R., and Lachassagne, P. (2021) <b><i>ADHI: the <\/i><\/b><b><i>African<\/i><\/b> <b><i>Database<\/i><\/b><b><i> of <\/i><\/b><b><i>Hydrometric<\/i><\/b><b><i> Indices (1950\u20132018)<\/i><\/b>, Earth Syst. Sci. Data, 13, 1547\u20131560, <a href=\"https:\/\/doi.org\/10.5194\/essd-13-1547-2021\">https:\/\/<\/a><a href=\"https:\/\/doi.org\/10.5194\/essd-13-1547-2021\">doi.org\/10.5194\/essd-13-1547-2021<\/a><\/li><li>Wilcox, C., Vischel, T., Panthou, G., Bodian, A., Blanchet, J., Descroix, L., Quantin, G., Cass\u00e9, C., Tanimoun, B., and Kone, S. (2018). <b><i>Trends <\/i><\/b><b><i>in <\/i><\/b><b><i>hydrological<\/i><\/b> <b><i>extremes<\/i><\/b><b><i> in the <\/i><\/b><b><i>Senegal<\/i><\/b><b><i> and Niger <\/i><\/b><b><i>Rivers<\/i><\/b>. Journal of Hydrology 566, 531-545,\u00a0<a href=\"https:\/\/doi.org\/\">https:\/\/<\/a><a href=\"https:\/\/doi.org\/\">doi.org\/<\/a><a href=\"https:\/\/dx.doi.org\/10.1016\/j.jhydrol.2018.07.063\">10.1016\/j.jhydrol.2018.07.063<\/a><\/li><li>Kouassi, K.JM., Lachassagne, P., Mangoua, O.M.J., Sombo, A.P., Dibi, B. <em><strong>Identifying the origin ofsprings in weathered-fractured crystalline aquifers using a hydrogeophysical approach.<\/strong><\/em> Sci Rep 14 ,12977 (2024). <a href=\"https:\/\/doi.org\/10.1038\/s41598-024-63748-8\">https:\/\/doi.org\/10.1038\/s41598-024-63748-8<\/a>\u00a0\u00a0<\/li><li>Lachassagne, P., Dewandel, B. &amp; Wyns, R. <strong><em>Review: Hydrogeology of weathered crystalline\/hard-rock aquifers\u2014guidelines for the operational survey and management of their groundwater resources.<\/em><\/strong> Hydrogeol J 29, 2561\u20132594 (2021). <a href=\"https:\/\/doi.org\/10.1007\/s10040-021-02339-7\">https:\/\/doi.org\/10.1007\/s10040-021-02339-7<\/a><\/li><\/ul>\t\t\t\t\t\t\t\t<\/div>\n\t\t\t\t<\/div>\n\t\t\t\t\t<\/div>\n\t\t<\/div>\n\t\t\t\t\t<\/div>\n\t\t<\/section>\n\t\t\t\t<\/div>\n\t\t","protected":false},"excerpt":{"rendered":"<p>Publications des \u00e9quipes du projet CECC : Publications en lien avec les th\u00e9matiques du projet : AvalloneEllis (2021)\u00a0Soil Saturation Dictates Africa\u2019s Flood Severity, EOS https:\/\/eos.org\/articles\/soil-saturation-dictates-africas-flood-severity ChagnaudGuillaume, Geremy Panthou, Theo Vischel,<\/p><\/div>\n<div class=\"blog-btn\"><a href=\"https:\/\/www.projet-cecc.org\/?p=4681\" class=\"home-blog-btn\">Lire la suite<\/a><\/p>\n","protected":false},"author":5,"featured_media":0,"parent":0,"menu_order":0,"comment_status":"closed","ping_status":"closed","template":"","meta":{"_monsterinsights_skip_tracking":false,"_monsterinsights_sitenote_active":false,"_monsterinsights_sitenote_note":"","_monsterinsights_sitenote_category":0,"_EventAllDay":false,"_EventTimezone":"","_EventStartDate":"","_EventEndDate":"","_EventStartDateUTC":"","_EventEndDateUTC":"","_EventShowMap":false,"_EventShowMapLink":false,"_EventURL":"","_EventCost":"","_EventCostDescription":"","_EventCurrencySymbol":"","_EventCurrencyPosition":"","_EventDateTimeSeparator":"","_EventTimeRangeSeparator":"","_EventOrganizerID":[],"_EventVenueID":0,"_OrganizerEmail":"","_OrganizerPhone":"","_OrganizerWebsite":"","_VenueAddress":"","_VenueCity":"","_VenueCountry":"","_VenueProvince":"","_VenueZip":"","_VenuePhone":"","_VenueURL":"","_VenueStateProvince":"","_VenueLat":"","_VenueLng":"","footnotes":""},"class_list":["post-4000","page","type-page","status-publish","hentry"],"_links":{"self":[{"href":"https:\/\/www.projet-cecc.org\/index.php?rest_route=\/wp\/v2\/pages\/4000","targetHints":{"allow":["GET"]}}],"collection":[{"href":"https:\/\/www.projet-cecc.org\/index.php?rest_route=\/wp\/v2\/pages"}],"about":[{"href":"https:\/\/www.projet-cecc.org\/index.php?rest_route=\/wp\/v2\/types\/page"}],"author":[{"embeddable":true,"href":"https:\/\/www.projet-cecc.org\/index.php?rest_route=\/wp\/v2\/users\/5"}],"replies":[{"embeddable":true,"href":"https:\/\/www.projet-cecc.org\/index.php?rest_route=%2Fwp%2Fv2%2Fcomments&post=4000"}],"version-history":[{"count":87,"href":"https:\/\/www.projet-cecc.org\/index.php?rest_route=\/wp\/v2\/pages\/4000\/revisions"}],"predecessor-version":[{"id":5347,"href":"https:\/\/www.projet-cecc.org\/index.php?rest_route=\/wp\/v2\/pages\/4000\/revisions\/5347"}],"wp:attachment":[{"href":"https:\/\/www.projet-cecc.org\/index.php?rest_route=%2Fwp%2Fv2%2Fmedia&parent=4000"}],"curies":[{"name":"wp","href":"https:\/\/api.w.org\/{rel}","templated":true}]}}