{"id":3400,"date":"2022-03-02T15:27:59","date_gmt":"2022-03-02T14:27:59","guid":{"rendered":"http:\/\/projet-cecc.org\/?page_id=3400"},"modified":"2025-04-14T14:34:06","modified_gmt":"2025-04-14T12:34:06","slug":"action-ciblee-dans-les-andes","status":"publish","type":"page","link":"https:\/\/www.projet-cecc.org\/?page_id=3400","title":{"rendered":"Action cibl\u00e9e dans les Andes"},"content":{"rendered":"\t\t<div data-elementor-type=\"wp-page\" data-elementor-id=\"3400\" class=\"elementor elementor-3400\" data-elementor-post-type=\"page\">\n\t\t\t\t\t\t<section class=\"elementor-section elementor-top-section elementor-element elementor-element-f0dc875 elementor-section-boxed elementor-section-height-default elementor-section-height-default\" data-id=\"f0dc875\" data-element_type=\"section\">\n\t\t\t\t\t\t<div class=\"elementor-container elementor-column-gap-default\">\n\t\t\t\t\t<div class=\"elementor-column elementor-col-100 elementor-top-column elementor-element elementor-element-25988e2\" data-id=\"25988e2\" data-element_type=\"column\">\n\t\t\t<div class=\"elementor-widget-wrap elementor-element-populated\">\n\t\t\t\t\t\t<div class=\"elementor-element elementor-element-ada4b7f elementor-widget elementor-widget-image\" data-id=\"ada4b7f\" data-element_type=\"widget\" data-widget_type=\"image.default\">\n\t\t\t\t<div class=\"elementor-widget-container\">\n\t\t\t\t\t\t\t\t\t\t\t\t\t\t\t<img fetchpriority=\"high\" decoding=\"async\" width=\"696\" height=\"463\" src=\"https:\/\/www.projet-cecc.org\/wp-content\/uploads\/IRD_040942_ORI-1024x681.jpg\" class=\"attachment-large size-large wp-image-3676\" alt=\"\" srcset=\"https:\/\/www.projet-cecc.org\/wp-content\/uploads\/IRD_040942_ORI-1024x681.jpg 1024w, https:\/\/www.projet-cecc.org\/wp-content\/uploads\/IRD_040942_ORI-300x199.jpg 300w, https:\/\/www.projet-cecc.org\/wp-content\/uploads\/IRD_040942_ORI-768x511.jpg 768w, https:\/\/www.projet-cecc.org\/wp-content\/uploads\/IRD_040942_ORI-1536x1021.jpg 1536w, https:\/\/www.projet-cecc.org\/wp-content\/uploads\/IRD_040942_ORI-2048x1362.jpg 2048w, https:\/\/www.projet-cecc.org\/wp-content\/uploads\/IRD_040942_ORI-24x16.jpg 24w, https:\/\/www.projet-cecc.org\/wp-content\/uploads\/IRD_040942_ORI-36x24.jpg 36w, https:\/\/www.projet-cecc.org\/wp-content\/uploads\/IRD_040942_ORI-48x32.jpg 48w\" sizes=\"(max-width: 696px) 100vw, 696px\" \/>\t\t\t\t\t\t\t\t\t\t\t\t\t\t\t<\/div>\n\t\t\t\t<\/div>\n\t\t\t\t<div class=\"elementor-element elementor-element-d67780e elementor-widget elementor-widget-spacer\" data-id=\"d67780e\" data-element_type=\"widget\" data-widget_type=\"spacer.default\">\n\t\t\t\t<div class=\"elementor-widget-container\">\n\t\t\t\t\t\t\t<div class=\"elementor-spacer\">\n\t\t\t<div class=\"elementor-spacer-inner\"><\/div>\n\t\t<\/div>\n\t\t\t\t\t\t<\/div>\n\t\t\t\t<\/div>\n\t\t\t\t<div class=\"elementor-element elementor-element-068c99b elementor-widget elementor-widget-heading\" data-id=\"068c99b\" data-element_type=\"widget\" data-widget_type=\"heading.default\">\n\t\t\t\t<div class=\"elementor-widget-container\">\n\t\t\t\t\t<h2 class=\"elementor-heading-title elementor-size-default\">Fonctionnement hydrologique du Lac Titicaca et Haut B\u00e9ni - Quantit\u00e9\/Ressources<\/h2>\t\t\t\t<\/div>\n\t\t\t\t<\/div>\n\t\t\t\t<div class=\"elementor-element elementor-element-8266b36 elementor-widget elementor-widget-text-editor\" data-id=\"8266b36\" data-element_type=\"widget\" data-widget_type=\"text-editor.default\">\n\t\t\t\t<div class=\"elementor-widget-container\">\n\t\t\t\t\t\t\t\t\t<p>L\u2019action \u00ab Fonctionnement hydrologique du Lac Titicaca et Haut B\u00e9ni \u00bb porte sur la <span style=\"color: #ff6600;\"><strong>simulation de la dynamique des niveaux d&rsquo;eau du syst\u00e8me fluvial du lac Titicaca dans des conditions climatiques et anthropog\u00e9niques changeantes.<\/strong><\/span><\/p><p>L\u2019ensemble des d\u00e9bits du Lac Titicaca ayant pr\u00e9c\u00e9demment \u00e9t\u00e9 simul\u00e9, en prenant en compte l\u2019\u00e9volution du land cover et en montrant l\u2019impact de l\u2019irrigation, il est pr\u00e9vu dans le cadre de CECC que ce travail soit poursuivi avec un focus sur la r\u00e9gionalisation des param\u00e8tres, mais aussi sur une meilleure compr\u00e9hension des zones hautes, notamment glaciaires, et le souterrain, pour lesquels les donn\u00e9es sont \u00e9parses, ainsi que l\u2019int\u00e9gration de la question de la sensibilit\u00e9 aux changements climatiques, non prise en compte dans l\u2019\u00e9tude initiale. Un lien pourra \u00eatre fait avec l\u2019action \u00ab Impacts des changements climatiques et changements de v\u00e9g\u00e9tation en Amazonie sur les pr\u00e9cipitations des Andes tropicales \u00bb et une connexion \u00e9tablie avec la partie Ouest-Africaine du projet en travaillant sur le d\u00e9veloppement de bases de donn\u00e9es, comme ce qui est r\u00e9alis\u00e9 dans le cadre de l\u2019action CMIP6 par exemple.<\/p><p><strong>Coordination\u00a0:<\/strong> Thomas CONDOM (Hydrologue, IGE)\u00a0 et Denis RUELLAND (Hydrologue, HSM)<\/p>\t\t\t\t\t\t\t\t<\/div>\n\t\t\t\t<\/div>\n\t\t\t\t<div class=\"elementor-element elementor-element-d0f4c7b elementor-widget elementor-widget-spacer\" data-id=\"d0f4c7b\" data-element_type=\"widget\" data-widget_type=\"spacer.default\">\n\t\t\t\t<div class=\"elementor-widget-container\">\n\t\t\t\t\t\t\t<div class=\"elementor-spacer\">\n\t\t\t<div class=\"elementor-spacer-inner\"><\/div>\n\t\t<\/div>\n\t\t\t\t\t\t<\/div>\n\t\t\t\t<\/div>\n\t\t\t\t<div class=\"elementor-element elementor-element-ab40f9a elementor-widget-divider--separator-type-pattern elementor-widget-divider--no-spacing elementor-widget-divider--view-line elementor-widget elementor-widget-divider\" data-id=\"ab40f9a\" data-element_type=\"widget\" data-widget_type=\"divider.default\">\n\t\t\t\t<div class=\"elementor-widget-container\">\n\t\t\t\t\t\t\t<div class=\"elementor-divider\" style=\"--divider-pattern-url: url(&quot;data:image\/svg+xml,%3Csvg xmlns=&#039;http:\/\/www.w3.org\/2000\/svg&#039; preserveAspectRatio=&#039;xMidYMid meet&#039; overflow=&#039;visible&#039; height=&#039;100%&#039; viewBox=&#039;0 0 126 26&#039; fill=&#039;black&#039; stroke=&#039;none&#039;%3E%3Cpath d=&#039;M46.8,7.8v11.5L36,18.6V7.8H46.8z M82.4,7.8L84,18.6l-12,0.7L70.4,7.8H82.4z M0,7.8l12,0.9v9.9H1.3L0,7.8z M30,7.8v10.8H19L18,7.8H30z M63.7,7.8L66,18.6H54V9.5L63.7,7.8z M89.8,7L102,7.8v10.8H91.2L89.8,7zM108,7.8l12,0.9v8.9l-12,1V7.8z&#039;\/%3E%3C\/svg%3E&quot;);\">\n\t\t\t<span class=\"elementor-divider-separator\">\n\t\t\t\t\t\t<\/span>\n\t\t<\/div>\n\t\t\t\t\t\t<\/div>\n\t\t\t\t<\/div>\n\t\t\t\t<div class=\"elementor-element elementor-element-86fea21 elementor-widget elementor-widget-text-editor\" data-id=\"86fea21\" data-element_type=\"widget\" data-widget_type=\"text-editor.default\">\n\t\t\t\t<div class=\"elementor-widget-container\">\n\t\t\t\t\t\t\t\t\t<h6><strong>Relations avec la pr\u00e9cipitation (pr\u00e9sent) &amp; Projections futures (changement climatique et des conditions de v\u00e9g\u00e9tation) \u2013 voir <a href=\"https:\/\/anr.fr\/ProjetIA-18-MPGA-0008\">Projet AMANECER<\/a><\/strong><\/h6><p><strong>Coordination\u00a0:<\/strong> Jhan-Carlo ESPINOZA (Hydroclimatologue, IGE)<\/p>\t\t\t\t\t\t\t\t<\/div>\n\t\t\t\t<\/div>\n\t\t\t\t\t<\/div>\n\t\t<\/div>\n\t\t\t\t\t<\/div>\n\t\t<\/section>\n\t\t\t\t<section class=\"elementor-section elementor-top-section elementor-element elementor-element-9c6d32b elementor-section-boxed elementor-section-height-default elementor-section-height-default\" data-id=\"9c6d32b\" data-element_type=\"section\">\n\t\t\t\t\t\t<div class=\"elementor-container elementor-column-gap-default\">\n\t\t\t\t\t<div class=\"elementor-column elementor-col-100 elementor-top-column elementor-element elementor-element-9f067d3\" data-id=\"9f067d3\" data-element_type=\"column\">\n\t\t\t<div class=\"elementor-widget-wrap elementor-element-populated\">\n\t\t\t\t\t\t<div class=\"elementor-element elementor-element-554de4a elementor-widget elementor-widget-spacer\" data-id=\"554de4a\" data-element_type=\"widget\" data-widget_type=\"spacer.default\">\n\t\t\t\t<div class=\"elementor-widget-container\">\n\t\t\t\t\t\t\t<div class=\"elementor-spacer\">\n\t\t\t<div class=\"elementor-spacer-inner\"><\/div>\n\t\t<\/div>\n\t\t\t\t\t\t<\/div>\n\t\t\t\t<\/div>\n\t\t\t\t<div class=\"elementor-element elementor-element-5835bf2 elementor-widget elementor-widget-spacer\" data-id=\"5835bf2\" data-element_type=\"widget\" data-widget_type=\"spacer.default\">\n\t\t\t\t<div class=\"elementor-widget-container\">\n\t\t\t\t\t\t\t<div class=\"elementor-spacer\">\n\t\t\t<div class=\"elementor-spacer-inner\"><\/div>\n\t\t<\/div>\n\t\t\t\t\t\t<\/div>\n\t\t\t\t<\/div>\n\t\t\t\t<div class=\"elementor-element elementor-element-3fee326 elementor-widget elementor-widget-heading\" data-id=\"3fee326\" data-element_type=\"widget\" data-widget_type=\"heading.default\">\n\t\t\t\t<div class=\"elementor-widget-container\">\n\t\t\t\t\t<h2 class=\"elementor-heading-title elementor-size-default\">Publications  :<\/h2>\t\t\t\t<\/div>\n\t\t\t\t<\/div>\n\t\t\t\t<div class=\"elementor-element elementor-element-099cbcd elementor-widget elementor-widget-spacer\" data-id=\"099cbcd\" data-element_type=\"widget\" data-widget_type=\"spacer.default\">\n\t\t\t\t<div class=\"elementor-widget-container\">\n\t\t\t\t\t\t\t<div class=\"elementor-spacer\">\n\t\t\t<div class=\"elementor-spacer-inner\"><\/div>\n\t\t<\/div>\n\t\t\t\t\t\t<\/div>\n\t\t\t\t<\/div>\n\t\t\t\t<div class=\"elementor-element elementor-element-f0d10f8 elementor-grid-2 elementor-grid-tablet-2 elementor-grid-mobile-1 elementor-widget elementor-widget-portfolio\" data-id=\"f0d10f8\" data-element_type=\"widget\" data-settings=\"{&quot;item_ratio&quot;:{&quot;unit&quot;:&quot;px&quot;,&quot;size&quot;:0.96,&quot;sizes&quot;:[]},&quot;row_gap&quot;:{&quot;unit&quot;:&quot;px&quot;,&quot;size&quot;:14,&quot;sizes&quot;:[]},&quot;columns&quot;:&quot;2&quot;,&quot;columns_tablet&quot;:&quot;2&quot;,&quot;columns_mobile&quot;:&quot;1&quot;,&quot;item_gap&quot;:{&quot;unit&quot;:&quot;px&quot;,&quot;size&quot;:&quot;&quot;,&quot;sizes&quot;:[]}}\" data-widget_type=\"portfolio.default\">\n\t\t\t\t<div class=\"elementor-widget-container\">\n\t\t\t\t\t\t\t<div class=\"elementor-portfolio elementor-grid elementor-posts-container\">\n\t\t\t\t<article class=\"elementor-portfolio-item elementor-post  post-5133 post type-post status-publish format-standard has-post-thumbnail hentry category-publications\">\n\t\t\t<a class=\"elementor-post__thumbnail__link\" href=\"https:\/\/www.projet-cecc.org\/?p=5133\">\n\t\t\t\t<div class=\"elementor-portfolio-item__img elementor-post__thumbnail\">\n\t\t\t<img decoding=\"async\" width=\"696\" height=\"347\" src=\"https:\/\/www.projet-cecc.org\/wp-content\/uploads\/caro-768x383.jpg\" class=\"attachment-medium_large size-medium_large wp-image-5134\" alt=\"\" srcset=\"https:\/\/www.projet-cecc.org\/wp-content\/uploads\/caro-768x383.jpg 768w, https:\/\/www.projet-cecc.org\/wp-content\/uploads\/caro-300x150.jpg 300w, https:\/\/www.projet-cecc.org\/wp-content\/uploads\/caro-1024x511.jpg 1024w, https:\/\/www.projet-cecc.org\/wp-content\/uploads\/caro-24x12.jpg 24w, https:\/\/www.projet-cecc.org\/wp-content\/uploads\/caro-36x18.jpg 36w, https:\/\/www.projet-cecc.org\/wp-content\/uploads\/caro-48x24.jpg 48w, https:\/\/www.projet-cecc.org\/wp-content\/uploads\/caro.jpg 1350w\" sizes=\"(max-width: 696px) 100vw, 696px\" \/>\t\t<\/div>\n\t\t\t\t<div class=\"elementor-portfolio-item__overlay\">\n\t\t\t\t<h5 class=\"elementor-portfolio-item__title\">\n\t\tFuture glacio-hydrological changes in the Andes: a focus on near-future projections up to 2050\t\t<\/h5>\n\t\t\t\t<\/div>\n\t\t\t\t<\/a>\n\t\t<\/article>\n\t\t\t\t<article class=\"elementor-portfolio-item elementor-post  post-4999 post type-post status-publish format-standard has-post-thumbnail hentry category-publications\">\n\t\t\t<a class=\"elementor-post__thumbnail__link\" href=\"https:\/\/www.projet-cecc.org\/?p=4999\">\n\t\t\t\t<div class=\"elementor-portfolio-item__img elementor-post__thumbnail\">\n\t\t\t<img decoding=\"async\" width=\"696\" height=\"400\" src=\"https:\/\/www.projet-cecc.org\/wp-content\/uploads\/quispe-768x441.jpg\" class=\"attachment-medium_large size-medium_large wp-image-5000\" alt=\"\" srcset=\"https:\/\/www.projet-cecc.org\/wp-content\/uploads\/quispe-768x441.jpg 768w, https:\/\/www.projet-cecc.org\/wp-content\/uploads\/quispe-300x172.jpg 300w, https:\/\/www.projet-cecc.org\/wp-content\/uploads\/quispe-1024x588.jpg 1024w, https:\/\/www.projet-cecc.org\/wp-content\/uploads\/quispe.jpg 1240w\" sizes=\"(max-width: 696px) 100vw, 696px\" \/>\t\t<\/div>\n\t\t\t\t<div class=\"elementor-portfolio-item__overlay\">\n\t\t\t\t<h5 class=\"elementor-portfolio-item__title\">\n\t\tModeling Lake Titicaca&rsquo;s water balance: the dominant roles of precipitation and evaporation\t\t<\/h5>\n\t\t\t\t<\/div>\n\t\t\t\t<\/a>\n\t\t<\/article>\n\t\t\t\t<\/div>\n\t\t\t\t\t\t<\/div>\n\t\t\t\t<\/div>\n\t\t\t\t\t<\/div>\n\t\t<\/div>\n\t\t\t\t\t<\/div>\n\t\t<\/section>\n\t\t\t\t<\/div>\n\t\t","protected":false},"excerpt":{"rendered":"<p>Fonctionnement hydrologique du Lac Titicaca et Haut B\u00e9ni &#8211; Quantit\u00e9\/Ressources L\u2019action \u00ab Fonctionnement hydrologique du Lac Titicaca et Haut B\u00e9ni \u00bb porte sur la simulation de la dynamique des niveaux<\/p><\/div>\n<div class=\"blog-btn\"><a href=\"https:\/\/www.projet-cecc.org\/?p=4999\" class=\"home-blog-btn\">Lire la suite<\/a><\/p>\n","protected":false},"author":5,"featured_media":0,"parent":0,"menu_order":0,"comment_status":"closed","ping_status":"closed","template":"","meta":{"_monsterinsights_skip_tracking":false,"_monsterinsights_sitenote_active":false,"_monsterinsights_sitenote_note":"","_monsterinsights_sitenote_category":0,"_EventAllDay":false,"_EventTimezone":"","_EventStartDate":"","_EventEndDate":"","_EventStartDateUTC":"","_EventEndDateUTC":"","_EventShowMap":false,"_EventShowMapLink":false,"_EventURL":"","_EventCost":"","_EventCostDescription":"","_EventCurrencySymbol":"","_EventCurrencyPosition":"","_EventDateTimeSeparator":"","_EventTimeRangeSeparator":"","_EventOrganizerID":[],"_EventVenueID":0,"_OrganizerEmail":"","_OrganizerPhone":"","_OrganizerWebsite":"","_VenueAddress":"","_VenueCity":"","_VenueCountry":"","_VenueProvince":"","_VenueZip":"","_VenuePhone":"","_VenueURL":"","_VenueStateProvince":"","_VenueLat":"","_VenueLng":"","footnotes":""},"class_list":["post-3400","page","type-page","status-publish","hentry"],"_links":{"self":[{"href":"https:\/\/www.projet-cecc.org\/index.php?rest_route=\/wp\/v2\/pages\/3400","targetHints":{"allow":["GET"]}}],"collection":[{"href":"https:\/\/www.projet-cecc.org\/index.php?rest_route=\/wp\/v2\/pages"}],"about":[{"href":"https:\/\/www.projet-cecc.org\/index.php?rest_route=\/wp\/v2\/types\/page"}],"author":[{"embeddable":true,"href":"https:\/\/www.projet-cecc.org\/index.php?rest_route=\/wp\/v2\/users\/5"}],"replies":[{"embeddable":true,"href":"https:\/\/www.projet-cecc.org\/index.php?rest_route=%2Fwp%2Fv2%2Fcomments&post=3400"}],"version-history":[{"count":22,"href":"https:\/\/www.projet-cecc.org\/index.php?rest_route=\/wp\/v2\/pages\/3400\/revisions"}],"predecessor-version":[{"id":5144,"href":"https:\/\/www.projet-cecc.org\/index.php?rest_route=\/wp\/v2\/pages\/3400\/revisions\/5144"}],"wp:attachment":[{"href":"https:\/\/www.projet-cecc.org\/index.php?rest_route=%2Fwp%2Fv2%2Fmedia&parent=3400"}],"curies":[{"name":"wp","href":"https:\/\/api.w.org\/{rel}","templated":true}]}}