{"id":3396,"date":"2022-03-02T15:27:58","date_gmt":"2022-03-02T14:27:58","guid":{"rendered":"http:\/\/projet-cecc.org\/?page_id=3396"},"modified":"2026-04-21T13:46:41","modified_gmt":"2026-04-21T11:46:41","slug":"informations-hydroclimatiques-regionales","status":"publish","type":"page","link":"https:\/\/www.projet-cecc.org\/?page_id=3396","title":{"rendered":"Informations hydroclimatiques r\u00e9gionales"},"content":{"rendered":"\t\t<div data-elementor-type=\"wp-page\" data-elementor-id=\"3396\" class=\"elementor elementor-3396\" data-elementor-post-type=\"page\">\n\t\t\t\t\t\t<section class=\"elementor-section elementor-top-section elementor-element elementor-element-b7bece2 elementor-section-boxed elementor-section-height-default elementor-section-height-default\" data-id=\"b7bece2\" data-element_type=\"section\">\n\t\t\t\t\t\t<div class=\"elementor-container elementor-column-gap-default\">\n\t\t\t\t\t<div class=\"elementor-column elementor-col-100 elementor-top-column elementor-element elementor-element-a4a561c\" data-id=\"a4a561c\" data-element_type=\"column\">\n\t\t\t<div class=\"elementor-widget-wrap elementor-element-populated\">\n\t\t\t\t\t\t<div class=\"elementor-element elementor-element-19a308d elementor-toc--minimized-on-tablet elementor-widget elementor-widget-table-of-contents\" data-id=\"19a308d\" data-element_type=\"widget\" data-settings=\"{&quot;exclude_headings_by_selector&quot;:[],&quot;marker_view&quot;:&quot;bullets&quot;,&quot;headings_by_tags&quot;:[&quot;h2&quot;],&quot;no_headings_message&quot;:&quot;Aucun titre n\\u2019a \\u00e9t\\u00e9 trouv\\u00e9 sur cette page.&quot;,&quot;icon&quot;:{&quot;value&quot;:&quot;fas fa-circle&quot;,&quot;library&quot;:&quot;fa-solid&quot;,&quot;rendered_tag&quot;:&quot;&lt;svg class=\\&quot;e-font-icon-svg e-fas-circle\\&quot; viewBox=\\&quot;0 0 512 512\\&quot; xmlns=\\&quot;http:\\\/\\\/www.w3.org\\\/2000\\\/svg\\&quot;&gt;&lt;path d=\\&quot;M256 8C119 8 8 119 8 256s111 248 248 248 248-111 248-248S393 8 256 8z\\&quot;&gt;&lt;\\\/path&gt;&lt;\\\/svg&gt;&quot;},&quot;minimize_box&quot;:&quot;yes&quot;,&quot;minimized_on&quot;:&quot;tablet&quot;,&quot;hierarchical_view&quot;:&quot;yes&quot;,&quot;min_height&quot;:{&quot;unit&quot;:&quot;px&quot;,&quot;size&quot;:&quot;&quot;,&quot;sizes&quot;:[]},&quot;min_height_tablet&quot;:{&quot;unit&quot;:&quot;px&quot;,&quot;size&quot;:&quot;&quot;,&quot;sizes&quot;:[]},&quot;min_height_mobile&quot;:{&quot;unit&quot;:&quot;px&quot;,&quot;size&quot;:&quot;&quot;,&quot;sizes&quot;:[]}}\" data-widget_type=\"table-of-contents.default\">\n\t\t\t\t<div class=\"elementor-widget-container\">\n\t\t\t\t\t\t\t<div class=\"elementor-toc__header\">\n\t\t\t<h4 class=\"elementor-toc__header-title\">\n\t\t\t\tActions\t\t\t<\/h4>\n\t\t\t\t\t\t\t<div class=\"elementor-toc__toggle-button elementor-toc__toggle-button--expand\" role=\"button\" tabindex=\"0\" aria-controls=\"elementor-toc__19a308d\" aria-expanded=\"true\" aria-label=\"Ouvrir la table des mati\u00e8res\"><svg aria-hidden=\"true\" class=\"e-font-icon-svg e-fas-chevron-down\" viewBox=\"0 0 448 512\" xmlns=\"http:\/\/www.w3.org\/2000\/svg\"><path d=\"M207.029 381.476L12.686 187.132c-9.373-9.373-9.373-24.569 0-33.941l22.667-22.667c9.357-9.357 24.522-9.375 33.901-.04L224 284.505l154.745-154.021c9.379-9.335 24.544-9.317 33.901.04l22.667 22.667c9.373 9.373 9.373 24.569 0 33.941L240.971 381.476c-9.373 9.372-24.569 9.372-33.942 0z\"><\/path><\/svg><\/div>\n\t\t\t\t<div class=\"elementor-toc__toggle-button elementor-toc__toggle-button--collapse\" role=\"button\" tabindex=\"0\" aria-controls=\"elementor-toc__19a308d\" aria-expanded=\"true\" aria-label=\"Fermer la table des mati\u00e8res\"><svg aria-hidden=\"true\" class=\"e-font-icon-svg e-fas-chevron-up\" viewBox=\"0 0 448 512\" xmlns=\"http:\/\/www.w3.org\/2000\/svg\"><path d=\"M240.971 130.524l194.343 194.343c9.373 9.373 9.373 24.569 0 33.941l-22.667 22.667c-9.357 9.357-24.522 9.375-33.901.04L224 227.495 69.255 381.516c-9.379 9.335-24.544 9.317-33.901-.04l-22.667-22.667c-9.373-9.373-9.373-24.569 0-33.941L207.03 130.525c9.372-9.373 24.568-9.373 33.941-.001z\"><\/path><\/svg><\/div>\n\t\t\t\t\t<\/div>\n\t\t<div id=\"elementor-toc__19a308d\" class=\"elementor-toc__body\">\n\t\t\t<div class=\"elementor-toc__spinner-container\">\n\t\t\t\t<svg class=\"elementor-toc__spinner eicon-animation-spin e-font-icon-svg e-eicon-loading\" aria-hidden=\"true\" viewBox=\"0 0 1000 1000\" xmlns=\"http:\/\/www.w3.org\/2000\/svg\"><path d=\"M500 975V858C696 858 858 696 858 500S696 142 500 142 142 304 142 500H25C25 237 238 25 500 25S975 237 975 500 763 975 500 975Z\"><\/path><\/svg>\t\t\t<\/div>\n\t\t<\/div>\n\t\t\t\t\t\t<\/div>\n\t\t\t\t<\/div>\n\t\t\t\t\t<\/div>\n\t\t<\/div>\n\t\t\t\t\t<\/div>\n\t\t<\/section>\n\t\t\t\t<section class=\"elementor-section elementor-top-section elementor-element elementor-element-9ef3c69 elementor-section-boxed elementor-section-height-default elementor-section-height-default\" data-id=\"9ef3c69\" data-element_type=\"section\">\n\t\t\t\t\t\t<div class=\"elementor-container elementor-column-gap-default\">\n\t\t\t\t\t<div class=\"elementor-column elementor-col-100 elementor-top-column elementor-element elementor-element-c53454e\" data-id=\"c53454e\" data-element_type=\"column\">\n\t\t\t<div class=\"elementor-widget-wrap elementor-element-populated\">\n\t\t\t\t\t\t<div class=\"elementor-element elementor-element-e939c37 elementor-widget elementor-widget-spacer\" data-id=\"e939c37\" data-element_type=\"widget\" data-widget_type=\"spacer.default\">\n\t\t\t\t<div class=\"elementor-widget-container\">\n\t\t\t\t\t\t\t<div class=\"elementor-spacer\">\n\t\t\t<div class=\"elementor-spacer-inner\"><\/div>\n\t\t<\/div>\n\t\t\t\t\t\t<\/div>\n\t\t\t\t<\/div>\n\t\t\t\t<div class=\"elementor-element elementor-element-1bb754c elementor-widget elementor-widget-image\" data-id=\"1bb754c\" data-element_type=\"widget\" data-widget_type=\"image.default\">\n\t\t\t\t<div class=\"elementor-widget-container\">\n\t\t\t\t\t\t\t\t\t\t\t\t\t\t\t<img fetchpriority=\"high\" decoding=\"async\" width=\"696\" height=\"466\" src=\"https:\/\/www.projet-cecc.org\/wp-content\/uploads\/IRD_033598_ORI-1024x685.jpg\" class=\"attachment-large size-large wp-image-4066\" alt=\"\" srcset=\"https:\/\/www.projet-cecc.org\/wp-content\/uploads\/IRD_033598_ORI-1024x685.jpg 1024w, https:\/\/www.projet-cecc.org\/wp-content\/uploads\/IRD_033598_ORI-300x201.jpg 300w, https:\/\/www.projet-cecc.org\/wp-content\/uploads\/IRD_033598_ORI-768x514.jpg 768w, https:\/\/www.projet-cecc.org\/wp-content\/uploads\/IRD_033598_ORI-1536x1027.jpg 1536w, https:\/\/www.projet-cecc.org\/wp-content\/uploads\/IRD_033598_ORI-2048x1370.jpg 2048w, https:\/\/www.projet-cecc.org\/wp-content\/uploads\/IRD_033598_ORI-24x16.jpg 24w, https:\/\/www.projet-cecc.org\/wp-content\/uploads\/IRD_033598_ORI-36x24.jpg 36w, https:\/\/www.projet-cecc.org\/wp-content\/uploads\/IRD_033598_ORI-48x32.jpg 48w\" sizes=\"(max-width: 696px) 100vw, 696px\" \/>\t\t\t\t\t\t\t\t\t\t\t\t\t\t\t<\/div>\n\t\t\t\t<\/div>\n\t\t\t\t<div class=\"elementor-element elementor-element-4f042d7 elementor-widget elementor-widget-spacer\" data-id=\"4f042d7\" data-element_type=\"widget\" data-widget_type=\"spacer.default\">\n\t\t\t\t<div class=\"elementor-widget-container\">\n\t\t\t\t\t\t\t<div class=\"elementor-spacer\">\n\t\t\t<div class=\"elementor-spacer-inner\"><\/div>\n\t\t<\/div>\n\t\t\t\t\t\t<\/div>\n\t\t\t\t<\/div>\n\t\t\t\t<div class=\"elementor-element elementor-element-70ee4a4 elementor-widget elementor-widget-heading\" data-id=\"70ee4a4\" data-element_type=\"widget\" data-widget_type=\"heading.default\">\n\t\t\t\t<div class=\"elementor-widget-container\">\n\t\t\t\t\t<h2 class=\"elementor-heading-title elementor-size-default\">Production de trajectoires hydro-climatiques sur l\u2019Afrique de l\u2019Ouest<\/h2>\t\t\t\t<\/div>\n\t\t\t\t<\/div>\n\t\t\t\t<div class=\"elementor-element elementor-element-bac41d0 elementor-widget elementor-widget-text-editor\" data-id=\"bac41d0\" data-element_type=\"widget\" data-widget_type=\"text-editor.default\">\n\t\t\t\t<div class=\"elementor-widget-container\">\n\t\t\t\t\t\t\t\t\t<p>\u00a0<\/p><p>Cette action s\u2019inscrit dans un contexte d\u2019\u00e9volutions climatiques non-stationnaires et un changement massif des surfaces, ayant entra\u00een\u00e9 des situations inattendues dans le pass\u00e9 (paradoxe sah\u00e9lien). Un besoin cl\u00e9 identifi\u00e9 dans ce contexte, et auquel veut r\u00e9pondre cette action, est de <strong><span style=\"color: #ff6600;\">baser la gestion int\u00e9gr\u00e9e des ressources en eau (GIRE) sur des prises en compte explicites des interactions surface \u2013 souterrain<\/span><\/strong> (ce qui est notamment un objectif prioritaire du Centre r\u00e9gional AGRHYMET au Niger). L\u2019objectif de l\u2019action est donc de <span style=\"color: #ff6600;\"><strong>quantifier les \u00e9volutions relatives des flux d\u2019eau et des r\u00e9serves de surface et souterraines, et de proposer des produits et donn\u00e9es r\u00e9gionales \u00e0 haute r\u00e9solution<\/strong><\/span> (30 minutes, 1 kilom\u00e8tre) de stocks (surface, sol, souterrain) et flux d\u2019eau (d\u00e9bits, recharge, \u00e9vapotranspiration) sous conditions actuelles et futures. Des cartes seront mises \u00e0 disposition des utilisateurs finaux.\u00a0<\/p><p>L\u2019outil utilis\u00e9 pour r\u00e9aliser ce travail est <strong><span style=\"color: #ff6600;\"><a style=\"color: #ff6600;\" href=\"https:\/\/parflow.org\/\">PARFLOW<\/a>,<\/span><\/strong> un mod\u00e8le qui propose une approche int\u00e9gr\u00e9e et non calibr\u00e9e, et qui s\u2019appuie sur diverses bases de donn\u00e9es globales disponibles (land cover, donn\u00e9es de sol, donn\u00e9es d\u2019aquif\u00e8re. Suite \u00e0 une premi\u00e8re ann\u00e9e de simulation, des premi\u00e8res comparaisons ont pu \u00eatre faites avec des observations, par exemple sur des donn\u00e9es spatiales (altim\u00e9trie), qui montrent, en zone sah\u00e9lienne, que le mod\u00e8le est capable de restituer des d\u00e9bits sur les Fleuves. A une \u00e9chelle plus fine, on peut aussi constater que les courbes sont coh\u00e9rentes.<\/p><p><strong>Coordination\u00a0: <\/strong>Jean-Martial COHARD (chercheur en physique de l\u2019atmosph\u00e8re et hydrologie, IGE)<\/p>\t\t\t\t\t\t\t\t<\/div>\n\t\t\t\t<\/div>\n\t\t\t\t\t<\/div>\n\t\t<\/div>\n\t\t\t\t\t<\/div>\n\t\t<\/section>\n\t\t\t\t<section class=\"elementor-section elementor-top-section elementor-element elementor-element-6df893c elementor-section-boxed elementor-section-height-default elementor-section-height-default\" data-id=\"6df893c\" data-element_type=\"section\">\n\t\t\t\t\t\t<div class=\"elementor-container elementor-column-gap-default\">\n\t\t\t\t\t<div class=\"elementor-column elementor-col-100 elementor-top-column elementor-element elementor-element-239dfea\" data-id=\"239dfea\" data-element_type=\"column\">\n\t\t\t<div class=\"elementor-widget-wrap elementor-element-populated\">\n\t\t\t\t\t\t<div class=\"elementor-element elementor-element-6636a79 elementor-widget elementor-widget-spacer\" data-id=\"6636a79\" data-element_type=\"widget\" data-widget_type=\"spacer.default\">\n\t\t\t\t<div class=\"elementor-widget-container\">\n\t\t\t\t\t\t\t<div class=\"elementor-spacer\">\n\t\t\t<div class=\"elementor-spacer-inner\"><\/div>\n\t\t<\/div>\n\t\t\t\t\t\t<\/div>\n\t\t\t\t<\/div>\n\t\t\t\t<div class=\"elementor-element elementor-element-fa0df72 elementor-widget-divider--separator-type-pattern elementor-widget-divider--no-spacing elementor-widget-divider--view-line elementor-widget elementor-widget-divider\" data-id=\"fa0df72\" data-element_type=\"widget\" data-widget_type=\"divider.default\">\n\t\t\t\t<div class=\"elementor-widget-container\">\n\t\t\t\t\t\t\t<div class=\"elementor-divider\" style=\"--divider-pattern-url: url(&quot;data:image\/svg+xml,%3Csvg xmlns=&#039;http:\/\/www.w3.org\/2000\/svg&#039; preserveAspectRatio=&#039;xMidYMid meet&#039; overflow=&#039;visible&#039; height=&#039;100%&#039; viewBox=&#039;0 0 126 26&#039; fill=&#039;black&#039; stroke=&#039;none&#039;%3E%3Cpath d=&#039;M46.8,7.8v11.5L36,18.6V7.8H46.8z M82.4,7.8L84,18.6l-12,0.7L70.4,7.8H82.4z M0,7.8l12,0.9v9.9H1.3L0,7.8z M30,7.8v10.8H19L18,7.8H30z M63.7,7.8L66,18.6H54V9.5L63.7,7.8z M89.8,7L102,7.8v10.8H91.2L89.8,7zM108,7.8l12,0.9v8.9l-12,1V7.8z&#039;\/%3E%3C\/svg%3E&quot;);\">\n\t\t\t<span class=\"elementor-divider-separator\">\n\t\t\t\t\t\t<\/span>\n\t\t<\/div>\n\t\t\t\t\t\t<\/div>\n\t\t\t\t<\/div>\n\t\t\t\t<div class=\"elementor-element elementor-element-7f14b3c elementor-widget elementor-widget-heading\" data-id=\"7f14b3c\" data-element_type=\"widget\" data-widget_type=\"heading.default\">\n\t\t\t\t<div class=\"elementor-widget-container\">\n\t\t\t\t\t<h2 class=\"elementor-heading-title elementor-size-default\">Production de courbes Intensit\u00e9-Dur\u00e9e-Fr\u00e9quence (IDF) non stationnaires en Afrique de l\u2019Ouest<\/h2>\t\t\t\t<\/div>\n\t\t\t\t<\/div>\n\t\t\t\t<div class=\"elementor-element elementor-element-dad4d4b elementor-widget elementor-widget-text-editor\" data-id=\"dad4d4b\" data-element_type=\"widget\" data-widget_type=\"text-editor.default\">\n\t\t\t\t<div class=\"elementor-widget-container\">\n\t\t\t\t\t\t\t\t\t<p>Dans le cadre de cette action, il est question de <span style=\"color: #ff6600;\"><strong>d\u00e9crire l\u2019\u00e9volution du r\u00e9gime de pluie \u00e0 diff\u00e9rents pas de temps au cours des d\u00e9cennies pass\u00e9es et leur \u00e9volution possible pour les d\u00e9cennies futures pour diff\u00e9rentes trajectoires climatiques<\/strong>.<\/span> Les courbes IDF sont des outils d\u2019aide \u00e0 l\u2019ing\u00e9nierie hydrologique permettant d\u2019estimer, pour diff\u00e9rentes dur\u00e9es et fr\u00e9quences de pluie, l\u2019intensit\u00e9 des pr\u00e9cipitations, ce qui est particuli\u00e8rement utile pour le dimensionnement d\u2019ouvrages hydrauliques, et pour d\u00e9terminer des pluies de projet qui viennent alimenter des mod\u00e8les pluies-d\u00e9bits. N\u00e9anmoins, ces courbes IDF, lorsqu\u2019elles existent en Afrique de l\u2019Ouest, sont limit\u00e9es aux capitales et sont souvent g\u00e9n\u00e9r\u00e9es avec des donn\u00e9es et\/ou des m\u00e9thodes obsol\u00e8tes.<\/p><p>Le travail autour des courbes IDF a d\u00e9j\u00e0 \u00e9t\u00e9 entam\u00e9 dans le cadre du projet <a href=\"http:\/\/www.amma-catch.org\/\">AmmaCatch<\/a>, et des partenariats ont \u00e9t\u00e9 institu\u00e9s avec plusieurs organismes en Afrique de l\u2019Ouest. Dans le cadre du projet CECC, le but de l\u2019action est notamment de pouvoir <span style=\"color: #ff6600;\"><strong>alimenter l\u2019action \u00ab\u00a0Inondations urbaines \u00e0 Dakar\u00a0\u00bb de l\u2019Axe n\u00b02 au S\u00e9n\u00e9gal<\/strong>.<\/span> Les donn\u00e9es seront mises \u00e0 disposition sur le portail informatique avec une documentation permettant de les utiliser de mani\u00e8re pertinente, notamment \u00e0 destination d\u2019organismes comme l\u2019ANACIM ou de bureaux d\u2019\u00e9tudes en charge du dimensionnement d\u2019ouvrages hydrauliques.<\/p><p><strong>Coordination\u00a0:<\/strong> Th\u00e9o VISCHEL (Hydrologue, IGE) et G\u00e9r\u00e9my PANTHOU (Physicien adjoint, IGE)<\/p>\t\t\t\t\t\t\t\t<\/div>\n\t\t\t\t<\/div>\n\t\t\t\t\t<\/div>\n\t\t<\/div>\n\t\t\t\t\t<\/div>\n\t\t<\/section>\n\t\t\t\t<section class=\"elementor-section elementor-top-section elementor-element elementor-element-acfbe65 elementor-section-boxed elementor-section-height-default elementor-section-height-default\" data-id=\"acfbe65\" data-element_type=\"section\">\n\t\t\t\t\t\t<div class=\"elementor-container elementor-column-gap-default\">\n\t\t\t\t\t<div class=\"elementor-column elementor-col-100 elementor-top-column elementor-element elementor-element-61b61b6\" data-id=\"61b61b6\" data-element_type=\"column\">\n\t\t\t<div class=\"elementor-widget-wrap elementor-element-populated\">\n\t\t\t\t\t\t<div class=\"elementor-element elementor-element-68272f4 elementor-widget elementor-widget-spacer\" data-id=\"68272f4\" data-element_type=\"widget\" data-widget_type=\"spacer.default\">\n\t\t\t\t<div class=\"elementor-widget-container\">\n\t\t\t\t\t\t\t<div class=\"elementor-spacer\">\n\t\t\t<div class=\"elementor-spacer-inner\"><\/div>\n\t\t<\/div>\n\t\t\t\t\t\t<\/div>\n\t\t\t\t<\/div>\n\t\t\t\t<div class=\"elementor-element elementor-element-59f7dea elementor-widget elementor-widget-spacer\" data-id=\"59f7dea\" data-element_type=\"widget\" data-widget_type=\"spacer.default\">\n\t\t\t\t<div class=\"elementor-widget-container\">\n\t\t\t\t\t\t\t<div class=\"elementor-spacer\">\n\t\t\t<div class=\"elementor-spacer-inner\"><\/div>\n\t\t<\/div>\n\t\t\t\t\t\t<\/div>\n\t\t\t\t<\/div>\n\t\t\t\t<div class=\"elementor-element elementor-element-9eb00d5 elementor-widget elementor-widget-heading\" data-id=\"9eb00d5\" data-element_type=\"widget\" data-widget_type=\"heading.default\">\n\t\t\t\t<div class=\"elementor-widget-container\">\n\t\t\t\t\t<h3 class=\"elementor-heading-title elementor-size-default\">Publications  :<\/h3>\t\t\t\t<\/div>\n\t\t\t\t<\/div>\n\t\t\t\t<div class=\"elementor-element elementor-element-6b8a255 elementor-widget elementor-widget-spacer\" data-id=\"6b8a255\" data-element_type=\"widget\" data-widget_type=\"spacer.default\">\n\t\t\t\t<div class=\"elementor-widget-container\">\n\t\t\t\t\t\t\t<div class=\"elementor-spacer\">\n\t\t\t<div class=\"elementor-spacer-inner\"><\/div>\n\t\t<\/div>\n\t\t\t\t\t\t<\/div>\n\t\t\t\t<\/div>\n\t\t\t\t<div class=\"elementor-element elementor-element-4657876 elementor-grid-2 elementor-grid-tablet-2 elementor-grid-mobile-1 elementor-widget elementor-widget-portfolio\" data-id=\"4657876\" data-element_type=\"widget\" data-settings=\"{&quot;item_ratio&quot;:{&quot;unit&quot;:&quot;px&quot;,&quot;size&quot;:0.96,&quot;sizes&quot;:[]},&quot;row_gap&quot;:{&quot;unit&quot;:&quot;px&quot;,&quot;size&quot;:14,&quot;sizes&quot;:[]},&quot;columns&quot;:&quot;2&quot;,&quot;columns_tablet&quot;:&quot;2&quot;,&quot;columns_mobile&quot;:&quot;1&quot;,&quot;item_gap&quot;:{&quot;unit&quot;:&quot;px&quot;,&quot;size&quot;:&quot;&quot;,&quot;sizes&quot;:[]}}\" data-widget_type=\"portfolio.default\">\n\t\t\t\t<div class=\"elementor-widget-container\">\n\t\t\t\t\t\t\t<div class=\"elementor-portfolio elementor-grid elementor-posts-container\">\n\t\t\t\t<article class=\"elementor-portfolio-item elementor-post  post-4956 post type-post status-publish format-standard has-post-thumbnail hentry category-publications\">\n\t\t\t<a class=\"elementor-post__thumbnail__link\" href=\"https:\/\/www.projet-cecc.org\/?p=4956\">\n\t\t\t\t<div class=\"elementor-portfolio-item__img elementor-post__thumbnail\">\n\t\t\t<img decoding=\"async\" width=\"696\" height=\"694\" src=\"https:\/\/www.projet-cecc.org\/wp-content\/uploads\/CHAGNAUD-768x766.jpg\" class=\"attachment-medium_large size-medium_large wp-image-4935\" alt=\"\" srcset=\"https:\/\/www.projet-cecc.org\/wp-content\/uploads\/CHAGNAUD-768x766.jpg 768w, https:\/\/www.projet-cecc.org\/wp-content\/uploads\/CHAGNAUD-300x300.jpg 300w, https:\/\/www.projet-cecc.org\/wp-content\/uploads\/CHAGNAUD.jpg 859w\" sizes=\"(max-width: 696px) 100vw, 696px\" \/>\t\t<\/div>\n\t\t\t\t<div class=\"elementor-portfolio-item__overlay\">\n\t\t\t\t<h5 class=\"elementor-portfolio-item__title\">\n\t\tHow fast is the frequency of precipitation extremes doubling in global land regions?\t\t<\/h5>\n\t\t\t\t<\/div>\n\t\t\t\t<\/a>\n\t\t<\/article>\n\t\t\t\t<article class=\"elementor-portfolio-item elementor-post  post-4429 post type-post status-publish format-standard has-post-thumbnail hentry category-publications\">\n\t\t\t<a class=\"elementor-post__thumbnail__link\" href=\"https:\/\/www.projet-cecc.org\/?p=4429\">\n\t\t\t\t<div class=\"elementor-portfolio-item__img elementor-post__thumbnail\">\n\t\t\t<img decoding=\"async\" width=\"696\" height=\"518\" src=\"https:\/\/www.projet-cecc.org\/wp-content\/uploads\/article-2-768x572.jpg\" class=\"attachment-medium_large size-medium_large wp-image-4430\" alt=\"\" srcset=\"https:\/\/www.projet-cecc.org\/wp-content\/uploads\/article-2-768x572.jpg 768w, https:\/\/www.projet-cecc.org\/wp-content\/uploads\/article-2-300x223.jpg 300w, https:\/\/www.projet-cecc.org\/wp-content\/uploads\/article-2-1024x762.jpg 1024w, https:\/\/www.projet-cecc.org\/wp-content\/uploads\/article-2-24x18.jpg 24w, https:\/\/www.projet-cecc.org\/wp-content\/uploads\/article-2-36x27.jpg 36w, https:\/\/www.projet-cecc.org\/wp-content\/uploads\/article-2-48x36.jpg 48w, https:\/\/www.projet-cecc.org\/wp-content\/uploads\/article-2.jpg 1065w\" sizes=\"(max-width: 696px) 100vw, 696px\" \/>\t\t<\/div>\n\t\t\t\t<div class=\"elementor-portfolio-item__overlay\">\n\t\t\t\t<h5 class=\"elementor-portfolio-item__title\">\n\t\tCapturing and Attributing the Rainfall Regime Intensification in the West African Sahel with CMIP6 Models\t\t<\/h5>\n\t\t\t\t<\/div>\n\t\t\t\t<\/a>\n\t\t<\/article>\n\t\t\t\t<article class=\"elementor-portfolio-item elementor-post  post-4356 post type-post status-publish format-standard has-post-thumbnail hentry category-publications\">\n\t\t\t<a class=\"elementor-post__thumbnail__link\" href=\"https:\/\/www.projet-cecc.org\/?p=4356\">\n\t\t\t\t<div class=\"elementor-portfolio-item__img elementor-post__thumbnail\">\n\t\t\t<img loading=\"lazy\" decoding=\"async\" width=\"647\" height=\"431\" src=\"https:\/\/www.projet-cecc.org\/wp-content\/uploads\/IDF-CHAGNAUD.jpg\" class=\"attachment-medium_large size-medium_large wp-image-4357\" alt=\"\" srcset=\"https:\/\/www.projet-cecc.org\/wp-content\/uploads\/IDF-CHAGNAUD.jpg 647w, https:\/\/www.projet-cecc.org\/wp-content\/uploads\/IDF-CHAGNAUD-300x200.jpg 300w, https:\/\/www.projet-cecc.org\/wp-content\/uploads\/IDF-CHAGNAUD-24x16.jpg 24w, https:\/\/www.projet-cecc.org\/wp-content\/uploads\/IDF-CHAGNAUD-36x24.jpg 36w, https:\/\/www.projet-cecc.org\/wp-content\/uploads\/IDF-CHAGNAUD-48x32.jpg 48w\" sizes=\"(max-width: 647px) 100vw, 647px\" \/>\t\t<\/div>\n\t\t\t\t<div class=\"elementor-portfolio-item__overlay\">\n\t\t\t\t<h5 class=\"elementor-portfolio-item__title\">\n\t\tR\u00e9viser les courbes intensit\u00e9-dur\u00e9e-fr\u00e9quence dans un contexte de nouvelle donne hydro-climatique : de la d\u00e9tection de tendances \u00e0 l\u2019application op\u00e9rationnelle\t\t<\/h5>\n\t\t\t\t<\/div>\n\t\t\t\t<\/a>\n\t\t<\/article>\n\t\t\t\t<\/div>\n\t\t\t\t\t\t<\/div>\n\t\t\t\t<\/div>\n\t\t\t\t\t<\/div>\n\t\t<\/div>\n\t\t\t\t\t<\/div>\n\t\t<\/section>\n\t\t\t\t<section class=\"elementor-section elementor-top-section elementor-element elementor-element-6eac141 elementor-section-boxed elementor-section-height-default elementor-section-height-default\" data-id=\"6eac141\" data-element_type=\"section\">\n\t\t\t\t\t\t<div class=\"elementor-container elementor-column-gap-default\">\n\t\t\t\t\t<div class=\"elementor-column elementor-col-100 elementor-top-column elementor-element elementor-element-0e269a9\" data-id=\"0e269a9\" data-element_type=\"column\">\n\t\t\t<div class=\"elementor-widget-wrap elementor-element-populated\">\n\t\t\t\t\t\t<div class=\"elementor-element elementor-element-b662ffa elementor-widget elementor-widget-spacer\" data-id=\"b662ffa\" data-element_type=\"widget\" data-widget_type=\"spacer.default\">\n\t\t\t\t<div class=\"elementor-widget-container\">\n\t\t\t\t\t\t\t<div class=\"elementor-spacer\">\n\t\t\t<div class=\"elementor-spacer-inner\"><\/div>\n\t\t<\/div>\n\t\t\t\t\t\t<\/div>\n\t\t\t\t<\/div>\n\t\t\t\t<div class=\"elementor-element elementor-element-b15b49c elementor-widget-divider--separator-type-pattern elementor-widget-divider--no-spacing elementor-widget-divider--view-line elementor-widget elementor-widget-divider\" data-id=\"b15b49c\" data-element_type=\"widget\" data-widget_type=\"divider.default\">\n\t\t\t\t<div class=\"elementor-widget-container\">\n\t\t\t\t\t\t\t<div class=\"elementor-divider\" style=\"--divider-pattern-url: url(&quot;data:image\/svg+xml,%3Csvg xmlns=&#039;http:\/\/www.w3.org\/2000\/svg&#039; preserveAspectRatio=&#039;xMidYMid meet&#039; overflow=&#039;visible&#039; height=&#039;100%&#039; viewBox=&#039;0 0 126 26&#039; fill=&#039;black&#039; stroke=&#039;none&#039;%3E%3Cpath d=&#039;M46.8,7.8v11.5L36,18.6V7.8H46.8z M82.4,7.8L84,18.6l-12,0.7L70.4,7.8H82.4z M0,7.8l12,0.9v9.9H1.3L0,7.8z M30,7.8v10.8H19L18,7.8H30z M63.7,7.8L66,18.6H54V9.5L63.7,7.8z M89.8,7L102,7.8v10.8H91.2L89.8,7zM108,7.8l12,0.9v8.9l-12,1V7.8z&#039;\/%3E%3C\/svg%3E&quot;);\">\n\t\t\t<span class=\"elementor-divider-separator\">\n\t\t\t\t\t\t<\/span>\n\t\t<\/div>\n\t\t\t\t\t\t<\/div>\n\t\t\t\t<\/div>\n\t\t\t\t<div class=\"elementor-element elementor-element-c35f3e6 elementor-widget elementor-widget-heading\" data-id=\"c35f3e6\" data-element_type=\"widget\" data-widget_type=\"heading.default\">\n\t\t\t\t<div class=\"elementor-widget-container\">\n\t\t\t\t\t<h2 class=\"elementor-heading-title elementor-size-default\">Impacts des changements climatiques et des changements de v\u00e9g\u00e9tation en Amazonie sur les pr\u00e9cipitations des Andes tropicales<\/h2>\t\t\t\t<\/div>\n\t\t\t\t<\/div>\n\t\t\t\t<div class=\"elementor-element elementor-element-325d8a8 elementor-widget elementor-widget-text-editor\" data-id=\"325d8a8\" data-element_type=\"widget\" data-widget_type=\"text-editor.default\">\n\t\t\t\t<div class=\"elementor-widget-container\">\n\t\t\t\t\t\t\t\t\t<p>Dans le cadre de cette action, portant sur les simulations climatiques r\u00e9gionales d\u00e9velopp\u00e9es sur l\u2019Am\u00e9rique du Sud, l\u2019\u00e9quipe CECC travaille sur deux types de domaines : CORDEX d\u2019une part (\u00e0 l\u2019\u00e9chelle du continent entier, avec 30 ans de simulations pr\u00e9sentes et futures, \u00e0 20 kilom\u00e8tres de r\u00e9solution) et le sous-domaine des Andes tropicales (avec 10 ans de simulations, 4 kilom\u00e8tres de r\u00e9solution) d\u2019autre part.<\/p><p>L&rsquo;\u00e9quipe travaillera sur <strong><span style=\"color: #ff6600;\">l\u2019identification de mod\u00e8les, d\u2019un GCM \u00e0 partir de types de temps dans les tropiques<\/span><\/strong>. Les simulations sont effectu\u00e9es avec un projet d\u2019allocation de ressources informatiques DARI (IDRIS), en collaboration avec l\u2019UMI IFAECI et l\u2019IPSL.<\/p><p><strong>Coordination\u00a0:<\/strong> Cl\u00e9mentine JUNQUAS (charg\u00e9e de recherches, IGE)<\/p>\t\t\t\t\t\t\t\t<\/div>\n\t\t\t\t<\/div>\n\t\t\t\t\t<\/div>\n\t\t<\/div>\n\t\t\t\t\t<\/div>\n\t\t<\/section>\n\t\t\t\t<section class=\"elementor-section elementor-top-section elementor-element elementor-element-508a85e elementor-section-boxed elementor-section-height-default elementor-section-height-default\" data-id=\"508a85e\" data-element_type=\"section\">\n\t\t\t\t\t\t<div class=\"elementor-container elementor-column-gap-default\">\n\t\t\t\t\t<div class=\"elementor-column elementor-col-100 elementor-top-column elementor-element elementor-element-83e62fd\" data-id=\"83e62fd\" data-element_type=\"column\">\n\t\t\t<div class=\"elementor-widget-wrap elementor-element-populated\">\n\t\t\t\t\t\t<div class=\"elementor-element elementor-element-6c44517 elementor-widget elementor-widget-spacer\" data-id=\"6c44517\" data-element_type=\"widget\" data-widget_type=\"spacer.default\">\n\t\t\t\t<div class=\"elementor-widget-container\">\n\t\t\t\t\t\t\t<div class=\"elementor-spacer\">\n\t\t\t<div class=\"elementor-spacer-inner\"><\/div>\n\t\t<\/div>\n\t\t\t\t\t\t<\/div>\n\t\t\t\t<\/div>\n\t\t\t\t<div class=\"elementor-element elementor-element-4a001f4 elementor-widget elementor-widget-spacer\" data-id=\"4a001f4\" data-element_type=\"widget\" data-widget_type=\"spacer.default\">\n\t\t\t\t<div class=\"elementor-widget-container\">\n\t\t\t\t\t\t\t<div class=\"elementor-spacer\">\n\t\t\t<div class=\"elementor-spacer-inner\"><\/div>\n\t\t<\/div>\n\t\t\t\t\t\t<\/div>\n\t\t\t\t<\/div>\n\t\t\t\t<div class=\"elementor-element elementor-element-9b989b7 elementor-widget elementor-widget-heading\" data-id=\"9b989b7\" data-element_type=\"widget\" data-widget_type=\"heading.default\">\n\t\t\t\t<div class=\"elementor-widget-container\">\n\t\t\t\t\t<h3 class=\"elementor-heading-title elementor-size-default\">Publications  :<\/h3>\t\t\t\t<\/div>\n\t\t\t\t<\/div>\n\t\t\t\t<div class=\"elementor-element elementor-element-6bf5d97 elementor-widget elementor-widget-spacer\" data-id=\"6bf5d97\" data-element_type=\"widget\" data-widget_type=\"spacer.default\">\n\t\t\t\t<div class=\"elementor-widget-container\">\n\t\t\t\t\t\t\t<div class=\"elementor-spacer\">\n\t\t\t<div class=\"elementor-spacer-inner\"><\/div>\n\t\t<\/div>\n\t\t\t\t\t\t<\/div>\n\t\t\t\t<\/div>\n\t\t\t\t<div class=\"elementor-element elementor-element-fe8bba1 elementor-grid-2 elementor-grid-tablet-2 elementor-grid-mobile-1 elementor-widget elementor-widget-portfolio\" data-id=\"fe8bba1\" data-element_type=\"widget\" data-settings=\"{&quot;item_ratio&quot;:{&quot;unit&quot;:&quot;px&quot;,&quot;size&quot;:0.96,&quot;sizes&quot;:[]},&quot;row_gap&quot;:{&quot;unit&quot;:&quot;px&quot;,&quot;size&quot;:14,&quot;sizes&quot;:[]},&quot;columns&quot;:&quot;2&quot;,&quot;columns_tablet&quot;:&quot;2&quot;,&quot;columns_mobile&quot;:&quot;1&quot;,&quot;item_gap&quot;:{&quot;unit&quot;:&quot;px&quot;,&quot;size&quot;:&quot;&quot;,&quot;sizes&quot;:[]}}\" data-widget_type=\"portfolio.default\">\n\t\t\t\t<div class=\"elementor-widget-container\">\n\t\t\t\t\t\t\t<div class=\"elementor-portfolio elementor-grid elementor-posts-container\">\n\t\t\t\t<article class=\"elementor-portfolio-item elementor-post  post-5103 post type-post status-publish format-standard has-post-thumbnail hentry category-publications\">\n\t\t\t<a class=\"elementor-post__thumbnail__link\" href=\"https:\/\/www.projet-cecc.org\/?p=5103\">\n\t\t\t\t<div class=\"elementor-portfolio-item__img elementor-post__thumbnail\">\n\t\t\t<img loading=\"lazy\" decoding=\"async\" width=\"696\" height=\"343\" src=\"https:\/\/www.projet-cecc.org\/wp-content\/uploads\/these-jhoana-768x378.jpg\" class=\"attachment-medium_large size-medium_large wp-image-5043\" alt=\"\" srcset=\"https:\/\/www.projet-cecc.org\/wp-content\/uploads\/these-jhoana-768x378.jpg 768w, https:\/\/www.projet-cecc.org\/wp-content\/uploads\/these-jhoana-300x148.jpg 300w, https:\/\/www.projet-cecc.org\/wp-content\/uploads\/these-jhoana-1024x505.jpg 1024w, https:\/\/www.projet-cecc.org\/wp-content\/uploads\/these-jhoana-1536x757.jpg 1536w, https:\/\/www.projet-cecc.org\/wp-content\/uploads\/these-jhoana-24x12.jpg 24w, https:\/\/www.projet-cecc.org\/wp-content\/uploads\/these-jhoana-36x18.jpg 36w, https:\/\/www.projet-cecc.org\/wp-content\/uploads\/these-jhoana-48x24.jpg 48w, https:\/\/www.projet-cecc.org\/wp-content\/uploads\/these-jhoana.jpg 1654w\" sizes=\"(max-width: 696px) 100vw, 696px\" \/>\t\t<\/div>\n\t\t\t\t<div class=\"elementor-portfolio-item__overlay\">\n\t\t\t\t<h5 class=\"elementor-portfolio-item__title\">\n\t\t[Th\u00e8se] Changements de la circulation atmosph\u00e9rique associ\u00e9s aux pr\u00e9cipitations dans les Andes tropicales selon des sc\u00e9narios d&rsquo;utilisation des terres et de changement climatique\t\t<\/h5>\n\t\t\t\t<\/div>\n\t\t\t\t<\/a>\n\t\t<\/article>\n\t\t\t\t<article class=\"elementor-portfolio-item elementor-post  post-5089 post type-post status-publish format-standard has-post-thumbnail hentry category-publications\">\n\t\t\t<a class=\"elementor-post__thumbnail__link\" href=\"https:\/\/www.projet-cecc.org\/?p=5089\">\n\t\t\t\t<div class=\"elementor-portfolio-item__img elementor-post__thumbnail\">\n\t\t\t<img loading=\"lazy\" decoding=\"async\" width=\"696\" height=\"502\" src=\"https:\/\/www.projet-cecc.org\/wp-content\/uploads\/Future.jpg\" class=\"attachment-medium_large size-medium_large wp-image-5041\" alt=\"\" srcset=\"https:\/\/www.projet-cecc.org\/wp-content\/uploads\/Future.jpg 723w, https:\/\/www.projet-cecc.org\/wp-content\/uploads\/Future-300x216.jpg 300w, https:\/\/www.projet-cecc.org\/wp-content\/uploads\/Future-24x17.jpg 24w, https:\/\/www.projet-cecc.org\/wp-content\/uploads\/Future-36x26.jpg 36w, https:\/\/www.projet-cecc.org\/wp-content\/uploads\/Future-48x35.jpg 48w\" sizes=\"(max-width: 696px) 100vw, 696px\" \/>\t\t<\/div>\n\t\t\t\t<div class=\"elementor-portfolio-item__overlay\">\n\t\t\t\t<h5 class=\"elementor-portfolio-item__title\">\n\t\tFuture projections of summer precipitation\u2011driving mechanismsover the South American Altiplano\t\t<\/h5>\n\t\t\t\t<\/div>\n\t\t\t\t<\/a>\n\t\t<\/article>\n\t\t\t\t<article class=\"elementor-portfolio-item elementor-post  post-4941 post type-post status-publish format-standard has-post-thumbnail hentry category-publications\">\n\t\t\t<a class=\"elementor-post__thumbnail__link\" href=\"https:\/\/www.projet-cecc.org\/?p=4941\">\n\t\t\t\t<div class=\"elementor-portfolio-item__img elementor-post__thumbnail\">\n\t\t\t<img loading=\"lazy\" decoding=\"async\" width=\"696\" height=\"575\" src=\"https:\/\/www.projet-cecc.org\/wp-content\/uploads\/JUNQUAS-768x634.jpg\" class=\"attachment-medium_large size-medium_large wp-image-4936\" alt=\"\" srcset=\"https:\/\/www.projet-cecc.org\/wp-content\/uploads\/JUNQUAS-768x634.jpg 768w, https:\/\/www.projet-cecc.org\/wp-content\/uploads\/JUNQUAS-300x248.jpg 300w, https:\/\/www.projet-cecc.org\/wp-content\/uploads\/JUNQUAS.jpg 876w\" sizes=\"(max-width: 696px) 100vw, 696px\" \/>\t\t<\/div>\n\t\t\t\t<div class=\"elementor-portfolio-item__overlay\">\n\t\t\t\t<h5 class=\"elementor-portfolio-item__title\">\n\t\tRecent progress in atmospheric modeling over the Andes &#8211; part II: projected changes and modeling challenges\t\t<\/h5>\n\t\t\t\t<\/div>\n\t\t\t\t<\/a>\n\t\t<\/article>\n\t\t\t\t<article class=\"elementor-portfolio-item elementor-post  post-4931 post type-post status-publish format-standard has-post-thumbnail hentry category-publications\">\n\t\t\t<a class=\"elementor-post__thumbnail__link\" href=\"https:\/\/www.projet-cecc.org\/?p=4931\">\n\t\t\t\t<div class=\"elementor-portfolio-item__img elementor-post__thumbnail\">\n\t\t\t<img loading=\"lazy\" decoding=\"async\" width=\"696\" height=\"561\" src=\"https:\/\/www.projet-cecc.org\/wp-content\/uploads\/MARTINEZ-768x619.jpg\" class=\"attachment-medium_large size-medium_large wp-image-4932\" alt=\"\" srcset=\"https:\/\/www.projet-cecc.org\/wp-content\/uploads\/MARTINEZ-768x619.jpg 768w, https:\/\/www.projet-cecc.org\/wp-content\/uploads\/MARTINEZ-300x242.jpg 300w, https:\/\/www.projet-cecc.org\/wp-content\/uploads\/MARTINEZ.jpg 862w\" sizes=\"(max-width: 696px) 100vw, 696px\" \/>\t\t<\/div>\n\t\t\t\t<div class=\"elementor-portfolio-item__overlay\">\n\t\t\t\t<h5 class=\"elementor-portfolio-item__title\">\n\t\tRecent progress in atmospheric modeling over the Andes &#8211; part I: review of atmospheric processes\t\t<\/h5>\n\t\t\t\t<\/div>\n\t\t\t\t<\/a>\n\t\t<\/article>\n\t\t\t\t<article class=\"elementor-portfolio-item elementor-post  post-4698 post type-post status-publish format-standard has-post-thumbnail hentry category-publications\">\n\t\t\t<a class=\"elementor-post__thumbnail__link\" href=\"https:\/\/www.projet-cecc.org\/?p=4698\">\n\t\t\t\t<div class=\"elementor-portfolio-item__img elementor-post__thumbnail\">\n\t\t\t<img loading=\"lazy\" decoding=\"async\" width=\"696\" height=\"609\" src=\"https:\/\/www.projet-cecc.org\/wp-content\/uploads\/Capture-decran-2024-08-19-160313-768x672.jpg\" class=\"attachment-medium_large size-medium_large wp-image-4699\" alt=\"\" srcset=\"https:\/\/www.projet-cecc.org\/wp-content\/uploads\/Capture-decran-2024-08-19-160313-768x672.jpg 768w, https:\/\/www.projet-cecc.org\/wp-content\/uploads\/Capture-decran-2024-08-19-160313-300x263.jpg 300w, https:\/\/www.projet-cecc.org\/wp-content\/uploads\/Capture-decran-2024-08-19-160313-24x21.jpg 24w, https:\/\/www.projet-cecc.org\/wp-content\/uploads\/Capture-decran-2024-08-19-160313-36x32.jpg 36w, https:\/\/www.projet-cecc.org\/wp-content\/uploads\/Capture-decran-2024-08-19-160313-48x42.jpg 48w, https:\/\/www.projet-cecc.org\/wp-content\/uploads\/Capture-decran-2024-08-19-160313.jpg 770w\" sizes=\"(max-width: 696px) 100vw, 696px\" \/>\t\t<\/div>\n\t\t\t\t<div class=\"elementor-portfolio-item__overlay\">\n\t\t\t\t<h5 class=\"elementor-portfolio-item__title\">\n\t\tThe 2022-23 drought in the South American Altiplano: ENSO effects on moisture flux in the western Amazon during the pre-wet season\t\t<\/h5>\n\t\t\t\t<\/div>\n\t\t\t\t<\/a>\n\t\t<\/article>\n\t\t\t\t<article class=\"elementor-portfolio-item elementor-post  post-4681 post type-post status-publish format-standard has-post-thumbnail hentry category-publications\">\n\t\t\t<a class=\"elementor-post__thumbnail__link\" href=\"https:\/\/www.projet-cecc.org\/?p=4681\">\n\t\t\t\t<div class=\"elementor-portfolio-item__img elementor-post__thumbnail\">\n\t\t\t<img loading=\"lazy\" decoding=\"async\" width=\"696\" height=\"525\" src=\"https:\/\/www.projet-cecc.org\/wp-content\/uploads\/Capture-decran-2024-08-19-155336-768x579.jpg\" class=\"attachment-medium_large size-medium_large wp-image-4682\" alt=\"\" srcset=\"https:\/\/www.projet-cecc.org\/wp-content\/uploads\/Capture-decran-2024-08-19-155336-768x579.jpg 768w, https:\/\/www.projet-cecc.org\/wp-content\/uploads\/Capture-decran-2024-08-19-155336-300x226.jpg 300w, https:\/\/www.projet-cecc.org\/wp-content\/uploads\/Capture-decran-2024-08-19-155336-24x18.jpg 24w, https:\/\/www.projet-cecc.org\/wp-content\/uploads\/Capture-decran-2024-08-19-155336-36x27.jpg 36w, https:\/\/www.projet-cecc.org\/wp-content\/uploads\/Capture-decran-2024-08-19-155336-48x36.jpg 48w, https:\/\/www.projet-cecc.org\/wp-content\/uploads\/Capture-decran-2024-08-19-155336.jpg 789w\" sizes=\"(max-width: 696px) 100vw, 696px\" \/>\t\t<\/div>\n\t\t\t\t<div class=\"elementor-portfolio-item__overlay\">\n\t\t\t\t<h5 class=\"elementor-portfolio-item__title\">\n\t\tThe new record of drought and warmth in the Amazon in 2023 related to regional and global climatic features\t\t<\/h5>\n\t\t\t\t<\/div>\n\t\t\t\t<\/a>\n\t\t<\/article>\n\t\t\t\t<article class=\"elementor-portfolio-item elementor-post  post-4453 post type-post status-publish format-standard has-post-thumbnail hentry category-publications\">\n\t\t\t<a class=\"elementor-post__thumbnail__link\" href=\"https:\/\/www.projet-cecc.org\/?p=4453\">\n\t\t\t\t<div class=\"elementor-portfolio-item__img elementor-post__thumbnail\">\n\t\t\t<img loading=\"lazy\" decoding=\"async\" width=\"696\" height=\"560\" src=\"https:\/\/www.projet-cecc.org\/wp-content\/uploads\/Capture-decran-2024-04-25-101543-768x618.jpg\" class=\"attachment-medium_large size-medium_large wp-image-4454\" alt=\"\" srcset=\"https:\/\/www.projet-cecc.org\/wp-content\/uploads\/Capture-decran-2024-04-25-101543-768x618.jpg 768w, https:\/\/www.projet-cecc.org\/wp-content\/uploads\/Capture-decran-2024-04-25-101543-300x241.jpg 300w, https:\/\/www.projet-cecc.org\/wp-content\/uploads\/Capture-decran-2024-04-25-101543-24x19.jpg 24w, https:\/\/www.projet-cecc.org\/wp-content\/uploads\/Capture-decran-2024-04-25-101543-36x29.jpg 36w, https:\/\/www.projet-cecc.org\/wp-content\/uploads\/Capture-decran-2024-04-25-101543-48x39.jpg 48w, https:\/\/www.projet-cecc.org\/wp-content\/uploads\/Capture-decran-2024-04-25-101543.jpg 916w\" sizes=\"(max-width: 696px) 100vw, 696px\" \/>\t\t<\/div>\n\t\t\t\t<div class=\"elementor-portfolio-item__overlay\">\n\t\t\t\t<h5 class=\"elementor-portfolio-item__title\">\n\t\tFuture Projections of Low-Level Atmospheric Circulation Patterns Over South Tropical South America: Impacts on Precipitation and Amazon Dry Season Length\t\t<\/h5>\n\t\t\t\t<\/div>\n\t\t\t\t<\/a>\n\t\t<\/article>\n\t\t\t\t<\/div>\n\t\t\t\t\t\t<\/div>\n\t\t\t\t<\/div>\n\t\t\t\t\t<\/div>\n\t\t<\/div>\n\t\t\t\t\t<\/div>\n\t\t<\/section>\n\t\t\t\t<section class=\"elementor-section elementor-top-section elementor-element elementor-element-54ae9dd elementor-section-boxed elementor-section-height-default elementor-section-height-default\" data-id=\"54ae9dd\" data-element_type=\"section\">\n\t\t\t\t\t\t<div class=\"elementor-container elementor-column-gap-default\">\n\t\t\t\t\t<div class=\"elementor-column elementor-col-100 elementor-top-column elementor-element elementor-element-1db353a\" data-id=\"1db353a\" data-element_type=\"column\">\n\t\t\t<div class=\"elementor-widget-wrap elementor-element-populated\">\n\t\t\t\t\t\t<div class=\"elementor-element elementor-element-babb53e elementor-widget elementor-widget-spacer\" data-id=\"babb53e\" data-element_type=\"widget\" data-widget_type=\"spacer.default\">\n\t\t\t\t<div class=\"elementor-widget-container\">\n\t\t\t\t\t\t\t<div class=\"elementor-spacer\">\n\t\t\t<div class=\"elementor-spacer-inner\"><\/div>\n\t\t<\/div>\n\t\t\t\t\t\t<\/div>\n\t\t\t\t<\/div>\n\t\t\t\t<div class=\"elementor-element elementor-element-86d33bc elementor-widget-divider--separator-type-pattern elementor-widget-divider--no-spacing elementor-widget-divider--view-line elementor-widget elementor-widget-divider\" data-id=\"86d33bc\" data-element_type=\"widget\" data-widget_type=\"divider.default\">\n\t\t\t\t<div class=\"elementor-widget-container\">\n\t\t\t\t\t\t\t<div class=\"elementor-divider\" style=\"--divider-pattern-url: url(&quot;data:image\/svg+xml,%3Csvg xmlns=&#039;http:\/\/www.w3.org\/2000\/svg&#039; preserveAspectRatio=&#039;xMidYMid meet&#039; overflow=&#039;visible&#039; height=&#039;100%&#039; viewBox=&#039;0 0 126 26&#039; fill=&#039;black&#039; stroke=&#039;none&#039;%3E%3Cpath d=&#039;M46.8,7.8v11.5L36,18.6V7.8H46.8z M82.4,7.8L84,18.6l-12,0.7L70.4,7.8H82.4z M0,7.8l12,0.9v9.9H1.3L0,7.8z M30,7.8v10.8H19L18,7.8H30z M63.7,7.8L66,18.6H54V9.5L63.7,7.8z M89.8,7L102,7.8v10.8H91.2L89.8,7zM108,7.8l12,0.9v8.9l-12,1V7.8z&#039;\/%3E%3C\/svg%3E&quot;);\">\n\t\t\t<span class=\"elementor-divider-separator\">\n\t\t\t\t\t\t<\/span>\n\t\t<\/div>\n\t\t\t\t\t\t<\/div>\n\t\t\t\t<\/div>\n\t\t\t\t<div class=\"elementor-element elementor-element-d86c7c8 elementor-widget elementor-widget-heading\" data-id=\"d86c7c8\" data-element_type=\"widget\" data-widget_type=\"heading.default\">\n\t\t\t\t<div class=\"elementor-widget-container\">\n\t\t\t\t\t<h2 class=\"elementor-heading-title elementor-size-default\">Exploitation des aquif\u00e8res de socle d'Afrique de l'Ouest : r\u00e9gionalisation des potentiels et des limites impos\u00e9es par le milieu<\/h2>\t\t\t\t<\/div>\n\t\t\t\t<\/div>\n\t\t\t\t<div class=\"elementor-element elementor-element-aaf237e elementor-widget elementor-widget-text-editor\" data-id=\"aaf237e\" data-element_type=\"widget\" data-widget_type=\"text-editor.default\">\n\t\t\t\t<div class=\"elementor-widget-container\">\n\t\t\t\t\t\t\t\t\t<p>Les aquif\u00e8res de socle d\u2019Afrique de l\u2019Ouest offrent un r\u00e9servoir d\u2019eau disponible toute l\u2019ann\u00e9e (par opposition aux eaux de surface) pour l\u2019alimentation en eau potable (AEP) et d\u2019autres usages potentiels (irrigation, abreuvement, industries) et assurent des fonctions \u00e9cosyst\u00e9miques. Si la ressource est encore peu d\u00e9velopp\u00e9e, les limites de son exploitation restent m\u00e9connues, alors m\u00eame que la pression s\u2019intensifie sous les facteurs d\u00e9mographique et l\u2019intermittence climatique. Les Etats ont besoin de planifier la strat\u00e9gie de mobilisation de cette ressource afin d\u2019assurer sa p\u00e9rennit\u00e9, en connaissant les limites de son exploitation et leur d\u00e9clinaisons g\u00e9ographiques.<\/p><p>Les chercheurs du projet CECC proposent donc de <strong><span style=\"color: #ff6600;\">cartographier les limites d\u2019exploitation des aquif\u00e8res de socle<\/span><\/strong>, en d\u00e9ployant les travaux du collectif ASAO (Aquif\u00e8res de Socle en Afrique de l\u2019Ouest) \u00e0 partir de bases de donn\u00e9es de forage et de mesures de terrain, en les prolongeant pour identifier les d\u00e9terminants de la r\u00e9partition spatiale des stocks d\u2019eau \u00e0 l\u2019aide de l\u2019Intelligence Artificielle.<\/p><p>Le travail portera en particulier sur <strong><span style=\"color: #ff6600;\">l\u2019am\u00e9lioration des m\u00e9thodes d\u2019\u00e9valuation des propri\u00e9t\u00e9s hydrodynamiques et du stock d\u2019eau des aquif\u00e8res de socle<\/span><\/strong>, ainsi que la mise au point d\u2019une <strong><span style=\"color: #ff6600;\">m\u00e9thode<\/span><\/strong> permettant de spatialiser leurs limites d\u2019exploitation, l\u2019adaptation de m\u00e9thodes d\u2019IA et la <strong><span style=\"color: #ff6600;\">comparaison \u00e0 des m\u00e9thodes statistiques plus classiques<\/span><\/strong> pour la mod\u00e9lisation des stocks et de la recharge, et enfin la production de cas d\u2019\u00e9tudes pour des contextes g\u00e9ologiques et hydro climatologiques contrast\u00e9es d\u2019Afrique sub-saharienne en int\u00e9grant les effets du changement global (horizons 2050 \u2013 2100).<\/p><p><strong>Coordination\u00a0: <\/strong>Basile HECTOR (hydrog\u00e9ologue, IGE) et Patrick LACHASSAGNE (hydrog\u00e9ologue et DU, HSM)<\/p>\t\t\t\t\t\t\t\t<\/div>\n\t\t\t\t<\/div>\n\t\t\t\t<div class=\"elementor-element elementor-element-4e8ccc7 elementor-widget elementor-widget-spacer\" data-id=\"4e8ccc7\" data-element_type=\"widget\" data-widget_type=\"spacer.default\">\n\t\t\t\t<div class=\"elementor-widget-container\">\n\t\t\t\t\t\t\t<div class=\"elementor-spacer\">\n\t\t\t<div class=\"elementor-spacer-inner\"><\/div>\n\t\t<\/div>\n\t\t\t\t\t\t<\/div>\n\t\t\t\t<\/div>\n\t\t\t\t\t<\/div>\n\t\t<\/div>\n\t\t\t\t\t<\/div>\n\t\t<\/section>\n\t\t\t\t<section class=\"elementor-section elementor-top-section elementor-element elementor-element-07479e2 elementor-section-boxed elementor-section-height-default elementor-section-height-default\" data-id=\"07479e2\" data-element_type=\"section\">\n\t\t\t\t\t\t<div class=\"elementor-container elementor-column-gap-default\">\n\t\t\t\t\t<div class=\"elementor-column elementor-col-100 elementor-top-column elementor-element elementor-element-c014e50\" data-id=\"c014e50\" data-element_type=\"column\">\n\t\t\t<div class=\"elementor-widget-wrap elementor-element-populated\">\n\t\t\t\t\t\t<div class=\"elementor-element elementor-element-58dcfdc elementor-widget elementor-widget-spacer\" data-id=\"58dcfdc\" data-element_type=\"widget\" data-widget_type=\"spacer.default\">\n\t\t\t\t<div class=\"elementor-widget-container\">\n\t\t\t\t\t\t\t<div class=\"elementor-spacer\">\n\t\t\t<div class=\"elementor-spacer-inner\"><\/div>\n\t\t<\/div>\n\t\t\t\t\t\t<\/div>\n\t\t\t\t<\/div>\n\t\t\t\t<div class=\"elementor-element elementor-element-491c5f6 elementor-widget elementor-widget-spacer\" data-id=\"491c5f6\" data-element_type=\"widget\" data-widget_type=\"spacer.default\">\n\t\t\t\t<div class=\"elementor-widget-container\">\n\t\t\t\t\t\t\t<div class=\"elementor-spacer\">\n\t\t\t<div class=\"elementor-spacer-inner\"><\/div>\n\t\t<\/div>\n\t\t\t\t\t\t<\/div>\n\t\t\t\t<\/div>\n\t\t\t\t<div class=\"elementor-element elementor-element-9958f4d elementor-widget elementor-widget-heading\" data-id=\"9958f4d\" data-element_type=\"widget\" data-widget_type=\"heading.default\">\n\t\t\t\t<div class=\"elementor-widget-container\">\n\t\t\t\t\t<h3 class=\"elementor-heading-title elementor-size-default\">Publications  :<\/h3>\t\t\t\t<\/div>\n\t\t\t\t<\/div>\n\t\t\t\t<div class=\"elementor-element elementor-element-24ef58b elementor-widget elementor-widget-spacer\" data-id=\"24ef58b\" data-element_type=\"widget\" data-widget_type=\"spacer.default\">\n\t\t\t\t<div class=\"elementor-widget-container\">\n\t\t\t\t\t\t\t<div class=\"elementor-spacer\">\n\t\t\t<div class=\"elementor-spacer-inner\"><\/div>\n\t\t<\/div>\n\t\t\t\t\t\t<\/div>\n\t\t\t\t<\/div>\n\t\t\t\t<div class=\"elementor-element elementor-element-272bc57 elementor-grid-2 elementor-grid-tablet-2 elementor-grid-mobile-1 elementor-widget elementor-widget-portfolio\" data-id=\"272bc57\" data-element_type=\"widget\" data-settings=\"{&quot;item_ratio&quot;:{&quot;unit&quot;:&quot;px&quot;,&quot;size&quot;:0.96,&quot;sizes&quot;:[]},&quot;row_gap&quot;:{&quot;unit&quot;:&quot;px&quot;,&quot;size&quot;:14,&quot;sizes&quot;:[]},&quot;columns&quot;:&quot;2&quot;,&quot;columns_tablet&quot;:&quot;2&quot;,&quot;columns_mobile&quot;:&quot;1&quot;,&quot;item_gap&quot;:{&quot;unit&quot;:&quot;px&quot;,&quot;size&quot;:&quot;&quot;,&quot;sizes&quot;:[]}}\" data-widget_type=\"portfolio.default\">\n\t\t\t\t<div class=\"elementor-widget-container\">\n\t\t\t\t\t\t\t<div class=\"elementor-portfolio elementor-grid elementor-posts-container\">\n\t\t\t\t<article class=\"elementor-portfolio-item elementor-post  post-5492 post type-post status-publish format-standard has-post-thumbnail hentry category-non-classe\">\n\t\t\t<a class=\"elementor-post__thumbnail__link\" href=\"https:\/\/www.projet-cecc.org\/?p=5492\">\n\t\t\t\t<div class=\"elementor-portfolio-item__img elementor-post__thumbnail\">\n\t\t\t<img loading=\"lazy\" decoding=\"async\" width=\"696\" height=\"575\" src=\"https:\/\/www.projet-cecc.org\/wp-content\/uploads\/Capture-decran-2026-04-21-132157-768x635.png\" class=\"attachment-medium_large size-medium_large wp-image-5501\" alt=\"\" srcset=\"https:\/\/www.projet-cecc.org\/wp-content\/uploads\/Capture-decran-2026-04-21-132157-768x635.png 768w, https:\/\/www.projet-cecc.org\/wp-content\/uploads\/Capture-decran-2026-04-21-132157-300x248.png 300w, https:\/\/www.projet-cecc.org\/wp-content\/uploads\/Capture-decran-2026-04-21-132157-24x20.png 24w, https:\/\/www.projet-cecc.org\/wp-content\/uploads\/Capture-decran-2026-04-21-132157-36x30.png 36w, https:\/\/www.projet-cecc.org\/wp-content\/uploads\/Capture-decran-2026-04-21-132157-48x40.png 48w, https:\/\/www.projet-cecc.org\/wp-content\/uploads\/Capture-decran-2026-04-21-132157.png 881w\" sizes=\"(max-width: 696px) 100vw, 696px\" \/>\t\t<\/div>\n\t\t\t\t<div class=\"elementor-portfolio-item__overlay\">\n\t\t\t\t<h5 class=\"elementor-portfolio-item__title\">\n\t\tAre there biases in borehole databases of weathered basement aquifers affecting their reliability to estimate aquifer productivity?\t\t<\/h5>\n\t\t\t\t<\/div>\n\t\t\t\t<\/a>\n\t\t<\/article>\n\t\t\t\t<\/div>\n\t\t\t\t\t\t<\/div>\n\t\t\t\t<\/div>\n\t\t\t\t\t<\/div>\n\t\t<\/div>\n\t\t\t\t\t<\/div>\n\t\t<\/section>\n\t\t\t\t<section class=\"elementor-section elementor-top-section elementor-element elementor-element-c56be09 elementor-section-boxed elementor-section-height-default elementor-section-height-default\" data-id=\"c56be09\" data-element_type=\"section\">\n\t\t\t\t\t\t<div class=\"elementor-container elementor-column-gap-default\">\n\t\t\t\t\t<div class=\"elementor-column elementor-col-100 elementor-top-column elementor-element elementor-element-8bf4b32\" data-id=\"8bf4b32\" data-element_type=\"column\">\n\t\t\t<div class=\"elementor-widget-wrap elementor-element-populated\">\n\t\t\t\t\t\t<div class=\"elementor-element elementor-element-dbd091f elementor-widget-divider--separator-type-pattern elementor-widget-divider--no-spacing elementor-widget-divider--view-line elementor-widget elementor-widget-divider\" data-id=\"dbd091f\" data-element_type=\"widget\" data-widget_type=\"divider.default\">\n\t\t\t\t<div class=\"elementor-widget-container\">\n\t\t\t\t\t\t\t<div class=\"elementor-divider\" style=\"--divider-pattern-url: url(&quot;data:image\/svg+xml,%3Csvg xmlns=&#039;http:\/\/www.w3.org\/2000\/svg&#039; preserveAspectRatio=&#039;xMidYMid meet&#039; overflow=&#039;visible&#039; height=&#039;100%&#039; viewBox=&#039;0 0 126 26&#039; fill=&#039;black&#039; stroke=&#039;none&#039;%3E%3Cpath d=&#039;M46.8,7.8v11.5L36,18.6V7.8H46.8z M82.4,7.8L84,18.6l-12,0.7L70.4,7.8H82.4z M0,7.8l12,0.9v9.9H1.3L0,7.8z M30,7.8v10.8H19L18,7.8H30z M63.7,7.8L66,18.6H54V9.5L63.7,7.8z M89.8,7L102,7.8v10.8H91.2L89.8,7zM108,7.8l12,0.9v8.9l-12,1V7.8z&#039;\/%3E%3C\/svg%3E&quot;);\">\n\t\t\t<span class=\"elementor-divider-separator\">\n\t\t\t\t\t\t<\/span>\n\t\t<\/div>\n\t\t\t\t\t\t<\/div>\n\t\t\t\t<\/div>\n\t\t\t\t<div class=\"elementor-element elementor-element-0f313c3 elementor-widget elementor-widget-heading\" data-id=\"0f313c3\" data-element_type=\"widget\" data-widget_type=\"heading.default\">\n\t\t\t\t<div class=\"elementor-widget-container\">\n\t\t\t\t\t<h2 class=\"elementor-heading-title elementor-size-default\">R\u00e9gionalisation des crues en Afrique de l\u2019Ouest et Centrale dans un contexte de changement climatique<\/h2>\t\t\t\t<\/div>\n\t\t\t\t<\/div>\n\t\t\t\t<div class=\"elementor-element elementor-element-cc1fc03 elementor-widget elementor-widget-text-editor\" data-id=\"cc1fc03\" data-element_type=\"widget\" data-widget_type=\"text-editor.default\">\n\t\t\t\t<div class=\"elementor-widget-container\">\n\t\t\t\t\t\t\t\t\t<p>Cette action sur la r\u00e9gionalisation des crues en Afrique de l\u2019Ouest et Centrale, dans un contexte de changement climatique, a pour but de d\u00e9velopper <strong><span style=\"color: #ff6600;\">une analyse approfondie et une base de donn\u00e9es document\u00e9e et \u00e0 jour sur les crues de la r\u00e9gion.<\/span><\/strong><\/p><p>Le travail \u00e0 mener consiste d\u2019abord en l\u2019analyse de la base de donn\u00e9es de plusieurs bassins d\u2019Afrique de l\u2019ouest, dans le but d\u2019identifier\u00a0les s\u00e9ries avec des donn\u00e9es manquantes sur de longues p\u00e9riodes, ainsi que les s\u00e9ries dont la qualit\u00e9 des donn\u00e9es serait douteuse et les bassins potentiellement influenc\u00e9s par les activit\u00e9s anthropiques (barrages, r\u00e9servoirs\u2026). Cela permettra d\u2019\u00e9laborer une base de donn\u00e9es fiables pour ces bassins avec au moins 15 ans de donn\u00e9es de d\u00e9bit continues apr\u00e8s 1970. Ensuite, il sera question d\u2019extraire les d\u00e9bits maximums annuels, de tester l\u2019\u00e9ventuelle pr\u00e9sence de tendance et ajuster des mod\u00e8les fr\u00e9quentiels (GEV, Gumbel) pour d\u00e9finir, \u00e0 l\u2019\u00e9chelle locale, quelle est la meilleure m\u00e9thode d\u2019ajustement de ces distributions dans le but d\u2019estimer les p\u00e9riodes de retour des crues (2 ans, 10 ans, 20 ans\u2026).<\/p><p><strong>Coordination<\/strong> : Yves TRAMBLAY (Hydroclimatologue, HSM)<\/p>\t\t\t\t\t\t\t\t<\/div>\n\t\t\t\t<\/div>\n\t\t\t\t\t<\/div>\n\t\t<\/div>\n\t\t\t\t\t<\/div>\n\t\t<\/section>\n\t\t\t\t<section class=\"elementor-section elementor-top-section elementor-element elementor-element-e60c2f3 elementor-section-boxed elementor-section-height-default elementor-section-height-default\" data-id=\"e60c2f3\" data-element_type=\"section\">\n\t\t\t\t\t\t<div class=\"elementor-container elementor-column-gap-default\">\n\t\t\t\t\t<div class=\"elementor-column elementor-col-100 elementor-top-column elementor-element elementor-element-589f51d\" data-id=\"589f51d\" data-element_type=\"column\">\n\t\t\t<div class=\"elementor-widget-wrap elementor-element-populated\">\n\t\t\t\t\t\t<div class=\"elementor-element elementor-element-d76e4f7 elementor-widget elementor-widget-spacer\" data-id=\"d76e4f7\" data-element_type=\"widget\" data-widget_type=\"spacer.default\">\n\t\t\t\t<div class=\"elementor-widget-container\">\n\t\t\t\t\t\t\t<div class=\"elementor-spacer\">\n\t\t\t<div class=\"elementor-spacer-inner\"><\/div>\n\t\t<\/div>\n\t\t\t\t\t\t<\/div>\n\t\t\t\t<\/div>\n\t\t\t\t<div class=\"elementor-element elementor-element-cd7b5d6 elementor-widget elementor-widget-spacer\" data-id=\"cd7b5d6\" data-element_type=\"widget\" data-widget_type=\"spacer.default\">\n\t\t\t\t<div class=\"elementor-widget-container\">\n\t\t\t\t\t\t\t<div class=\"elementor-spacer\">\n\t\t\t<div class=\"elementor-spacer-inner\"><\/div>\n\t\t<\/div>\n\t\t\t\t\t\t<\/div>\n\t\t\t\t<\/div>\n\t\t\t\t<div class=\"elementor-element elementor-element-e5cc03d elementor-widget elementor-widget-heading\" data-id=\"e5cc03d\" data-element_type=\"widget\" data-widget_type=\"heading.default\">\n\t\t\t\t<div class=\"elementor-widget-container\">\n\t\t\t\t\t<h3 class=\"elementor-heading-title elementor-size-default\">Publications  :<\/h3>\t\t\t\t<\/div>\n\t\t\t\t<\/div>\n\t\t\t\t<div class=\"elementor-element elementor-element-3715b23 elementor-widget elementor-widget-spacer\" data-id=\"3715b23\" data-element_type=\"widget\" data-widget_type=\"spacer.default\">\n\t\t\t\t<div class=\"elementor-widget-container\">\n\t\t\t\t\t\t\t<div class=\"elementor-spacer\">\n\t\t\t<div class=\"elementor-spacer-inner\"><\/div>\n\t\t<\/div>\n\t\t\t\t\t\t<\/div>\n\t\t\t\t<\/div>\n\t\t\t\t<div class=\"elementor-element elementor-element-55c46e0 elementor-grid-2 elementor-grid-tablet-2 elementor-grid-mobile-1 elementor-widget elementor-widget-portfolio\" data-id=\"55c46e0\" data-element_type=\"widget\" data-settings=\"{&quot;item_ratio&quot;:{&quot;unit&quot;:&quot;px&quot;,&quot;size&quot;:0.96,&quot;sizes&quot;:[]},&quot;row_gap&quot;:{&quot;unit&quot;:&quot;px&quot;,&quot;size&quot;:14,&quot;sizes&quot;:[]},&quot;columns&quot;:&quot;2&quot;,&quot;columns_tablet&quot;:&quot;2&quot;,&quot;columns_mobile&quot;:&quot;1&quot;,&quot;item_gap&quot;:{&quot;unit&quot;:&quot;px&quot;,&quot;size&quot;:&quot;&quot;,&quot;sizes&quot;:[]}}\" data-widget_type=\"portfolio.default\">\n\t\t\t\t<div class=\"elementor-widget-container\">\n\t\t\t\t\t\t\t<div class=\"elementor-portfolio elementor-grid elementor-posts-container\">\n\t\t\t\t<article class=\"elementor-portfolio-item elementor-post  post-5255 post type-post status-publish format-standard has-post-thumbnail hentry category-publications\">\n\t\t\t<a class=\"elementor-post__thumbnail__link\" href=\"https:\/\/www.projet-cecc.org\/?p=5255\">\n\t\t\t\t<div class=\"elementor-portfolio-item__img elementor-post__thumbnail\">\n\t\t\t<img loading=\"lazy\" decoding=\"async\" width=\"696\" height=\"366\" src=\"https:\/\/www.projet-cecc.org\/wp-content\/uploads\/how-could-climate-768x404.jpg\" class=\"attachment-medium_large size-medium_large wp-image-5249\" alt=\"\" srcset=\"https:\/\/www.projet-cecc.org\/wp-content\/uploads\/how-could-climate-768x404.jpg 768w, https:\/\/www.projet-cecc.org\/wp-content\/uploads\/how-could-climate-300x158.jpg 300w, https:\/\/www.projet-cecc.org\/wp-content\/uploads\/how-could-climate-1024x538.jpg 1024w, https:\/\/www.projet-cecc.org\/wp-content\/uploads\/how-could-climate-24x13.jpg 24w, https:\/\/www.projet-cecc.org\/wp-content\/uploads\/how-could-climate-36x19.jpg 36w, https:\/\/www.projet-cecc.org\/wp-content\/uploads\/how-could-climate-48x25.jpg 48w, https:\/\/www.projet-cecc.org\/wp-content\/uploads\/how-could-climate.jpg 1373w\" sizes=\"(max-width: 696px) 100vw, 696px\" \/>\t\t<\/div>\n\t\t\t\t<div class=\"elementor-portfolio-item__overlay\">\n\t\t\t\t<h5 class=\"elementor-portfolio-item__title\">\n\t\tHow could climate change affect the magnitude, duration and frequency of hydrological droughts and floods in West Africa during the 21st century? A storyline approach\t\t<\/h5>\n\t\t\t\t<\/div>\n\t\t\t\t<\/a>\n\t\t<\/article>\n\t\t\t\t<article class=\"elementor-portfolio-item elementor-post  post-5247 post type-post status-publish format-standard has-post-thumbnail hentry category-publications\">\n\t\t\t<a class=\"elementor-post__thumbnail__link\" href=\"https:\/\/www.projet-cecc.org\/?p=5247\">\n\t\t\t\t<div class=\"elementor-portfolio-item__img elementor-post__thumbnail\">\n\t\t\t<img loading=\"lazy\" decoding=\"async\" width=\"696\" height=\"353\" src=\"https:\/\/www.projet-cecc.org\/wp-content\/uploads\/climate-change-impacts-768x389.jpg\" class=\"attachment-medium_large size-medium_large wp-image-5248\" alt=\"\" srcset=\"https:\/\/www.projet-cecc.org\/wp-content\/uploads\/climate-change-impacts-768x389.jpg 768w, https:\/\/www.projet-cecc.org\/wp-content\/uploads\/climate-change-impacts-300x152.jpg 300w, https:\/\/www.projet-cecc.org\/wp-content\/uploads\/climate-change-impacts-1024x518.jpg 1024w, https:\/\/www.projet-cecc.org\/wp-content\/uploads\/climate-change-impacts-24x12.jpg 24w, https:\/\/www.projet-cecc.org\/wp-content\/uploads\/climate-change-impacts-36x18.jpg 36w, https:\/\/www.projet-cecc.org\/wp-content\/uploads\/climate-change-impacts-48x24.jpg 48w, https:\/\/www.projet-cecc.org\/wp-content\/uploads\/climate-change-impacts.jpg 1492w\" sizes=\"(max-width: 696px) 100vw, 696px\" \/>\t\t<\/div>\n\t\t\t\t<div class=\"elementor-portfolio-item__overlay\">\n\t\t\t\t<h5 class=\"elementor-portfolio-item__title\">\n\t\tClimate change impacts on floods in West Africa: new insight from two large-scale hydrological models\t\t<\/h5>\n\t\t\t\t<\/div>\n\t\t\t\t<\/a>\n\t\t<\/article>\n\t\t\t\t<article class=\"elementor-portfolio-item elementor-post  post-4905 post type-post status-publish format-standard has-post-thumbnail hentry category-publications\">\n\t\t\t<a class=\"elementor-post__thumbnail__link\" href=\"https:\/\/www.projet-cecc.org\/?p=4905\">\n\t\t\t\t<div class=\"elementor-portfolio-item__img elementor-post__thumbnail\">\n\t\t\t<img loading=\"lazy\" decoding=\"async\" width=\"696\" height=\"602\" src=\"https:\/\/www.projet-cecc.org\/wp-content\/uploads\/tramblay-768x664.jpg\" class=\"attachment-medium_large size-medium_large wp-image-4906\" alt=\"\" srcset=\"https:\/\/www.projet-cecc.org\/wp-content\/uploads\/tramblay-768x664.jpg 768w, https:\/\/www.projet-cecc.org\/wp-content\/uploads\/tramblay-300x259.jpg 300w, https:\/\/www.projet-cecc.org\/wp-content\/uploads\/tramblay.jpg 937w\" sizes=\"(max-width: 696px) 100vw, 696px\" \/>\t\t<\/div>\n\t\t\t\t<div class=\"elementor-portfolio-item__overlay\">\n\t\t\t\t<h5 class=\"elementor-portfolio-item__title\">\n\t\tFlood Frequency Analysis in West Africa\t\t<\/h5>\n\t\t\t\t<\/div>\n\t\t\t\t<\/a>\n\t\t<\/article>\n\t\t\t\t<\/div>\n\t\t\t\t\t\t<\/div>\n\t\t\t\t<\/div>\n\t\t\t\t\t<\/div>\n\t\t<\/div>\n\t\t\t\t\t<\/div>\n\t\t<\/section>\n\t\t\t\t<\/div>\n\t\t","protected":false},"excerpt":{"rendered":"<p>Actions Production de trajectoires hydro-climatiques sur l\u2019Afrique de l\u2019Ouest \u00a0 Cette action s\u2019inscrit dans un contexte d\u2019\u00e9volutions climatiques non-stationnaires et un changement massif des surfaces, ayant entra\u00een\u00e9 des situations inattendues<\/p><\/div>\n<div class=\"blog-btn\"><a href=\"https:\/\/www.projet-cecc.org\/?p=4905\" class=\"home-blog-btn\">Lire la suite<\/a><\/p>\n","protected":false},"author":5,"featured_media":0,"parent":0,"menu_order":0,"comment_status":"closed","ping_status":"closed","template":"","meta":{"_monsterinsights_skip_tracking":false,"_monsterinsights_sitenote_active":false,"_monsterinsights_sitenote_note":"","_monsterinsights_sitenote_category":0,"_EventAllDay":false,"_EventTimezone":"","_EventStartDate":"","_EventEndDate":"","_EventStartDateUTC":"","_EventEndDateUTC":"","_EventShowMap":false,"_EventShowMapLink":false,"_EventURL":"","_EventCost":"","_EventCostDescription":"","_EventCurrencySymbol":"","_EventCurrencyPosition":"","_EventDateTimeSeparator":"","_EventTimeRangeSeparator":"","_EventOrganizerID":[],"_EventVenueID":0,"_OrganizerEmail":"","_OrganizerPhone":"","_OrganizerWebsite":"","_VenueAddress":"","_VenueCity":"","_VenueCountry":"","_VenueProvince":"","_VenueZip":"","_VenuePhone":"","_VenueURL":"","_VenueStateProvince":"","_VenueLat":"","_VenueLng":"","footnotes":""},"class_list":["post-3396","page","type-page","status-publish","hentry"],"_links":{"self":[{"href":"https:\/\/www.projet-cecc.org\/index.php?rest_route=\/wp\/v2\/pages\/3396","targetHints":{"allow":["GET"]}}],"collection":[{"href":"https:\/\/www.projet-cecc.org\/index.php?rest_route=\/wp\/v2\/pages"}],"about":[{"href":"https:\/\/www.projet-cecc.org\/index.php?rest_route=\/wp\/v2\/types\/page"}],"author":[{"embeddable":true,"href":"https:\/\/www.projet-cecc.org\/index.php?rest_route=\/wp\/v2\/users\/5"}],"replies":[{"embeddable":true,"href":"https:\/\/www.projet-cecc.org\/index.php?rest_route=%2Fwp%2Fv2%2Fcomments&post=3396"}],"version-history":[{"count":46,"href":"https:\/\/www.projet-cecc.org\/index.php?rest_route=\/wp\/v2\/pages\/3396\/revisions"}],"predecessor-version":[{"id":5505,"href":"https:\/\/www.projet-cecc.org\/index.php?rest_route=\/wp\/v2\/pages\/3396\/revisions\/5505"}],"wp:attachment":[{"href":"https:\/\/www.projet-cecc.org\/index.php?rest_route=%2Fwp%2Fv2%2Fmedia&parent=3396"}],"curies":[{"name":"wp","href":"https:\/\/api.w.org\/{rel}","templated":true}]}}