{"id":3391,"date":"2022-03-02T15:27:58","date_gmt":"2022-03-02T14:27:58","guid":{"rendered":"http:\/\/projet-cecc.org\/?page_id=3391"},"modified":"2023-08-11T11:40:16","modified_gmt":"2023-08-11T09:40:16","slug":"axe-1-reflexivite","status":"publish","type":"page","link":"https:\/\/www.projet-cecc.org\/?page_id=3391","title":{"rendered":"Axe 0 : R\u00e9flexivit\u00e9"},"content":{"rendered":"\t\t<div data-elementor-type=\"wp-page\" data-elementor-id=\"3391\" class=\"elementor elementor-3391\" data-elementor-post-type=\"page\">\n\t\t\t\t\t\t<section class=\"elementor-section elementor-top-section elementor-element elementor-element-f14b5d4 elementor-section-boxed elementor-section-height-default elementor-section-height-default\" data-id=\"f14b5d4\" data-element_type=\"section\">\n\t\t\t\t\t\t<div class=\"elementor-container elementor-column-gap-default\">\n\t\t\t\t\t<div class=\"elementor-column elementor-col-100 elementor-top-column elementor-element elementor-element-d15cc3e\" data-id=\"d15cc3e\" data-element_type=\"column\">\n\t\t\t<div class=\"elementor-widget-wrap elementor-element-populated\">\n\t\t\t\t\t\t<div class=\"elementor-element elementor-element-5025f2e elementor-widget elementor-widget-heading\" data-id=\"5025f2e\" data-element_type=\"widget\" data-widget_type=\"heading.default\">\n\t\t\t\t<div class=\"elementor-widget-container\">\n\t\t\t\t\t<h2 class=\"elementor-heading-title elementor-size-default\">Accompagnement r\u00e9flexif des chercheurs du projet<\/h2>\t\t\t\t<\/div>\n\t\t\t\t<\/div>\n\t\t\t\t\t<\/div>\n\t\t<\/div>\n\t\t\t\t\t<\/div>\n\t\t<\/section>\n\t\t\t\t<section class=\"elementor-section elementor-top-section elementor-element elementor-element-fc469a3 elementor-section-boxed elementor-section-height-default elementor-section-height-default\" data-id=\"fc469a3\" data-element_type=\"section\">\n\t\t\t\t\t\t<div class=\"elementor-container elementor-column-gap-default\">\n\t\t\t\t\t<div class=\"elementor-column elementor-col-100 elementor-top-column elementor-element elementor-element-d693f6d\" data-id=\"d693f6d\" data-element_type=\"column\">\n\t\t\t<div class=\"elementor-widget-wrap elementor-element-populated\">\n\t\t\t\t\t\t<div class=\"elementor-element elementor-element-59f672e elementor-widget elementor-widget-image\" data-id=\"59f672e\" data-element_type=\"widget\" data-widget_type=\"image.default\">\n\t\t\t\t<div class=\"elementor-widget-container\">\n\t\t\t\t\t\t\t\t\t\t\t\t\t\t\t<img fetchpriority=\"high\" decoding=\"async\" width=\"696\" height=\"464\" src=\"https:\/\/www.projet-cecc.org\/wp-content\/uploads\/IRD_076202_ORI-1024x683.jpg\" class=\"attachment-large size-large wp-image-3937\" alt=\"\" srcset=\"https:\/\/www.projet-cecc.org\/wp-content\/uploads\/IRD_076202_ORI-1024x683.jpg 1024w, https:\/\/www.projet-cecc.org\/wp-content\/uploads\/IRD_076202_ORI-300x200.jpg 300w, https:\/\/www.projet-cecc.org\/wp-content\/uploads\/IRD_076202_ORI-768x512.jpg 768w, https:\/\/www.projet-cecc.org\/wp-content\/uploads\/IRD_076202_ORI-1536x1024.jpg 1536w, https:\/\/www.projet-cecc.org\/wp-content\/uploads\/IRD_076202_ORI-2048x1365.jpg 2048w, https:\/\/www.projet-cecc.org\/wp-content\/uploads\/IRD_076202_ORI-24x16.jpg 24w, https:\/\/www.projet-cecc.org\/wp-content\/uploads\/IRD_076202_ORI-36x24.jpg 36w, https:\/\/www.projet-cecc.org\/wp-content\/uploads\/IRD_076202_ORI-48x32.jpg 48w\" sizes=\"(max-width: 696px) 100vw, 696px\" \/>\t\t\t\t\t\t\t\t\t\t\t\t\t\t\t<\/div>\n\t\t\t\t<\/div>\n\t\t\t\t\t<\/div>\n\t\t<\/div>\n\t\t\t\t\t<\/div>\n\t\t<\/section>\n\t\t\t\t<section class=\"elementor-section elementor-top-section elementor-element elementor-element-7f8b649 elementor-section-boxed elementor-section-height-default elementor-section-height-default\" data-id=\"7f8b649\" data-element_type=\"section\">\n\t\t\t\t\t\t<div class=\"elementor-container elementor-column-gap-default\">\n\t\t\t\t\t<div class=\"elementor-column elementor-col-100 elementor-top-column elementor-element elementor-element-dcbe32f\" data-id=\"dcbe32f\" data-element_type=\"column\">\n\t\t\t<div class=\"elementor-widget-wrap elementor-element-populated\">\n\t\t\t\t\t\t<div class=\"elementor-element elementor-element-7ae2ff2 elementor-widget-divider--separator-type-pattern elementor-widget-divider--no-spacing elementor-widget-divider--view-line elementor-widget elementor-widget-divider\" data-id=\"7ae2ff2\" data-element_type=\"widget\" data-widget_type=\"divider.default\">\n\t\t\t\t<div class=\"elementor-widget-container\">\n\t\t\t\t\t\t\t<div class=\"elementor-divider\" style=\"--divider-pattern-url: url(&quot;data:image\/svg+xml,%3Csvg xmlns=&#039;http:\/\/www.w3.org\/2000\/svg&#039; preserveAspectRatio=&#039;xMidYMid meet&#039; overflow=&#039;visible&#039; height=&#039;100%&#039; viewBox=&#039;0 0 126 26&#039; fill=&#039;black&#039; stroke=&#039;none&#039;%3E%3Cpath d=&#039;M46.8,7.8v11.5L36,18.6V7.8H46.8z M82.4,7.8L84,18.6l-12,0.7L70.4,7.8H82.4z M0,7.8l12,0.9v9.9H1.3L0,7.8z M30,7.8v10.8H19L18,7.8H30z M63.7,7.8L66,18.6H54V9.5L63.7,7.8z M89.8,7L102,7.8v10.8H91.2L89.8,7zM108,7.8l12,0.9v8.9l-12,1V7.8z&#039;\/%3E%3C\/svg%3E&quot;);\">\n\t\t\t<span class=\"elementor-divider-separator\">\n\t\t\t\t\t\t<\/span>\n\t\t<\/div>\n\t\t\t\t\t\t<\/div>\n\t\t\t\t<\/div>\n\t\t\t\t<div class=\"elementor-element elementor-element-43fc3ce elementor-widget elementor-widget-text-editor\" data-id=\"43fc3ce\" data-element_type=\"widget\" data-widget_type=\"text-editor.default\">\n\t\t\t\t<div class=\"elementor-widget-container\">\n\t\t\t\t\t\t\t\t\t<p style=\"margin: 0in; font-family: Calibri; font-size: 11.0pt;\">Dans le cadre de l\u2019axe \u00ab Accompagnement r\u00e9flexif \u00bb, il est question d\u2019accompagner les \u00e9quipes de chercheurs impliqu\u00e9es dans le projet dans leur <strong><span style=\"color: #ff6600;\">dialogue avec la soci\u00e9t\u00e9<\/span><\/strong> et plus particuli\u00e8rement dans la <strong><span style=\"color: #ff6600;\">conception<\/span><\/strong>, la <strong><span style=\"color: #ff6600;\">production<\/span><\/strong> puis le <strong><span style=\"color: #ff6600;\">transfert<\/span><\/strong> vers les utilisateurs finaux de leurs \u00ab savoirs \u00bb (outils, donn\u00e9es, d\u00e9monstrateurs, etc.). Ainsi, une \u00e9quipe de sociologues et anthropologues <strong><span style=\"color: #ff6600;\">accompagnera toute la mise en \u0153uvre du projet<\/span><\/strong> pour s\u2019assurer que les produits, outils d\u00e9velopp\u00e9s <strong><span style=\"color: #ff6600;\">correspondent aux attentes et besoins des utilisateurs finaux<\/span><\/strong>, mais aussi que le corpus d\u2019informations produits sera \u00ab utilisable \u00bb et \u00ab diffusable \u00bb. Il s\u2019agira donc de fixer avec les scientifiques impliqu\u00e9s dans les travaux de sc\u00e9narisation r\u00e9gionale, d\u2019une part, et dans les actions relatives aux territoires cibles, d\u2019autre part, les requis qui garantissent la pertinence hydro-climatique des outils et ceux qui en permettent l\u2019appropriation par les utilisateurs. Un suivi sera mis en place pour v\u00e9rifier tout au long du projet la pertinence des choix et des informations produites.<\/p><p><strong>Equipe impliqu\u00e9e sur l&rsquo;axe :\u00a0<\/strong><\/p><ul><li>Jeanne Riaux, socio-anthropologue au sein de l&rsquo;UMR G-EAU &#8211; Coordinatrice de l&rsquo;axe<\/li><li>Adja Fatima Ciss\u00e9, post-doctorante au S\u00e9n\u00e9gal :<ul><li>Participation au travail d&rsquo;accompagnement r\u00e9flexif des chercheurs du projet CECC sous l&rsquo;angle de leurs pratiques et dispositifs de dialogue avec la soci\u00e9t\u00e9,<\/li><li>Enqu\u00eate r\u00e9trospective sur des exp\u00e9riences \u00ab\u00a0r\u00e9ussies\u00a0\u00bb de dialogue science\/soci\u00e9t\u00e9 avec des entretiens\u00a0 qualitatifs approfondis,<\/li><li>Travail de d\u00e9centrement \u00e0 partir de l&rsquo;ethnographie de dispositifs de Dialogue hydrologie-Soci\u00e9t\u00e9 jug\u00e9s fonctionnels par les acteurs (scientifiques et non-scientifiques) autour du fleuve S\u00e9n\u00e9gal<\/li><li>Participation \u00e0 l&rsquo;\u00e9ditorialisation des donn\u00e9es sur l&rsquo;action \u00ab\u00a0gestion du Fleuve S\u00e9n\u00e9gal\u201d.<\/li><\/ul><\/li><\/ul><ul><li>Yousoupha Tall, post-doctorant au S\u00e9n\u00e9gal :<ul><li><p>Appui au renforcement de la mise en \u0153uvre du dialogue recherche\/soci\u00e9t\u00e9 et du processus r\u00e9flexif, en y apportant un regard socio-anthropologique, analytique et compr\u00e9hensif.<\/p><ul><li><p>\u00c9tape 1. \u00c9tat des lieux des \u00ab produits \u00bb de la recherche en cours de construction dans le programme CECC;<\/p><\/li><li>\u00c9tape 2. Accompagnement r\u00e9flexif d\u2019un processus de partage de connaissances \u00e0 l\u2019\u0153uvre;<p>Analyses de situations pour pr\u00e9ciser la nature des connaissances produites, les attentes des acteurs en pr\u00e9sence, le cadre sociologique dans lequel le dialogue prend place.<\/p><\/li><li><p>\u00c9tape 3. Contribuer \u00e0 la formalisation th\u00e9orique et m\u00e9thodologique du concept de \u00ab cha\u00eene de production et de transmission des connaissances \u00bb<\/p><\/li><\/ul><\/li><\/ul><\/li><\/ul>\t\t\t\t\t\t\t\t<\/div>\n\t\t\t\t<\/div>\n\t\t\t\t\t<\/div>\n\t\t<\/div>\n\t\t\t\t\t<\/div>\n\t\t<\/section>\n\t\t\t\t<section class=\"elementor-section elementor-top-section elementor-element elementor-element-f72e193 elementor-section-boxed elementor-section-height-default elementor-section-height-default\" data-id=\"f72e193\" data-element_type=\"section\">\n\t\t\t\t\t\t<div class=\"elementor-container elementor-column-gap-default\">\n\t\t\t\t\t<div class=\"elementor-column elementor-col-100 elementor-top-column elementor-element elementor-element-ca3b00c\" data-id=\"ca3b00c\" data-element_type=\"column\">\n\t\t\t<div class=\"elementor-widget-wrap elementor-element-populated\">\n\t\t\t\t\t\t<div class=\"elementor-element elementor-element-bb35250 elementor-widget elementor-widget-spacer\" data-id=\"bb35250\" data-element_type=\"widget\" data-widget_type=\"spacer.default\">\n\t\t\t\t<div class=\"elementor-widget-container\">\n\t\t\t\t\t\t\t<div class=\"elementor-spacer\">\n\t\t\t<div class=\"elementor-spacer-inner\"><\/div>\n\t\t<\/div>\n\t\t\t\t\t\t<\/div>\n\t\t\t\t<\/div>\n\t\t\t\t\t<\/div>\n\t\t<\/div>\n\t\t\t\t\t<\/div>\n\t\t<\/section>\n\t\t\t\t<section class=\"elementor-section elementor-top-section elementor-element elementor-element-fefcc49 elementor-section-boxed elementor-section-height-default elementor-section-height-default\" data-id=\"fefcc49\" data-element_type=\"section\">\n\t\t\t\t\t\t<div class=\"elementor-container elementor-column-gap-default\">\n\t\t\t\t\t<div class=\"elementor-column elementor-col-100 elementor-top-column elementor-element elementor-element-b1ef2e0\" data-id=\"b1ef2e0\" data-element_type=\"column\">\n\t\t\t<div class=\"elementor-widget-wrap elementor-element-populated\">\n\t\t\t\t\t\t<div class=\"elementor-element elementor-element-ac24c5c elementor-widget elementor-widget-heading\" data-id=\"ac24c5c\" data-element_type=\"widget\" data-widget_type=\"heading.default\">\n\t\t\t\t<div class=\"elementor-widget-container\">\n\t\t\t\t\t<h2 class=\"elementor-heading-title elementor-size-default\">Actualit\u00e9s et r\u00e9sultats pr\u00e9liminaires de l'action<\/h2>\t\t\t\t<\/div>\n\t\t\t\t<\/div>\n\t\t\t\t\t<\/div>\n\t\t<\/div>\n\t\t\t\t\t<\/div>\n\t\t<\/section>\n\t\t\t\t<section class=\"elementor-section elementor-top-section elementor-element elementor-element-2bc1a7f elementor-section-boxed elementor-section-height-default elementor-section-height-default\" data-id=\"2bc1a7f\" data-element_type=\"section\">\n\t\t\t\t\t\t<div class=\"elementor-container elementor-column-gap-default\">\n\t\t\t\t\t<div class=\"elementor-column elementor-col-100 elementor-top-column elementor-element elementor-element-e94d196\" data-id=\"e94d196\" data-element_type=\"column\">\n\t\t\t<div class=\"elementor-widget-wrap elementor-element-populated\">\n\t\t\t\t\t\t<div class=\"elementor-element elementor-element-4848001 elementor-widget elementor-widget-text-editor\" data-id=\"4848001\" data-element_type=\"widget\" data-widget_type=\"text-editor.default\">\n\t\t\t\t<div class=\"elementor-widget-container\">\n\t\t\t\t\t\t\t\t\t<h5>Retraite r\u00e9flexive 3.0 \u00e0 Potou (S\u00e9n\u00e9gal) &#8211; 30\/03\/2022 au 02\/04\/2022<\/h5><p style=\"margin: 0in; font-family: Calibri; font-size: 11.0pt;\">Dans le cadre de l\u2019accompagnement r\u00e9flexif du travail des chercheurs, la Cellule d\u2019Accompagnement R\u00e9flexif (CAR\u00e9) du projet CECC, compos\u00e9e de l&rsquo;\u00e9quipe de l&rsquo;axe r\u00e9flexif et Jean-Christophe Desconnets (Axe 3 : D\u00e9veloppement du portail informatique) a, depuis le lancement du projet en Juillet 2021, identifi\u00e9 plusieurs points de r\u00e9flexion n\u00e9cessaires dans le cadre de la mise en \u0153uvre des actions et du dialogue science\/soci\u00e9t\u00e9. Elle a propos\u00e9 aux chercheurs du projet et leurs partenaires au Sud un premier atelier de travail, sous forme de retraite r\u00e9flexive, pour aborder avec eux ces diff\u00e9rents points.<\/p><p>Le compte rendu de cette retraite peut \u00eatre trouv\u00e9 ici (.pdf) : <a href=\"http:\/\/www.projet-cecc.org\/wp-content\/uploads\/CR_Retraite-3.0_Version-definitive.pdf\">CR_Retraite 3.0_Version d\u00e9finitive<\/a><\/p>\t\t\t\t\t\t\t\t<\/div>\n\t\t\t\t<\/div>\n\t\t\t\t\t<\/div>\n\t\t<\/div>\n\t\t\t\t\t<\/div>\n\t\t<\/section>\n\t\t\t\t<section class=\"elementor-section elementor-top-section elementor-element elementor-element-d7c5280 elementor-section-boxed elementor-section-height-default elementor-section-height-default\" data-id=\"d7c5280\" data-element_type=\"section\">\n\t\t\t\t\t\t<div class=\"elementor-container elementor-column-gap-default\">\n\t\t\t\t\t<div class=\"elementor-column elementor-col-100 elementor-top-column elementor-element elementor-element-2fc0216\" data-id=\"2fc0216\" data-element_type=\"column\">\n\t\t\t<div class=\"elementor-widget-wrap elementor-element-populated\">\n\t\t\t\t\t\t<div class=\"elementor-element elementor-element-5bf5494 elementor-skin-carousel elementor-arrows-yes elementor-pagination-type-bullets elementor-pagination-position-outside elementor-widget elementor-widget-media-carousel\" data-id=\"5bf5494\" data-element_type=\"widget\" data-settings=\"{&quot;skin&quot;:&quot;carousel&quot;,&quot;effect&quot;:&quot;slide&quot;,&quot;show_arrows&quot;:&quot;yes&quot;,&quot;pagination&quot;:&quot;bullets&quot;,&quot;speed&quot;:500,&quot;autoplay&quot;:&quot;yes&quot;,&quot;autoplay_speed&quot;:5000,&quot;loop&quot;:&quot;yes&quot;,&quot;pause_on_hover&quot;:&quot;yes&quot;,&quot;pause_on_interaction&quot;:&quot;yes&quot;,&quot;space_between&quot;:{&quot;unit&quot;:&quot;px&quot;,&quot;size&quot;:10,&quot;sizes&quot;:[]},&quot;space_between_tablet&quot;:{&quot;unit&quot;:&quot;px&quot;,&quot;size&quot;:10,&quot;sizes&quot;:[]},&quot;space_between_mobile&quot;:{&quot;unit&quot;:&quot;px&quot;,&quot;size&quot;:10,&quot;sizes&quot;:[]}}\" data-widget_type=\"media-carousel.default\">\n\t\t\t\t<div class=\"elementor-widget-container\">\n\t\t\t\t\t\t\t\t\t<div class=\"elementor-swiper\">\n\t\t\t\t\t<div class=\"elementor-main-swiper swiper\" role=\"region\" aria-roledescription=\"carousel\" aria-label=\"Diapositives\">\n\t\t\t\t<div class=\"swiper-wrapper\">\n\t\t\t\t\t\t\t\t\t\t\t<div class=\"swiper-slide\" role=\"group\" aria-roledescription=\"slide\">\n\t\t\t\t\t\t\t\t\t<div class=\"elementor-carousel-image\" role=\"img\" aria-label=\"Retraite Potou 1\" style=\"background-image: url(&#039;https:\/\/www.projet-cecc.org\/wp-content\/uploads\/Retraite-Potou-1.jpg&#039;)\">\n\n\t\t\t\n\t\t\t\t\t<\/div>\n\t\t\t\t\t\t\t\t<\/div>\n\t\t\t\t\t\t\t\t\t\t\t<div class=\"swiper-slide\" role=\"group\" aria-roledescription=\"slide\">\n\t\t\t\t\t\t\t\t\t<div class=\"elementor-carousel-image\" role=\"img\" aria-label=\"Retraite Potou 2\" style=\"background-image: url(&#039;https:\/\/www.projet-cecc.org\/wp-content\/uploads\/Retraite-Potou-2.jpg&#039;)\">\n\n\t\t\t\n\t\t\t\t\t<\/div>\n\t\t\t\t\t\t\t\t<\/div>\n\t\t\t\t\t\t\t\t\t\t\t<div class=\"swiper-slide\" role=\"group\" aria-roledescription=\"slide\">\n\t\t\t\t\t\t\t\t\t<div class=\"elementor-carousel-image\" role=\"img\" aria-label=\"Retraite Potou 3\" style=\"background-image: url(&#039;https:\/\/www.projet-cecc.org\/wp-content\/uploads\/Retraite-Potou-3.jpg&#039;)\">\n\n\t\t\t\n\t\t\t\t\t<\/div>\n\t\t\t\t\t\t\t\t<\/div>\n\t\t\t\t\t\t\t\t\t<\/div>\n\t\t\t\t\t\t\t\t\t\t\t\t\t\t\t<div class=\"elementor-swiper-button elementor-swiper-button-prev\" role=\"button\" tabindex=\"0\" aria-label=\"Pr\u00e9c\u00e9dent\">\n\t\t\t\t\t\t\t<svg aria-hidden=\"true\" class=\"e-font-icon-svg e-eicon-chevron-left\" viewBox=\"0 0 1000 1000\" xmlns=\"http:\/\/www.w3.org\/2000\/svg\"><path d=\"M646 125C629 125 613 133 604 142L308 442C296 454 292 471 292 487 292 504 296 521 308 533L604 854C617 867 629 875 646 875 663 875 679 871 692 858 704 846 713 829 713 812 713 796 708 779 692 767L438 487 692 225C700 217 708 204 708 187 708 171 704 154 692 142 675 129 663 125 646 125Z\"><\/path><\/svg>\t\t\t\t\t\t<\/div>\n\t\t\t\t\t\t<div class=\"elementor-swiper-button elementor-swiper-button-next\" role=\"button\" tabindex=\"0\" aria-label=\"Suivant\">\n\t\t\t\t\t\t\t<svg aria-hidden=\"true\" class=\"e-font-icon-svg e-eicon-chevron-right\" viewBox=\"0 0 1000 1000\" xmlns=\"http:\/\/www.w3.org\/2000\/svg\"><path d=\"M696 533C708 521 713 504 713 487 713 471 708 454 696 446L400 146C388 133 375 125 354 125 338 125 325 129 313 142 300 154 292 171 292 187 292 204 296 221 308 233L563 492 304 771C292 783 288 800 288 817 288 833 296 850 308 863 321 871 338 875 354 875 371 875 388 867 400 854L696 533Z\"><\/path><\/svg>\t\t\t\t\t\t<\/div>\n\t\t\t\t\t\t\t\t\t\t\t\t\t\t\t\t<div class=\"swiper-pagination\"><\/div>\n\t\t\t\t\t\t\t\t\t\t\t\t<\/div>\n\t\t\t\t<\/div>\n\t\t\t\t\t\t\t\t<\/div>\n\t\t\t\t<\/div>\n\t\t\t\t\t<\/div>\n\t\t<\/div>\n\t\t\t\t\t<\/div>\n\t\t<\/section>\n\t\t\t\t<\/div>\n\t\t","protected":false},"excerpt":{"rendered":"<p>Accompagnement r\u00e9flexif des chercheurs du projet Dans le cadre de l\u2019axe \u00ab Accompagnement r\u00e9flexif \u00bb, il est question d\u2019accompagner les \u00e9quipes de chercheurs impliqu\u00e9es dans le projet dans leur dialogue<\/p><\/div>\n<div class=\"blog-btn\"><a href=\"https:\/\/www.projet-cecc.org\/?page_id=3391\" class=\"home-blog-btn\">Lire la suite<\/a><\/p>\n","protected":false},"author":5,"featured_media":0,"parent":0,"menu_order":0,"comment_status":"closed","ping_status":"closed","template":"","meta":{"_monsterinsights_skip_tracking":false,"_monsterinsights_sitenote_active":false,"_monsterinsights_sitenote_note":"","_monsterinsights_sitenote_category":0,"_EventAllDay":false,"_EventTimezone":"","_EventStartDate":"","_EventEndDate":"","_EventStartDateUTC":"","_EventEndDateUTC":"","_EventShowMap":false,"_EventShowMapLink":false,"_EventURL":"","_EventCost":"","_EventCostDescription":"","_EventCurrencySymbol":"","_EventCurrencyPosition":"","_EventDateTimeSeparator":"","_EventTimeRangeSeparator":"","_EventOrganizerID":[],"_EventVenueID":0,"_OrganizerEmail":"","_OrganizerPhone":"","_OrganizerWebsite":"","_VenueAddress":"","_VenueCity":"","_VenueCountry":"","_VenueProvince":"","_VenueZip":"","_VenuePhone":"","_VenueURL":"","_VenueStateProvince":"","_VenueLat":"","_VenueLng":"","footnotes":""},"class_list":["post-3391","page","type-page","status-publish","hentry"],"_links":{"self":[{"href":"https:\/\/www.projet-cecc.org\/index.php?rest_route=\/wp\/v2\/pages\/3391","targetHints":{"allow":["GET"]}}],"collection":[{"href":"https:\/\/www.projet-cecc.org\/index.php?rest_route=\/wp\/v2\/pages"}],"about":[{"href":"https:\/\/www.projet-cecc.org\/index.php?rest_route=\/wp\/v2\/types\/page"}],"author":[{"embeddable":true,"href":"https:\/\/www.projet-cecc.org\/index.php?rest_route=\/wp\/v2\/users\/5"}],"replies":[{"embeddable":true,"href":"https:\/\/www.projet-cecc.org\/index.php?rest_route=%2Fwp%2Fv2%2Fcomments&post=3391"}],"version-history":[{"count":15,"href":"https:\/\/www.projet-cecc.org\/index.php?rest_route=\/wp\/v2\/pages\/3391\/revisions"}],"predecessor-version":[{"id":4964,"href":"https:\/\/www.projet-cecc.org\/index.php?rest_route=\/wp\/v2\/pages\/3391\/revisions\/4964"}],"wp:attachment":[{"href":"https:\/\/www.projet-cecc.org\/index.php?rest_route=%2Fwp%2Fv2%2Fmedia&parent=3391"}],"curies":[{"name":"wp","href":"https:\/\/api.w.org\/{rel}","templated":true}]}}