{"id":1577,"date":"2021-09-02T12:15:20","date_gmt":"2021-09-02T10:15:20","guid":{"rendered":"http:\/\/projet-cecc.org\/?page_id=1577"},"modified":"2022-04-27T18:33:31","modified_gmt":"2022-04-27T16:33:31","slug":"partenaires","status":"publish","type":"page","link":"https:\/\/www.projet-cecc.org\/?page_id=1577","title":{"rendered":"Partenaires"},"content":{"rendered":"\t\t<div data-elementor-type=\"wp-page\" data-elementor-id=\"1577\" class=\"elementor elementor-1577\" data-elementor-post-type=\"page\">\n\t\t\t\t\t\t<section class=\"elementor-section elementor-top-section elementor-element elementor-element-c9aeb07 elementor-section-boxed elementor-section-height-default elementor-section-height-default\" data-id=\"c9aeb07\" data-element_type=\"section\">\n\t\t\t\t\t\t<div class=\"elementor-container elementor-column-gap-default\">\n\t\t\t\t\t<div class=\"elementor-column elementor-col-33 elementor-top-column elementor-element elementor-element-7806a42\" data-id=\"7806a42\" data-element_type=\"column\">\n\t\t\t<div class=\"elementor-widget-wrap elementor-element-populated\">\n\t\t\t\t\t\t<div class=\"elementor-element elementor-element-08e2342 elementor-widget elementor-widget-spacer\" data-id=\"08e2342\" data-element_type=\"widget\" data-widget_type=\"spacer.default\">\n\t\t\t\t<div class=\"elementor-widget-container\">\n\t\t\t\t\t\t\t<div class=\"elementor-spacer\">\n\t\t\t<div class=\"elementor-spacer-inner\"><\/div>\n\t\t<\/div>\n\t\t\t\t\t\t<\/div>\n\t\t\t\t<\/div>\n\t\t\t\t<div class=\"elementor-element elementor-element-416110f elementor-widget elementor-widget-image\" data-id=\"416110f\" data-element_type=\"widget\" data-widget_type=\"image.default\">\n\t\t\t\t<div class=\"elementor-widget-container\">\n\t\t\t\t\t\t\t\t\t\t\t\t\t\t\t<img fetchpriority=\"high\" decoding=\"async\" width=\"600\" height=\"494\" src=\"https:\/\/www.projet-cecc.org\/wp-content\/uploads\/Logo_IRD_2016_BLOC_FR_COUL.png\" class=\"attachment-large size-large wp-image-2962\" alt=\"\" srcset=\"https:\/\/www.projet-cecc.org\/wp-content\/uploads\/Logo_IRD_2016_BLOC_FR_COUL.png 600w, https:\/\/www.projet-cecc.org\/wp-content\/uploads\/Logo_IRD_2016_BLOC_FR_COUL-300x247.png 300w, https:\/\/www.projet-cecc.org\/wp-content\/uploads\/Logo_IRD_2016_BLOC_FR_COUL-24x20.png 24w, https:\/\/www.projet-cecc.org\/wp-content\/uploads\/Logo_IRD_2016_BLOC_FR_COUL-36x30.png 36w, https:\/\/www.projet-cecc.org\/wp-content\/uploads\/Logo_IRD_2016_BLOC_FR_COUL-48x40.png 48w\" sizes=\"(max-width: 600px) 100vw, 600px\" \/>\t\t\t\t\t\t\t\t\t\t\t\t\t\t\t<\/div>\n\t\t\t\t<\/div>\n\t\t\t\t\t<\/div>\n\t\t<\/div>\n\t\t\t\t<div class=\"elementor-column elementor-col-66 elementor-top-column elementor-element elementor-element-43de4de\" data-id=\"43de4de\" data-element_type=\"column\">\n\t\t\t<div class=\"elementor-widget-wrap elementor-element-populated\">\n\t\t\t\t\t\t<div class=\"elementor-element elementor-element-0307890 elementor-widget elementor-widget-heading\" data-id=\"0307890\" data-element_type=\"widget\" data-widget_type=\"heading.default\">\n\t\t\t\t<div class=\"elementor-widget-container\">\n\t\t\t\t\t<h2 class=\"elementor-heading-title elementor-size-small\">Mise en \u0153uvre du projet : <b>L\u2019Institut de Recherche pour le D\u00e9veloppement (IRD)<\/b>\n\n<\/h2>\t\t\t\t<\/div>\n\t\t\t\t<\/div>\n\t\t\t\t<div class=\"elementor-element elementor-element-6abad62 elementor-widget elementor-widget-spacer\" data-id=\"6abad62\" data-element_type=\"widget\" data-widget_type=\"spacer.default\">\n\t\t\t\t<div class=\"elementor-widget-container\">\n\t\t\t\t\t\t\t<div class=\"elementor-spacer\">\n\t\t\t<div class=\"elementor-spacer-inner\"><\/div>\n\t\t<\/div>\n\t\t\t\t\t\t<\/div>\n\t\t\t\t<\/div>\n\t\t\t\t<div class=\"elementor-element elementor-element-a029355 elementor-widget elementor-widget-text-editor\" data-id=\"a029355\" data-element_type=\"widget\" data-widget_type=\"text-editor.default\">\n\t\t\t\t<div class=\"elementor-widget-container\">\n\t\t\t\t\t\t\t\t\t<p>L&rsquo;IRD est un \u00e9tablissement public fran\u00e7ais plac\u00e9 sous la double tutelle des minist\u00e8res de l\u2019Enseignement sup\u00e9rieur, de la Recherche et de l\u2019Innovation et de l\u2019Europe et des Affaires \u00e9trang\u00e8res. Il porte une d\u00e9marche originale de recherche, d\u2019expertise, de formation et de partage des savoirs au b\u00e9n\u00e9fice des territoires et pays qui font de la science et de l\u2019innovation un des premiers leviers de leur d\u00e9veloppement.<\/p><p><b>Site internet :<\/b> <a href=\"https:\/\/www.ird.fr\/\">https:\/\/www.ird.fr<\/a><a href=\"https:\/\/www.ird.fr\/\">\/<\/a><\/p><p>Dans le cadre du projet CECC, l\u2019IRD assure la ma\u00eetrise d\u2019ouvrage et la mise en place des activit\u00e9s, ainsi que le co-financement du projet . Ce projet s\u2019inscrit dans la strat\u00e9gie de l\u2019IRD, qui vise \u00e0 produire une science engag\u00e9e pour un futur durable, pour le d\u00e9veloppement durable et humain, dans le cadre d&rsquo;un partenariat scientifique \u00e9quitable avec les pays en d\u00e9veloppement, en particulier ceux des r\u00e9gions intertropicales et de l&rsquo;espace m\u00e9diterran\u00e9en. Par ailleurs, les objectifs du projet CECC s&rsquo;inscrivent aussi dans l&rsquo;agenda des Objectifs du D\u00e9veloppement Durable, dont la mise en \u0153uvre est une des priorit\u00e9s de l&rsquo;IRD.\u00a0 \u00a0<\/p>\t\t\t\t\t\t\t\t<\/div>\n\t\t\t\t<\/div>\n\t\t\t\t\t<\/div>\n\t\t<\/div>\n\t\t\t\t\t<\/div>\n\t\t<\/section>\n\t\t\t\t<section class=\"elementor-section elementor-top-section elementor-element elementor-element-7853526 elementor-section-boxed elementor-section-height-default elementor-section-height-default\" data-id=\"7853526\" data-element_type=\"section\">\n\t\t\t\t\t\t<div class=\"elementor-container elementor-column-gap-default\">\n\t\t\t\t\t<div class=\"elementor-column elementor-col-100 elementor-top-column elementor-element elementor-element-9f6ffda\" data-id=\"9f6ffda\" data-element_type=\"column\">\n\t\t\t<div class=\"elementor-widget-wrap elementor-element-populated\">\n\t\t\t\t\t\t<div class=\"elementor-element elementor-element-d30f3a6 elementor-widget-divider--separator-type-pattern elementor-widget-divider--no-spacing elementor-widget-divider--view-line elementor-widget elementor-widget-divider\" data-id=\"d30f3a6\" data-element_type=\"widget\" data-widget_type=\"divider.default\">\n\t\t\t\t<div class=\"elementor-widget-container\">\n\t\t\t\t\t\t\t<div class=\"elementor-divider\" style=\"--divider-pattern-url: url(&quot;data:image\/svg+xml,%3Csvg xmlns=&#039;http:\/\/www.w3.org\/2000\/svg&#039; preserveAspectRatio=&#039;xMidYMid meet&#039; overflow=&#039;visible&#039; height=&#039;100%&#039; viewBox=&#039;0 0 126 26&#039; fill=&#039;black&#039; stroke=&#039;none&#039;%3E%3Cpath d=&#039;M3,10.2c2.6,0,2.6,2,2.6,3.2S4.4,16.5,3,16.5s-3-1.4-3-3.2S0.4,10.2,3,10.2z M18.8,10.2c1.7,0,3.2,1.4,3.2,3.2s-1.4,3.2-3.2,3.2c-1.7,0-3.2-1.4-3.2-3.2S17,10.2,18.8,10.2z M34.6,10.2c1.5,0,2.6,1.4,2.6,3.2s-0.5,3.2-1.9,3.2c-1.5,0-3.4-1.4-3.4-3.2S33.1,10.2,34.6,10.2z M50.5,10.2c1.7,0,3.2,1.4,3.2,3.2s-1.4,3.2-3.2,3.2c-1.7,0-3.3-0.9-3.3-2.6S48.7,10.2,50.5,10.2z M66.2,10.2c1.5,0,3.4,1.4,3.4,3.2s-1.9,3.2-3.4,3.2c-1.5,0-2.6-0.4-2.6-2.1S64.8,10.2,66.2,10.2z M82.2,10.2c1.7,0.8,2.6,1.4,2.6,3.2s-0.1,3.2-1.6,3.2c-1.5,0-3.7-1.4-3.7-3.2S80.5,9.4,82.2,10.2zM98.6,10.2c1.5,0,2.6,0.4,2.6,2.1s-1.2,4.2-2.6,4.2c-1.5,0-3.7-0.4-3.7-2.1S97.1,10.2,98.6,10.2z M113.4,10.2c1.2,0,2.2,0.9,2.2,3.2s-0.1,3.2-1.3,3.2s-3.1-1.4-3.1-3.2S112.2,10.2,113.4,10.2z&#039;\/%3E%3C\/svg%3E&quot;);\">\n\t\t\t<span class=\"elementor-divider-separator\">\n\t\t\t\t\t\t<\/span>\n\t\t<\/div>\n\t\t\t\t\t\t<\/div>\n\t\t\t\t<\/div>\n\t\t\t\t\t<\/div>\n\t\t<\/div>\n\t\t\t\t\t<\/div>\n\t\t<\/section>\n\t\t\t\t<section class=\"elementor-section elementor-top-section elementor-element elementor-element-40b46a3 elementor-section-boxed elementor-section-height-default elementor-section-height-default\" data-id=\"40b46a3\" data-element_type=\"section\">\n\t\t\t\t\t\t<div class=\"elementor-container elementor-column-gap-default\">\n\t\t\t\t\t<div class=\"elementor-column elementor-col-50 elementor-top-column elementor-element elementor-element-b51e70a\" data-id=\"b51e70a\" data-element_type=\"column\">\n\t\t\t<div class=\"elementor-widget-wrap elementor-element-populated\">\n\t\t\t\t\t\t<div class=\"elementor-element elementor-element-ad9ee3d elementor-widget elementor-widget-spacer\" data-id=\"ad9ee3d\" data-element_type=\"widget\" data-widget_type=\"spacer.default\">\n\t\t\t\t<div class=\"elementor-widget-container\">\n\t\t\t\t\t\t\t<div class=\"elementor-spacer\">\n\t\t\t<div class=\"elementor-spacer-inner\"><\/div>\n\t\t<\/div>\n\t\t\t\t\t\t<\/div>\n\t\t\t\t<\/div>\n\t\t\t\t<div class=\"elementor-element elementor-element-2dfd52b elementor-widget elementor-widget-image\" data-id=\"2dfd52b\" data-element_type=\"widget\" data-widget_type=\"image.default\">\n\t\t\t\t<div class=\"elementor-widget-container\">\n\t\t\t\t\t\t\t\t\t\t\t\t\t\t\t<img decoding=\"async\" width=\"171\" height=\"300\" src=\"https:\/\/www.projet-cecc.org\/wp-content\/uploads\/logo-AFD-1-171x300.png\" class=\"attachment-medium size-medium wp-image-2965\" alt=\"\" srcset=\"https:\/\/www.projet-cecc.org\/wp-content\/uploads\/logo-AFD-1-171x300.png 171w, https:\/\/www.projet-cecc.org\/wp-content\/uploads\/logo-AFD-1-14x24.png 14w, https:\/\/www.projet-cecc.org\/wp-content\/uploads\/logo-AFD-1-20x36.png 20w, https:\/\/www.projet-cecc.org\/wp-content\/uploads\/logo-AFD-1-27x48.png 27w, https:\/\/www.projet-cecc.org\/wp-content\/uploads\/logo-AFD-1.png 570w\" sizes=\"(max-width: 171px) 100vw, 171px\" \/>\t\t\t\t\t\t\t\t\t\t\t\t\t\t\t<\/div>\n\t\t\t\t<\/div>\n\t\t\t\t\t<\/div>\n\t\t<\/div>\n\t\t\t\t<div class=\"elementor-column elementor-col-50 elementor-top-column elementor-element elementor-element-c0c2fa6\" data-id=\"c0c2fa6\" data-element_type=\"column\">\n\t\t\t<div class=\"elementor-widget-wrap elementor-element-populated\">\n\t\t\t\t\t\t<div class=\"elementor-element elementor-element-5aa36e8 elementor-widget elementor-widget-heading\" data-id=\"5aa36e8\" data-element_type=\"widget\" data-widget_type=\"heading.default\">\n\t\t\t\t<div class=\"elementor-widget-container\">\n\t\t\t\t\t<h2 class=\"elementor-heading-title elementor-size-small\">Bailleur de fonds : <b>Agence Fran\u00e7aise de D\u00e9veloppement (AFD)<\/b>\n<\/h2>\t\t\t\t<\/div>\n\t\t\t\t<\/div>\n\t\t\t\t<div class=\"elementor-element elementor-element-1fb6432 elementor-widget elementor-widget-spacer\" data-id=\"1fb6432\" data-element_type=\"widget\" data-widget_type=\"spacer.default\">\n\t\t\t\t<div class=\"elementor-widget-container\">\n\t\t\t\t\t\t\t<div class=\"elementor-spacer\">\n\t\t\t<div class=\"elementor-spacer-inner\"><\/div>\n\t\t<\/div>\n\t\t\t\t\t\t<\/div>\n\t\t\t\t<\/div>\n\t\t\t\t<div class=\"elementor-element elementor-element-3f22ab0 elementor-widget elementor-widget-text-editor\" data-id=\"3f22ab0\" data-element_type=\"widget\" data-widget_type=\"text-editor.default\">\n\t\t\t\t<div class=\"elementor-widget-container\">\n\t\t\t\t\t\t\t\t\t<p>Le groupe Agence fran\u00e7aise de d\u00e9veloppement (AFD) est un \u00e9tablissement public qui met en \u0153uvre la politique de la France en mati\u00e8re de d\u00e9veloppement et de solidarit\u00e9 internationale. Le d\u00e9veloppement est l\u2019un des trois piliers de l\u2019action ext\u00e9rieure du pays, avec la diplomatie et la d\u00e9fense.\u00a0<\/p><p><b>Site internet :<\/b> <a href=\"https:\/\/www.afd.fr\/fr\">https:\/\/<\/a><a href=\"https:\/\/www.afd.fr\/fr\">www.afd.fr\/fr<\/a><\/p><p>Dans le cadre du projet, l\u2019AFD finance le projet CECC via une subvention de 3 000 000 d\u2019euros. Ce projet s\u2019inscrit dans la strat\u00e9gie de l\u2019AFD dont la mission est de contribuer au progr\u00e8s \u00e9conomique, social et environnemental des pays \u00e0 revenus faibles et interm\u00e9diaires; en leur apportant leur appui sous forme de pr\u00eats, de subventions, d\u2019expertise ou encore d\u2019assistance technique dans de tr\u00e8s nombreux domaines : climat, biodiversit\u00e9, \u00e9nergie, etc. Par ailleurs, le groupe AFD \u00e0 travers son objectif \u00ab\u00a0100% Accord de Paris\u00a0\u00bb, vise \u00e0 financer des projets qui s&rsquo;inscrivent dans des trajectoires de d\u00e9veloppement \u00e0 la fois bas carbone et r\u00e9silient au changement climatique.\u00a0\u00a0<\/p>\t\t\t\t\t\t\t\t<\/div>\n\t\t\t\t<\/div>\n\t\t\t\t\t<\/div>\n\t\t<\/div>\n\t\t\t\t\t<\/div>\n\t\t<\/section>\n\t\t\t\t<\/div>\n\t\t","protected":false},"excerpt":{"rendered":"<p>Mise en \u0153uvre du projet : L\u2019Institut de Recherche pour le D\u00e9veloppement (IRD) L&rsquo;IRD est un \u00e9tablissement public fran\u00e7ais plac\u00e9 sous la double tutelle des minist\u00e8res de l\u2019Enseignement sup\u00e9rieur, de<\/p><\/div>\n<div class=\"blog-btn\"><a href=\"https:\/\/www.projet-cecc.org\/?page_id=1577\" class=\"home-blog-btn\">Lire la suite<\/a><\/p>\n","protected":false},"author":1,"featured_media":0,"parent":0,"menu_order":0,"comment_status":"closed","ping_status":"closed","template":"template\/template-page-full-width.php","meta":{"_monsterinsights_skip_tracking":false,"_monsterinsights_sitenote_active":false,"_monsterinsights_sitenote_note":"","_monsterinsights_sitenote_category":0,"_EventAllDay":false,"_EventTimezone":"","_EventStartDate":"","_EventEndDate":"","_EventStartDateUTC":"","_EventEndDateUTC":"","_EventShowMap":false,"_EventShowMapLink":false,"_EventURL":"","_EventCost":"","_EventCostDescription":"","_EventCurrencySymbol":"","_EventCurrencyPosition":"","_EventDateTimeSeparator":"","_EventTimeRangeSeparator":"","_EventOrganizerID":[],"_EventVenueID":0,"_OrganizerEmail":"","_OrganizerPhone":"","_OrganizerWebsite":"","_VenueAddress":"","_VenueCity":"","_VenueCountry":"","_VenueProvince":"","_VenueZip":"","_VenuePhone":"","_VenueURL":"","_VenueStateProvince":"","_VenueLat":"","_VenueLng":"","footnotes":""},"class_list":["post-1577","page","type-page","status-publish","hentry"],"_links":{"self":[{"href":"https:\/\/www.projet-cecc.org\/index.php?rest_route=\/wp\/v2\/pages\/1577","targetHints":{"allow":["GET"]}}],"collection":[{"href":"https:\/\/www.projet-cecc.org\/index.php?rest_route=\/wp\/v2\/pages"}],"about":[{"href":"https:\/\/www.projet-cecc.org\/index.php?rest_route=\/wp\/v2\/types\/page"}],"author":[{"embeddable":true,"href":"https:\/\/www.projet-cecc.org\/index.php?rest_route=\/wp\/v2\/users\/1"}],"replies":[{"embeddable":true,"href":"https:\/\/www.projet-cecc.org\/index.php?rest_route=%2Fwp%2Fv2%2Fcomments&post=1577"}],"version-history":[{"count":188,"href":"https:\/\/www.projet-cecc.org\/index.php?rest_route=\/wp\/v2\/pages\/1577\/revisions"}],"predecessor-version":[{"id":3552,"href":"https:\/\/www.projet-cecc.org\/index.php?rest_route=\/wp\/v2\/pages\/1577\/revisions\/3552"}],"wp:attachment":[{"href":"https:\/\/www.projet-cecc.org\/index.php?rest_route=%2Fwp%2Fv2%2Fmedia&parent=1577"}],"curies":[{"name":"wp","href":"https:\/\/api.w.org\/{rel}","templated":true}]}}