{"id":1575,"date":"2021-09-02T12:14:59","date_gmt":"2021-09-02T10:14:59","guid":{"rendered":"http:\/\/projet-cecc.org\/?page_id=1575"},"modified":"2022-05-04T16:04:46","modified_gmt":"2022-05-04T14:04:46","slug":"zones-cibles-du-projet","status":"publish","type":"page","link":"https:\/\/www.projet-cecc.org\/?page_id=1575","title":{"rendered":"Zones cibles du projet"},"content":{"rendered":"\t\t<div data-elementor-type=\"wp-page\" data-elementor-id=\"1575\" class=\"elementor elementor-1575\" data-elementor-post-type=\"page\">\n\t\t\t\t\t\t<section class=\"elementor-section elementor-top-section elementor-element elementor-element-24614f4 elementor-section-boxed elementor-section-height-default elementor-section-height-default\" data-id=\"24614f4\" data-element_type=\"section\">\n\t\t\t\t\t\t<div class=\"elementor-container elementor-column-gap-default\">\n\t\t\t\t\t<div class=\"elementor-column elementor-col-100 elementor-top-column elementor-element elementor-element-791ed23\" data-id=\"791ed23\" data-element_type=\"column\">\n\t\t\t<div class=\"elementor-widget-wrap elementor-element-populated\">\n\t\t\t\t\t\t<div class=\"elementor-element elementor-element-69c5906 elementor-widget elementor-widget-heading\" data-id=\"69c5906\" data-element_type=\"widget\" data-widget_type=\"heading.default\">\n\t\t\t\t<div class=\"elementor-widget-container\">\n\t\t\t\t\t<h2 class=\"elementor-heading-title elementor-size-default\">Zones cibles du projet CECC<\/h2>\t\t\t\t<\/div>\n\t\t\t\t<\/div>\n\t\t\t\t\t<\/div>\n\t\t<\/div>\n\t\t\t\t\t<\/div>\n\t\t<\/section>\n\t\t\t\t<section class=\"elementor-section elementor-top-section elementor-element elementor-element-11bedc4 elementor-section-boxed elementor-section-height-default elementor-section-height-default\" data-id=\"11bedc4\" data-element_type=\"section\">\n\t\t\t\t\t\t<div class=\"elementor-container elementor-column-gap-default\">\n\t\t\t\t\t<div class=\"elementor-column elementor-col-50 elementor-top-column elementor-element elementor-element-8a877ed\" data-id=\"8a877ed\" data-element_type=\"column\">\n\t\t\t<div class=\"elementor-widget-wrap elementor-element-populated\">\n\t\t\t\t\t\t<div class=\"elementor-element elementor-element-6c08ed3 elementor-widget elementor-widget-spacer\" data-id=\"6c08ed3\" data-element_type=\"widget\" data-widget_type=\"spacer.default\">\n\t\t\t\t<div class=\"elementor-widget-container\">\n\t\t\t\t\t\t\t<div class=\"elementor-spacer\">\n\t\t\t<div class=\"elementor-spacer-inner\"><\/div>\n\t\t<\/div>\n\t\t\t\t\t\t<\/div>\n\t\t\t\t<\/div>\n\t\t\t\t<div class=\"elementor-element elementor-element-af37044 elementor-widget__width-auto elementor-widget elementor-widget-image\" data-id=\"af37044\" data-element_type=\"widget\" data-widget_type=\"image.default\">\n\t\t\t\t<div class=\"elementor-widget-container\">\n\t\t\t\t\t\t\t\t\t\t\t\t\t\t\t<img fetchpriority=\"high\" decoding=\"async\" width=\"377\" height=\"334\" src=\"https:\/\/www.projet-cecc.org\/wp-content\/uploads\/CARTE-SITE-INTERNET-Copie-Copie-1.jpg\" class=\"attachment-large size-large wp-image-3668\" alt=\"\" srcset=\"https:\/\/www.projet-cecc.org\/wp-content\/uploads\/CARTE-SITE-INTERNET-Copie-Copie-1.jpg 377w, https:\/\/www.projet-cecc.org\/wp-content\/uploads\/CARTE-SITE-INTERNET-Copie-Copie-1-300x266.jpg 300w, https:\/\/www.projet-cecc.org\/wp-content\/uploads\/CARTE-SITE-INTERNET-Copie-Copie-1-24x21.jpg 24w, https:\/\/www.projet-cecc.org\/wp-content\/uploads\/CARTE-SITE-INTERNET-Copie-Copie-1-36x32.jpg 36w, https:\/\/www.projet-cecc.org\/wp-content\/uploads\/CARTE-SITE-INTERNET-Copie-Copie-1-48x43.jpg 48w\" sizes=\"(max-width: 377px) 100vw, 377px\" \/>\t\t\t\t\t\t\t\t\t\t\t\t\t\t\t<\/div>\n\t\t\t\t<\/div>\n\t\t\t\t\t<\/div>\n\t\t<\/div>\n\t\t\t\t<div class=\"elementor-column elementor-col-50 elementor-top-column elementor-element elementor-element-19fd270\" data-id=\"19fd270\" data-element_type=\"column\">\n\t\t\t<div class=\"elementor-widget-wrap elementor-element-populated\">\n\t\t\t\t\t\t<div class=\"elementor-element elementor-element-53eface elementor-widget elementor-widget-text-editor\" data-id=\"53eface\" data-element_type=\"widget\" data-widget_type=\"text-editor.default\">\n\t\t\t\t<div class=\"elementor-widget-container\">\n\t\t\t\t\t\t\t\t\t<h2>Sahel\u00a0<\/h2><p><span style=\"color: #000000;\">Le r\u00e9chauffement climatique a un impact profond sur le cycle de l&rsquo;eau en Afrique sub-saharienne et notamment au Sahel, affectant toutes ses composantes (pluie, ruissellement, recharge des nappes), \u00e0 toutes les \u00e9chelles qui comptent pour l&rsquo;activit\u00e9 humaine. Un exemple r\u00e9cent de ces modifications en profondeurs est la mise en \u00e9vidence d&rsquo;une hausse continue de la proportion de la pluie annuelle g\u00e9n\u00e9r\u00e9e par des pluies intenses, dans cette r\u00e9gion, alors m\u00eame que l&rsquo;occurrence des pluies continue \u00e0 \u00eatre d\u00e9ficitaire par rapport \u00e0 ce qu&rsquo;elle \u00e9tait lors des deux d\u00e9cennies humides 1950-1970.<\/span><\/p><p><span style=\"color: #000000;\">Les cons\u00e9quences les plus imm\u00e9diates de ces \u00e9volutions hydro-climatiques sont, d&rsquo;une part, une forte augmentation des inondations meurtri\u00e8res et, d&rsquo;autre part, le maintien d&rsquo;un al\u00e9a fort sur les rendements agricoles, m\u00eame en ann\u00e9e globalement propice, comme on l&rsquo;a vu en 2020 au Niger avec des poches de s\u00e8cheresse et de faibles r\u00e9coltes. Inondations et p\u00e9nuries alimentaires constituent autant de chocs, au Sahel, g\u00e9n\u00e9rant des d\u00e9placements de populations qui peuvent se muer en migrations plus lointaines et p\u00e9rennes lorsqu&rsquo;ils se produisent \u00e0 intervalles rapproch\u00e9s.<\/span><\/p>\t\t\t\t\t\t\t\t<\/div>\n\t\t\t\t<\/div>\n\t\t\t\t\t<\/div>\n\t\t<\/div>\n\t\t\t\t\t<\/div>\n\t\t<\/section>\n\t\t\t\t<section class=\"elementor-section elementor-top-section elementor-element elementor-element-a0e3860 elementor-section-boxed elementor-section-height-default elementor-section-height-default\" data-id=\"a0e3860\" data-element_type=\"section\">\n\t\t\t\t\t\t<div class=\"elementor-container elementor-column-gap-default\">\n\t\t\t\t\t<div class=\"elementor-column elementor-col-100 elementor-top-column elementor-element elementor-element-1265c9e\" data-id=\"1265c9e\" data-element_type=\"column\">\n\t\t\t<div class=\"elementor-widget-wrap elementor-element-populated\">\n\t\t\t\t\t\t<div class=\"elementor-element elementor-element-d73c453 elementor-widget elementor-widget-text-editor\" data-id=\"d73c453\" data-element_type=\"widget\" data-widget_type=\"text-editor.default\">\n\t\t\t\t<div class=\"elementor-widget-container\">\n\t\t\t\t\t\t\t\t\t<p><span style=\"color: #000000;\">Avec la population augmentent aussi les besoins \u00e9nerg\u00e9tiques et alimentaires, ainsi que la vuln\u00e9rabilit\u00e9 aux inondations et aux s\u00e9cheresses. Le potentiel des ressources en eau est encore tr\u00e8s important: de production hydro\u00e9lectrique sur de nombreux fleuves \u00e9quatoriaux dont le Congo, et de production alimentaire dans les bassins du S\u00e9n\u00e9gal et du Niger en particulier. Mais dans le contexte actuel, une meilleure connaissance des ressources dans cette r\u00e9gion devient critique \u00e0 la fois pour optimiser leur mobilisation et leur r\u00e9partition entre ces usages, et pour prot\u00e9ger les populations des risques climatiques.<\/span><\/p>\t\t\t\t\t\t\t\t<\/div>\n\t\t\t\t<\/div>\n\t\t\t\t\t<\/div>\n\t\t<\/div>\n\t\t\t\t\t<\/div>\n\t\t<\/section>\n\t\t\t\t<section class=\"elementor-section elementor-top-section elementor-element elementor-element-16d3e34 elementor-section-boxed elementor-section-height-default elementor-section-height-default\" data-id=\"16d3e34\" data-element_type=\"section\">\n\t\t\t\t\t\t<div class=\"elementor-container elementor-column-gap-default\">\n\t\t\t\t\t<div class=\"elementor-column elementor-col-50 elementor-top-column elementor-element elementor-element-63f00b3\" data-id=\"63f00b3\" data-element_type=\"column\">\n\t\t\t<div class=\"elementor-widget-wrap elementor-element-populated\">\n\t\t\t\t\t\t<div class=\"elementor-element elementor-element-e74534d elementor-widget elementor-widget-text-editor\" data-id=\"e74534d\" data-element_type=\"widget\" data-widget_type=\"text-editor.default\">\n\t\t\t\t<div class=\"elementor-widget-container\">\n\t\t\t\t\t\t\t\t\t<h4><strong>Bassin du fleuve Niger :<\/strong><\/h4><p>Le bassin du Fleuve Niger, 4\u00e8me plus grand bassin d&rsquo;Afrique, s&rsquo;\u00e9tend sur une superficie de 2,2 millions de km2 et dans neuf pays de l&rsquo;Afrique de l&rsquo;Ouest : l&rsquo;Alg\u00e9rie, le B\u00e9nin, le Burkina Faso, le Cameroun, la C\u00f4te d&rsquo;Ivoire, la Guin\u00e9e, le Mali, le Niger, le Nig\u00e9ria et le Tchad. Ce bassin est tout particuli\u00e8rement vuln\u00e9rable aux changements climatiques. Le fleuve et ses affluents font l&rsquo;objet d&rsquo;une gestion concert\u00e9e par l&rsquo;Autorit\u00e9 du Bassin du Niger, regroupant les neuf Etats riverains du Fleuve. Ce fleuve rev\u00eat une importance notable pour de nombreuses activit\u00e9s \u00e9conomiques et agricoles, pour l\u2019alimentation en eau potable et la production d\u2019hydro-\u00e9lectricit\u00e9 : il fait en cons\u00e9quence l&rsquo;objet de nombreuses recherches, portant notamment sur l&rsquo;\u00e9volution des ressources en eau, les crues du fleuve et son am\u00e9nagement. La baisse durable des pluies dans toute la r\u00e9gion Sah\u00e9lienne depuis 1970 a entra\u00een\u00e9 des modifications de r\u00e9gime du fleuve, tout au long de son cours (chute du niveau des nappes dans les r\u00e9gions humides, intensification des coefficients d&rsquo;\u00e9coulement dans les r\u00e9gions sah\u00e9liennes).\u00a0<\/p>\t\t\t\t\t\t\t\t<\/div>\n\t\t\t\t<\/div>\n\t\t\t\t\t<\/div>\n\t\t<\/div>\n\t\t\t\t<div class=\"elementor-column elementor-col-50 elementor-top-column elementor-element elementor-element-ee26c53\" data-id=\"ee26c53\" data-element_type=\"column\">\n\t\t\t<div class=\"elementor-widget-wrap elementor-element-populated\">\n\t\t\t\t\t\t<div class=\"elementor-element elementor-element-c20efc8 elementor-widget elementor-widget-spacer\" data-id=\"c20efc8\" data-element_type=\"widget\" data-widget_type=\"spacer.default\">\n\t\t\t\t<div class=\"elementor-widget-container\">\n\t\t\t\t\t\t\t<div class=\"elementor-spacer\">\n\t\t\t<div class=\"elementor-spacer-inner\"><\/div>\n\t\t<\/div>\n\t\t\t\t\t\t<\/div>\n\t\t\t\t<\/div>\n\t\t\t\t<div class=\"elementor-element elementor-element-778262f elementor-widget elementor-widget-image\" data-id=\"778262f\" data-element_type=\"widget\" data-widget_type=\"image.default\">\n\t\t\t\t<div class=\"elementor-widget-container\">\n\t\t\t\t\t\t\t\t\t\t\t\t\t\t\t<img decoding=\"async\" width=\"696\" height=\"391\" src=\"https:\/\/www.projet-cecc.org\/wp-content\/uploads\/Fleuve-Niger-@-IRD-_-Gauthier-Dobigny.jpg\" class=\"attachment-large size-large wp-image-2002\" alt=\"\" srcset=\"https:\/\/www.projet-cecc.org\/wp-content\/uploads\/Fleuve-Niger-@-IRD-_-Gauthier-Dobigny.jpg 800w, https:\/\/www.projet-cecc.org\/wp-content\/uploads\/Fleuve-Niger-@-IRD-_-Gauthier-Dobigny-300x168.jpg 300w, https:\/\/www.projet-cecc.org\/wp-content\/uploads\/Fleuve-Niger-@-IRD-_-Gauthier-Dobigny-768x431.jpg 768w, https:\/\/www.projet-cecc.org\/wp-content\/uploads\/Fleuve-Niger-@-IRD-_-Gauthier-Dobigny-24x13.jpg 24w, https:\/\/www.projet-cecc.org\/wp-content\/uploads\/Fleuve-Niger-@-IRD-_-Gauthier-Dobigny-36x20.jpg 36w, https:\/\/www.projet-cecc.org\/wp-content\/uploads\/Fleuve-Niger-@-IRD-_-Gauthier-Dobigny-48x27.jpg 48w\" sizes=\"(max-width: 696px) 100vw, 696px\" \/>\t\t\t\t\t\t\t\t\t\t\t\t\t\t\t<\/div>\n\t\t\t\t<\/div>\n\t\t\t\t\t<\/div>\n\t\t<\/div>\n\t\t\t\t\t<\/div>\n\t\t<\/section>\n\t\t\t\t<section class=\"elementor-section elementor-top-section elementor-element elementor-element-a1f1dc9 elementor-section-boxed elementor-section-height-default elementor-section-height-default\" data-id=\"a1f1dc9\" data-element_type=\"section\">\n\t\t\t\t\t\t<div class=\"elementor-container elementor-column-gap-default\">\n\t\t\t\t\t<div class=\"elementor-column elementor-col-100 elementor-top-column elementor-element elementor-element-67f2f28\" data-id=\"67f2f28\" data-element_type=\"column\">\n\t\t\t<div class=\"elementor-widget-wrap elementor-element-populated\">\n\t\t\t\t\t\t<section class=\"elementor-section elementor-inner-section elementor-element elementor-element-e7adb9c elementor-section-boxed elementor-section-height-default elementor-section-height-default\" data-id=\"e7adb9c\" data-element_type=\"section\">\n\t\t\t\t\t\t<div class=\"elementor-container elementor-column-gap-default\">\n\t\t\t\t\t<div class=\"elementor-column elementor-col-50 elementor-inner-column elementor-element elementor-element-0e091b2\" data-id=\"0e091b2\" data-element_type=\"column\">\n\t\t\t<div class=\"elementor-widget-wrap elementor-element-populated\">\n\t\t\t\t\t\t<div class=\"elementor-element elementor-element-9590e17 elementor-widget elementor-widget-image\" data-id=\"9590e17\" data-element_type=\"widget\" data-widget_type=\"image.default\">\n\t\t\t\t<div class=\"elementor-widget-container\">\n\t\t\t\t\t\t\t\t\t\t\t\t\t\t\t<img decoding=\"async\" width=\"696\" height=\"491\" src=\"https:\/\/www.projet-cecc.org\/wp-content\/uploads\/IRD_074608_ORI-1024x722.jpg\" class=\"attachment-large size-large wp-image-3597\" alt=\"\" srcset=\"https:\/\/www.projet-cecc.org\/wp-content\/uploads\/IRD_074608_ORI-1024x722.jpg 1024w, https:\/\/www.projet-cecc.org\/wp-content\/uploads\/IRD_074608_ORI-300x212.jpg 300w, https:\/\/www.projet-cecc.org\/wp-content\/uploads\/IRD_074608_ORI-768x542.jpg 768w, https:\/\/www.projet-cecc.org\/wp-content\/uploads\/IRD_074608_ORI-1536x1083.jpg 1536w, https:\/\/www.projet-cecc.org\/wp-content\/uploads\/IRD_074608_ORI-2048x1444.jpg 2048w, https:\/\/www.projet-cecc.org\/wp-content\/uploads\/IRD_074608_ORI-24x17.jpg 24w, https:\/\/www.projet-cecc.org\/wp-content\/uploads\/IRD_074608_ORI-36x25.jpg 36w, https:\/\/www.projet-cecc.org\/wp-content\/uploads\/IRD_074608_ORI-48x34.jpg 48w\" sizes=\"(max-width: 696px) 100vw, 696px\" \/>\t\t\t\t\t\t\t\t\t\t\t\t\t\t\t<\/div>\n\t\t\t\t<\/div>\n\t\t\t\t\t<\/div>\n\t\t<\/div>\n\t\t\t\t<div class=\"elementor-column elementor-col-50 elementor-inner-column elementor-element elementor-element-09748fc\" data-id=\"09748fc\" data-element_type=\"column\">\n\t\t\t<div class=\"elementor-widget-wrap elementor-element-populated\">\n\t\t\t\t\t\t<div class=\"elementor-element elementor-element-6a5d22d elementor-widget elementor-widget-text-editor\" data-id=\"6a5d22d\" data-element_type=\"widget\" data-widget_type=\"text-editor.default\">\n\t\t\t\t<div class=\"elementor-widget-container\">\n\t\t\t\t\t\t\t\t\t<h4><strong>Niamey (Niger) :\u00a0<\/strong><\/h4><p>La ville de Niamey, capitale du Niger, peupl\u00e9e de 1,8 millions d&rsquo;habitants se situe sur le Fleuve Niger. La ville est, depuis maintenant plusieurs ann\u00e9es, touch\u00e9e par des inondations annuelles, destructrices. Ces inondations ont g\u00e9n\u00e9ralement lieu lors de la saison des pluies (Juin &#8211; Septembre), particuli\u00e8rement au mois d\u2019Ao\u00fbt, lorsque les pluies sont abondantes et peu espac\u00e9es. En parall\u00e8le, la ville subit aussi des inondations en saison s\u00e8che, li\u00e9es \u00e0 la crue du Fleuve, g\u00e9n\u00e9ralement durant les mois de D\u00e9cembre et Janvier.\u00a0<\/p><p>En 2020, la ville a \u00e9t\u00e9 touch\u00e9e par des pluies diluviennes, et plusieurs quartiers de la capitale se sont retrouv\u00e9s engloutis par les eaux. Ces pluies ont engendr\u00e9 pr\u00e8s de 50 000 sinistr\u00e9s (chiffres du MAH\/GC) et de nombreux foyers ont perdu leurs habitations, leurs cultures et leurs b\u00e9tails.\u00a0<\/p>\t\t\t\t\t\t\t\t<\/div>\n\t\t\t\t<\/div>\n\t\t\t\t\t<\/div>\n\t\t<\/div>\n\t\t\t\t\t<\/div>\n\t\t<\/section>\n\t\t\t\t\t<\/div>\n\t\t<\/div>\n\t\t\t\t\t<\/div>\n\t\t<\/section>\n\t\t\t\t<section class=\"elementor-section elementor-top-section elementor-element elementor-element-66c48ae elementor-section-boxed elementor-section-height-default elementor-section-height-default\" data-id=\"66c48ae\" data-element_type=\"section\">\n\t\t\t\t\t\t<div class=\"elementor-container elementor-column-gap-default\">\n\t\t\t\t\t<div class=\"elementor-column elementor-col-50 elementor-top-column elementor-element elementor-element-a591e17\" data-id=\"a591e17\" data-element_type=\"column\">\n\t\t\t<div class=\"elementor-widget-wrap elementor-element-populated\">\n\t\t\t\t\t\t<div class=\"elementor-element elementor-element-02e420f elementor-widget elementor-widget-text-editor\" data-id=\"02e420f\" data-element_type=\"widget\" data-widget_type=\"text-editor.default\">\n\t\t\t\t<div class=\"elementor-widget-container\">\n\t\t\t\t\t\t\t\t\t<h4>&nbsp;<\/h4><h4><b>Vall\u00e9e du Fleuve S\u00e9n\u00e9gal :&nbsp;<\/b><\/h4>\n<p>Le Fleuve S\u00e9n\u00e9gal s&rsquo;\u00e9tend sur 1750 km et traverse le Mali, la Mauritanie et le S\u00e9n\u00e9gal. Son bassin couvre environ 337 000 km2 et s&rsquo;\u00e9tend, au-del\u00e0 des trois pays du Fleuve, jusqu&rsquo;en Guin\u00e9e. Le r\u00e9gime du fleuve S\u00e9n\u00e9gal est irr\u00e9gulier et d\u00e9pend des pluies de mousson, le bassin se situe de fait dans une zone climatique semi-aride, avec des pr\u00e9cipitation irr\u00e9guli\u00e8res. En 1972, les Etats riverains du Fleuve ont cr\u00e9\u00e9 l&rsquo;OMVS (Organisation de la mise en valeur du fleuve S\u00e9n\u00e9gal) visant \u00e0 valoriser le fleuve et exploiter rationnellement ses ressources, dans le cadre de la GIRE.&nbsp;<\/p>\t\t\t\t\t\t\t\t<\/div>\n\t\t\t\t<\/div>\n\t\t\t\t\t<\/div>\n\t\t<\/div>\n\t\t\t\t<div class=\"elementor-column elementor-col-50 elementor-top-column elementor-element elementor-element-6fa4c35\" data-id=\"6fa4c35\" data-element_type=\"column\">\n\t\t\t<div class=\"elementor-widget-wrap elementor-element-populated\">\n\t\t\t\t\t\t<div class=\"elementor-element elementor-element-83367a9 elementor-widget elementor-widget-image\" data-id=\"83367a9\" data-element_type=\"widget\" data-widget_type=\"image.default\">\n\t\t\t\t<div class=\"elementor-widget-container\">\n\t\t\t\t\t\t\t\t\t\t\t\t\t\t\t<img loading=\"lazy\" decoding=\"async\" width=\"696\" height=\"522\" src=\"https:\/\/www.projet-cecc.org\/wp-content\/uploads\/Inondation-@-IRD.jpg\" class=\"attachment-large size-large wp-image-2001\" alt=\"\" srcset=\"https:\/\/www.projet-cecc.org\/wp-content\/uploads\/Inondation-@-IRD.jpg 800w, https:\/\/www.projet-cecc.org\/wp-content\/uploads\/Inondation-@-IRD-300x225.jpg 300w, https:\/\/www.projet-cecc.org\/wp-content\/uploads\/Inondation-@-IRD-768x576.jpg 768w, https:\/\/www.projet-cecc.org\/wp-content\/uploads\/Inondation-@-IRD-24x18.jpg 24w, https:\/\/www.projet-cecc.org\/wp-content\/uploads\/Inondation-@-IRD-36x27.jpg 36w, https:\/\/www.projet-cecc.org\/wp-content\/uploads\/Inondation-@-IRD-48x36.jpg 48w\" sizes=\"(max-width: 696px) 100vw, 696px\" \/>\t\t\t\t\t\t\t\t\t\t\t\t\t\t\t<\/div>\n\t\t\t\t<\/div>\n\t\t\t\t\t<\/div>\n\t\t<\/div>\n\t\t\t\t\t<\/div>\n\t\t<\/section>\n\t\t\t\t<section class=\"elementor-section elementor-top-section elementor-element elementor-element-769fee7 elementor-section-boxed elementor-section-height-default elementor-section-height-default\" data-id=\"769fee7\" data-element_type=\"section\">\n\t\t\t\t\t\t<div class=\"elementor-container elementor-column-gap-default\">\n\t\t\t\t\t<div class=\"elementor-column elementor-col-50 elementor-top-column elementor-element elementor-element-11ed7f0\" data-id=\"11ed7f0\" data-element_type=\"column\">\n\t\t\t<div class=\"elementor-widget-wrap elementor-element-populated\">\n\t\t\t\t\t\t<div class=\"elementor-element elementor-element-64b310a elementor-widget elementor-widget-image\" data-id=\"64b310a\" data-element_type=\"widget\" data-widget_type=\"image.default\">\n\t\t\t\t<div class=\"elementor-widget-container\">\n\t\t\t\t\t\t\t\t\t\t\t\t\t\t\t<img loading=\"lazy\" decoding=\"async\" width=\"696\" height=\"202\" src=\"https:\/\/www.projet-cecc.org\/wp-content\/uploads\/IRD_076174_ORI-3-scaled-e1717492193484-1024x297.jpg\" class=\"attachment-large size-large wp-image-3673\" alt=\"\" srcset=\"https:\/\/www.projet-cecc.org\/wp-content\/uploads\/IRD_076174_ORI-3-scaled-e1717492193484-1024x297.jpg 1024w, https:\/\/www.projet-cecc.org\/wp-content\/uploads\/IRD_076174_ORI-3-scaled-e1717492193484-300x87.jpg 300w, https:\/\/www.projet-cecc.org\/wp-content\/uploads\/IRD_076174_ORI-3-scaled-e1717492193484-768x223.jpg 768w, https:\/\/www.projet-cecc.org\/wp-content\/uploads\/IRD_076174_ORI-3-scaled-e1717492193484-1536x445.jpg 1536w, https:\/\/www.projet-cecc.org\/wp-content\/uploads\/IRD_076174_ORI-3-scaled-e1717492193484-2048x594.jpg 2048w, https:\/\/www.projet-cecc.org\/wp-content\/uploads\/IRD_076174_ORI-3-scaled-e1717492193484-24x7.jpg 24w, https:\/\/www.projet-cecc.org\/wp-content\/uploads\/IRD_076174_ORI-3-scaled-e1717492193484-36x10.jpg 36w, https:\/\/www.projet-cecc.org\/wp-content\/uploads\/IRD_076174_ORI-3-scaled-e1717492193484-48x14.jpg 48w\" sizes=\"(max-width: 696px) 100vw, 696px\" \/>\t\t\t\t\t\t\t\t\t\t\t\t\t\t\t<\/div>\n\t\t\t\t<\/div>\n\t\t\t\t\t<\/div>\n\t\t<\/div>\n\t\t\t\t<div class=\"elementor-column elementor-col-50 elementor-top-column elementor-element elementor-element-412b604\" data-id=\"412b604\" data-element_type=\"column\">\n\t\t\t<div class=\"elementor-widget-wrap elementor-element-populated\">\n\t\t\t\t\t\t<div class=\"elementor-element elementor-element-e63dd63 elementor-widget elementor-widget-text-editor\" data-id=\"e63dd63\" data-element_type=\"widget\" data-widget_type=\"text-editor.default\">\n\t\t\t\t<div class=\"elementor-widget-container\">\n\t\t\t\t\t\t\t\t\t<h4><strong>&nbsp;<\/strong><\/h4>\n<h4><strong>&nbsp;<\/strong><strong>Dakar (S\u00e9n\u00e9gal) :<\/strong><\/h4>\n<p>La ville de Dakar est la capitale de la R\u00e9publique du S\u00e9n\u00e9gal, son agglom\u00e9ration compte plus de 3 millions d&rsquo;habitants. Dakar s&rsquo;est tr\u00e8s rapidement d\u00e9velopp\u00e9e, et est pass\u00e9e de 400 000 habitants en 1970 \u00e0 plus de 3 millions d&rsquo;habitants en 2018, sous l&rsquo;effet des migrations depuis les campagnes et de l&rsquo;accroissement naturel. La ville est r\u00e9guli\u00e8rement touch\u00e9e par de fortes inondations, lors de la saison annuelle des pluies, causant des dommages importants sur les infrastructures publiques et mena\u00e7ant la sant\u00e9 des populations, notamment des plus d\u00e9munis.<\/p>\t\t\t\t\t\t\t\t<\/div>\n\t\t\t\t<\/div>\n\t\t\t\t\t<\/div>\n\t\t<\/div>\n\t\t\t\t\t<\/div>\n\t\t<\/section>\n\t\t\t\t<section class=\"elementor-section elementor-top-section elementor-element elementor-element-95aa912 elementor-section-boxed elementor-section-height-default elementor-section-height-default\" data-id=\"95aa912\" data-element_type=\"section\">\n\t\t\t\t\t\t<div class=\"elementor-container elementor-column-gap-default\">\n\t\t\t\t\t<div class=\"elementor-column elementor-col-100 elementor-top-column elementor-element elementor-element-4114eea\" data-id=\"4114eea\" data-element_type=\"column\">\n\t\t\t<div class=\"elementor-widget-wrap elementor-element-populated\">\n\t\t\t\t\t\t<div class=\"elementor-element elementor-element-eaaab15 elementor-widget-divider--separator-type-pattern elementor-widget-divider--no-spacing elementor-widget-divider--view-line elementor-widget elementor-widget-divider\" data-id=\"eaaab15\" data-element_type=\"widget\" data-widget_type=\"divider.default\">\n\t\t\t\t<div class=\"elementor-widget-container\">\n\t\t\t\t\t\t\t<div class=\"elementor-divider\" style=\"--divider-pattern-url: url(&quot;data:image\/svg+xml,%3Csvg xmlns=&#039;http:\/\/www.w3.org\/2000\/svg&#039; preserveAspectRatio=&#039;xMidYMid meet&#039; overflow=&#039;visible&#039; height=&#039;100%&#039; viewBox=&#039;0 0 126 26&#039; fill=&#039;black&#039; stroke=&#039;none&#039;%3E%3Cpath d=&#039;M3,10.2c2.6,0,2.6,2,2.6,3.2S4.4,16.5,3,16.5s-3-1.4-3-3.2S0.4,10.2,3,10.2z M18.8,10.2c1.7,0,3.2,1.4,3.2,3.2s-1.4,3.2-3.2,3.2c-1.7,0-3.2-1.4-3.2-3.2S17,10.2,18.8,10.2z M34.6,10.2c1.5,0,2.6,1.4,2.6,3.2s-0.5,3.2-1.9,3.2c-1.5,0-3.4-1.4-3.4-3.2S33.1,10.2,34.6,10.2z M50.5,10.2c1.7,0,3.2,1.4,3.2,3.2s-1.4,3.2-3.2,3.2c-1.7,0-3.3-0.9-3.3-2.6S48.7,10.2,50.5,10.2z M66.2,10.2c1.5,0,3.4,1.4,3.4,3.2s-1.9,3.2-3.4,3.2c-1.5,0-2.6-0.4-2.6-2.1S64.8,10.2,66.2,10.2z M82.2,10.2c1.7,0.8,2.6,1.4,2.6,3.2s-0.1,3.2-1.6,3.2c-1.5,0-3.7-1.4-3.7-3.2S80.5,9.4,82.2,10.2zM98.6,10.2c1.5,0,2.6,0.4,2.6,2.1s-1.2,4.2-2.6,4.2c-1.5,0-3.7-0.4-3.7-2.1S97.1,10.2,98.6,10.2z M113.4,10.2c1.2,0,2.2,0.9,2.2,3.2s-0.1,3.2-1.3,3.2s-3.1-1.4-3.1-3.2S112.2,10.2,113.4,10.2z&#039;\/%3E%3C\/svg%3E&quot;);\">\n\t\t\t<span class=\"elementor-divider-separator\">\n\t\t\t\t\t\t<\/span>\n\t\t<\/div>\n\t\t\t\t\t\t<\/div>\n\t\t\t\t<\/div>\n\t\t\t\t\t<\/div>\n\t\t<\/div>\n\t\t\t\t\t<\/div>\n\t\t<\/section>\n\t\t\t\t<section class=\"elementor-section elementor-top-section elementor-element elementor-element-acdd89c elementor-section-boxed elementor-section-height-default elementor-section-height-default\" data-id=\"acdd89c\" data-element_type=\"section\">\n\t\t\t\t\t\t<div class=\"elementor-container elementor-column-gap-default\">\n\t\t\t\t\t<div class=\"elementor-column elementor-col-50 elementor-top-column elementor-element elementor-element-fbf282b\" data-id=\"fbf282b\" data-element_type=\"column\">\n\t\t\t<div class=\"elementor-widget-wrap elementor-element-populated\">\n\t\t\t\t\t\t<div class=\"elementor-element elementor-element-04bddb7 elementor-widget elementor-widget-spacer\" data-id=\"04bddb7\" data-element_type=\"widget\" data-widget_type=\"spacer.default\">\n\t\t\t\t<div class=\"elementor-widget-container\">\n\t\t\t\t\t\t\t<div class=\"elementor-spacer\">\n\t\t\t<div class=\"elementor-spacer-inner\"><\/div>\n\t\t<\/div>\n\t\t\t\t\t\t<\/div>\n\t\t\t\t<\/div>\n\t\t\t\t<div class=\"elementor-element elementor-element-7927ad4 elementor-widget__width-auto elementor-widget elementor-widget-image\" data-id=\"7927ad4\" data-element_type=\"widget\" data-widget_type=\"image.default\">\n\t\t\t\t<div class=\"elementor-widget-container\">\n\t\t\t\t\t\t\t\t\t\t\t\t\t\t\t<img loading=\"lazy\" decoding=\"async\" width=\"377\" height=\"334\" src=\"https:\/\/www.projet-cecc.org\/wp-content\/uploads\/CARTE-SITE-INTERNET-Copie-2.jpg\" class=\"attachment-large size-large wp-image-3669\" alt=\"\" srcset=\"https:\/\/www.projet-cecc.org\/wp-content\/uploads\/CARTE-SITE-INTERNET-Copie-2.jpg 377w, https:\/\/www.projet-cecc.org\/wp-content\/uploads\/CARTE-SITE-INTERNET-Copie-2-300x266.jpg 300w, https:\/\/www.projet-cecc.org\/wp-content\/uploads\/CARTE-SITE-INTERNET-Copie-2-24x21.jpg 24w, https:\/\/www.projet-cecc.org\/wp-content\/uploads\/CARTE-SITE-INTERNET-Copie-2-36x32.jpg 36w, https:\/\/www.projet-cecc.org\/wp-content\/uploads\/CARTE-SITE-INTERNET-Copie-2-48x43.jpg 48w\" sizes=\"(max-width: 377px) 100vw, 377px\" \/>\t\t\t\t\t\t\t\t\t\t\t\t\t\t\t<\/div>\n\t\t\t\t<\/div>\n\t\t\t\t\t<\/div>\n\t\t<\/div>\n\t\t\t\t<div class=\"elementor-column elementor-col-50 elementor-top-column elementor-element elementor-element-806089a\" data-id=\"806089a\" data-element_type=\"column\">\n\t\t\t<div class=\"elementor-widget-wrap elementor-element-populated\">\n\t\t\t\t\t\t<div class=\"elementor-element elementor-element-f741fcb elementor-widget elementor-widget-text-editor\" data-id=\"f741fcb\" data-element_type=\"widget\" data-widget_type=\"text-editor.default\">\n\t\t\t\t<div class=\"elementor-widget-container\">\n\t\t\t\t\t\t\t\t\t<h2>Andes :<\/h2><p>Comme observ\u00e9 en Afrique de l\u2019Ouest, une intensification du r\u00e9gime hydrologique a \u00e9t\u00e9 document\u00e9e en Am\u00e9rique du Sud tropicale. Dans le bassin de l\u2019Amazone, la fr\u00e9quence des inondations extr\u00eames est pass\u00e9e de 1\/20 ans avant les ann\u00e9es 1970s \u00e0 1\/4 ans apr\u00e8s les ann\u00e9es 1990s. Cette intensification est particuli\u00e8rement remarquable dans le nord-ouest du bassin, particuli\u00e8rement dans la r\u00e9gion Andino-Amazonienne de la Colombie, l\u2019\u00c9quateur et le nord de l\u2019Amazonie P\u00e9ruvienne. Ces inondations ont fortement impact\u00e9 les populations, en Amazonie et dans le piedmont Andin, par exemple \u00e0 Mocoa (Colombie) en 2017 ou \u00e0 Cuzco (P\u00e9rou) en 2010, entre autres.<\/p><p>Depuis le d\u00e9but du 21<sup>\u00e8me<\/sup> si\u00e8cle, une augmentation des flux d\u2019humidit\u00e9 provenant de l\u2019Atlantique et la Mer Cara\u00efbe a \u00e9t\u00e9 constat\u00e9e, modifiant les principaux m\u00e9canismes climatiques associ\u00e9es \u00e0 la variabilit\u00e9 interannuelle des pr\u00e9cipitations dans les Andes Centrales et l\u2019Altiplano P\u00e9ruano-Bolivien. Ce changement rend plus compliqu\u00e9e la pr\u00e9vision op\u00e9rationnelle des \u00e9v\u00e9nements climatiques extr\u00eames ainsi que leur projection future dans le cadre du changement climatique.<\/p>\t\t\t\t\t\t\t\t<\/div>\n\t\t\t\t<\/div>\n\t\t\t\t\t<\/div>\n\t\t<\/div>\n\t\t\t\t\t<\/div>\n\t\t<\/section>\n\t\t\t\t<section class=\"elementor-section elementor-top-section elementor-element elementor-element-6bf4cc1 elementor-section-boxed elementor-section-height-default elementor-section-height-default\" data-id=\"6bf4cc1\" data-element_type=\"section\">\n\t\t\t\t\t\t<div class=\"elementor-container elementor-column-gap-default\">\n\t\t\t\t\t<div class=\"elementor-column elementor-col-100 elementor-top-column elementor-element elementor-element-979d506\" data-id=\"979d506\" data-element_type=\"column\">\n\t\t\t<div class=\"elementor-widget-wrap elementor-element-populated\">\n\t\t\t\t\t\t<div class=\"elementor-element elementor-element-229c71b elementor-widget elementor-widget-text-editor\" data-id=\"229c71b\" data-element_type=\"widget\" data-widget_type=\"text-editor.default\">\n\t\t\t\t<div class=\"elementor-widget-container\">\n\t\t\t\t\t\t\t\t\t<p>En revanche, dans le sud du bassin Amazonien, on assiste \u00e0 un \u00e9largissement de la saison s\u00e8che et \u00e0 une diminution de la pr\u00e9cipitation et des d\u00e9bits des fleuves. Le r\u00e9chauffement climatique, d\u2019un c\u00f4t\u00e9, et la d\u00e9gradation de la for\u00eat Amazonienne, de l\u2019autre, sont une v\u00e9ritable menace pour la s\u00e9curit\u00e9 alimentaire et \u00e9nerg\u00e9tique des pays andins.<\/p><p>Un certain nombre des bassin versants les plus menac\u00e9s par les changements futurs, s\u2019\u00e9tendent sur plusieurs pays Andins. Par cons\u00e9quent, \u00e9laborer une vision int\u00e9gr\u00e9e des trajectoires hydroclimatiques dans cette r\u00e9gion est une n\u00e9cessit\u00e9 pour les d\u00e9cideurs et les gestionnaires.\u00a0D\u2019un point de vue op\u00e9rationnel, la pr\u00e9vision et la gestion des risques hydroclimatiques est aussi un d\u00e9fi dans ce contexte r\u00e9gional.<\/p>\t\t\t\t\t\t\t\t<\/div>\n\t\t\t\t<\/div>\n\t\t\t\t\t<\/div>\n\t\t<\/div>\n\t\t\t\t\t<\/div>\n\t\t<\/section>\n\t\t\t\t<section class=\"elementor-section elementor-top-section elementor-element elementor-element-a206426 elementor-section-boxed elementor-section-height-default elementor-section-height-default\" data-id=\"a206426\" data-element_type=\"section\">\n\t\t\t\t\t\t<div class=\"elementor-container elementor-column-gap-default\">\n\t\t\t\t\t<div class=\"elementor-column elementor-col-50 elementor-top-column elementor-element elementor-element-6023fb0\" data-id=\"6023fb0\" data-element_type=\"column\">\n\t\t\t<div class=\"elementor-widget-wrap elementor-element-populated\">\n\t\t\t\t\t\t<div class=\"elementor-element elementor-element-c8de0d1 elementor-widget elementor-widget-text-editor\" data-id=\"c8de0d1\" data-element_type=\"widget\" data-widget_type=\"text-editor.default\">\n\t\t\t\t<div class=\"elementor-widget-container\">\n\t\t\t\t\t\t\t\t\t<h4><b>Lac Titicaca :\u00a0<\/b><\/h4><p>Le\u00a0lac Titicaca se situe dans la cordill\u00e8re des Andes, \u00e0 3\u00a0812\u00a0m\u00e8tres au-dessus du\u00a0niveau de la mer, et s&rsquo;\u00e9tend sur environ 8 562 <abbr class=\"abbr\" title=\"kilom\u00e8tre carr\u00e9\">km<sup>2<\/sup><\/abbr>, parmi lesquels 4\u00a0772\u00a0<abbr class=\"abbr\" title=\"kilom\u00e8tre carr\u00e9\">km<sup>2<\/sup><\/abbr>\u00a0(56\u00a0%) correspondent au territoire p\u00e9ruvien et le reste (3\u00a0790\u00a0<abbr class=\"abbr\" title=\"kilom\u00e8tre carr\u00e9\">km<sup>2<\/sup><\/abbr>, ou 44 %) \u00e0 la Bolivie. C&rsquo;est le plus grand lac d&rsquo;Am\u00e9rique du Sud en termes de volume d&rsquo;eau<sup id=\"cite_ref-strontium_1-0\" class=\"reference\"><\/sup> et en longueur (190 km). Il est au centre d&rsquo;un grand bassin ayant une superficie de l&rsquo;ordre de 58\u00a0000\u00a0<abbr class=\"abbr\" title=\"kilom\u00e8tre carr\u00e9\">km<sup>2<\/sup><\/abbr>, dont 39\u00a0017\u00a0<abbr class=\"abbr\" title=\"kilom\u00e8tre carr\u00e9\">km<sup>2<\/sup><\/abbr> au P\u00e9rou, appartenant ainsi \u00e0 plus de 80% au territoire p\u00e9ruvien. Le bassin versant se subdivise en <span class=\"nowrap\">dix sous-bassins<\/span>. Plus de vingt-cinq rivi\u00e8res se jettent dans le lac Titicaca et il compte 41 \u00eeles dont certaines sont habit\u00e9es.<\/p><p>Le lac Titicaca est rempli d&rsquo;eaux provenant du ruissellement\u00a0pluvial\u00a0et de la\u00a0fonte des neiges.\u00a0Depuis le\u00a0<time class=\"nowrap\" datetime=\"1998-09-11\" data-sort-value=\"1998-09-11\">11 septembre 1998<\/time>, il est class\u00e9 comme site Ramsar pour l&rsquo;importance de ses zones humides.<sup id=\"cite_ref-7\" class=\"reference\"><\/sup><\/p>\t\t\t\t\t\t\t\t<\/div>\n\t\t\t\t<\/div>\n\t\t\t\t\t<\/div>\n\t\t<\/div>\n\t\t\t\t<div class=\"elementor-column elementor-col-50 elementor-top-column elementor-element elementor-element-163a9fa\" data-id=\"163a9fa\" data-element_type=\"column\">\n\t\t\t<div class=\"elementor-widget-wrap elementor-element-populated\">\n\t\t\t\t\t\t<div class=\"elementor-element elementor-element-f9f552e elementor-widget elementor-widget-image\" data-id=\"f9f552e\" data-element_type=\"widget\" data-widget_type=\"image.default\">\n\t\t\t\t<div class=\"elementor-widget-container\">\n\t\t\t\t\t\t\t\t\t\t\t\t\t\t\t<img loading=\"lazy\" decoding=\"async\" width=\"696\" height=\"522\" src=\"https:\/\/www.projet-cecc.org\/wp-content\/uploads\/IRD_031185_ORI-1024x768.jpg\" class=\"attachment-large size-large wp-image-3675\" alt=\"\" srcset=\"https:\/\/www.projet-cecc.org\/wp-content\/uploads\/IRD_031185_ORI-1024x768.jpg 1024w, https:\/\/www.projet-cecc.org\/wp-content\/uploads\/IRD_031185_ORI-300x225.jpg 300w, https:\/\/www.projet-cecc.org\/wp-content\/uploads\/IRD_031185_ORI-768x576.jpg 768w, https:\/\/www.projet-cecc.org\/wp-content\/uploads\/IRD_031185_ORI-1536x1152.jpg 1536w, https:\/\/www.projet-cecc.org\/wp-content\/uploads\/IRD_031185_ORI-2048x1536.jpg 2048w, https:\/\/www.projet-cecc.org\/wp-content\/uploads\/IRD_031185_ORI-24x18.jpg 24w, https:\/\/www.projet-cecc.org\/wp-content\/uploads\/IRD_031185_ORI-36x27.jpg 36w, https:\/\/www.projet-cecc.org\/wp-content\/uploads\/IRD_031185_ORI-48x36.jpg 48w\" sizes=\"(max-width: 696px) 100vw, 696px\" \/>\t\t\t\t\t\t\t\t\t\t\t\t\t\t\t<\/div>\n\t\t\t\t<\/div>\n\t\t\t\t\t<\/div>\n\t\t<\/div>\n\t\t\t\t\t<\/div>\n\t\t<\/section>\n\t\t\t\t<section class=\"elementor-section elementor-top-section elementor-element elementor-element-b6ad962 elementor-section-boxed elementor-section-height-default elementor-section-height-default\" data-id=\"b6ad962\" data-element_type=\"section\">\n\t\t\t\t\t\t<div class=\"elementor-container elementor-column-gap-default\">\n\t\t\t\t\t<div class=\"elementor-column elementor-col-50 elementor-top-column elementor-element elementor-element-bd7ad95\" data-id=\"bd7ad95\" data-element_type=\"column\">\n\t\t\t<div class=\"elementor-widget-wrap elementor-element-populated\">\n\t\t\t\t\t\t<div class=\"elementor-element elementor-element-188986f elementor-widget elementor-widget-image\" data-id=\"188986f\" data-element_type=\"widget\" data-widget_type=\"image.default\">\n\t\t\t\t<div class=\"elementor-widget-container\">\n\t\t\t\t\t\t\t\t\t\t\t\t\t\t\t<img loading=\"lazy\" decoding=\"async\" width=\"696\" height=\"713\" src=\"https:\/\/www.projet-cecc.org\/wp-content\/uploads\/IRD_007129_ORI-1-1000x1024.jpg\" class=\"attachment-large size-large wp-image-3682\" alt=\"\" srcset=\"https:\/\/www.projet-cecc.org\/wp-content\/uploads\/IRD_007129_ORI-1-1000x1024.jpg 1000w, https:\/\/www.projet-cecc.org\/wp-content\/uploads\/IRD_007129_ORI-1-293x300.jpg 293w, https:\/\/www.projet-cecc.org\/wp-content\/uploads\/IRD_007129_ORI-1-768x786.jpg 768w, https:\/\/www.projet-cecc.org\/wp-content\/uploads\/IRD_007129_ORI-1-24x24.jpg 24w, https:\/\/www.projet-cecc.org\/wp-content\/uploads\/IRD_007129_ORI-1-36x36.jpg 36w, https:\/\/www.projet-cecc.org\/wp-content\/uploads\/IRD_007129_ORI-1-48x48.jpg 48w, https:\/\/www.projet-cecc.org\/wp-content\/uploads\/IRD_007129_ORI-1.jpg 1330w\" sizes=\"(max-width: 696px) 100vw, 696px\" \/>\t\t\t\t\t\t\t\t\t\t\t\t\t\t\t<\/div>\n\t\t\t\t<\/div>\n\t\t\t\t\t<\/div>\n\t\t<\/div>\n\t\t\t\t<div class=\"elementor-column elementor-col-50 elementor-top-column elementor-element elementor-element-bc9be76\" data-id=\"bc9be76\" data-element_type=\"column\">\n\t\t\t<div class=\"elementor-widget-wrap elementor-element-populated\">\n\t\t\t\t\t\t<div class=\"elementor-element elementor-element-7f86458 elementor-widget elementor-widget-text-editor\" data-id=\"7f86458\" data-element_type=\"widget\" data-widget_type=\"text-editor.default\">\n\t\t\t\t<div class=\"elementor-widget-container\">\n\t\t\t\t\t\t\t\t\t<h4>\u00a0<\/h4><h4><strong>Bassin du haut B\u00e9ni :\u00a0<\/strong><\/h4><p>Le\u00a0r\u00edo Beni est une rivi\u00e8re de l&rsquo;ouest de la Bolivie qui se joint au r\u00edo Mamor\u00e9 pour former le r\u00edo Madeira, principal affluent de l&rsquo;Amazone. Son bassin recouvre une superficie de plus de 283 000 <abbr class=\"abbr\" title=\"kilom\u00e8tre carr\u00e9\">km<sup>2<\/sup><\/abbr> (y compris les bassins de tous ses affluents). Il s&rsquo;\u00e9tend en\u00a0Bolivie\u00a0et au\u00a0P\u00e9rou.<\/p><p>Le Beni na\u00eet sur le versant oriental de la\u00a0Cordill\u00e8re des Andes\u00a0de la jonction de multiples rivi\u00e8res qui descendent de la montagne.<\/p><p>Le bassin sup\u00e9rieur du Beni est complexe car constitu\u00e9 d&rsquo;un \u00e9ventail de rivi\u00e8res comparables qui changent de nom \u00e0 chaque confluent important. Par ailleurs la pluviom\u00e9trie et l&rsquo;\u00e9coulement sont tr\u00e8s h\u00e9t\u00e9rog\u00e8nes entre les hautes vall\u00e9es andines relativement s\u00e8ches (de 600 \u00e0 1000 mm de pluie par an) et le versant de la montagne (Yungas) qui prend de plein fouet l&rsquo;humidit\u00e9 qui vient de l&rsquo;Amazonie (de 4 \u00e0 6 m\u00e8tres de pluie par an). En cons\u00e9quence, les torrents qui constituent le cours sup\u00e9rieur du Beni grossissent consid\u00e9rablement en quelques dizaines de kilom\u00e8tres en sortant de la montagne. L&rsquo;\u00e9rosion y est l&rsquo;une des plus actives du bassin de Amazone.<\/p>\t\t\t\t\t\t\t\t<\/div>\n\t\t\t\t<\/div>\n\t\t\t\t\t<\/div>\n\t\t<\/div>\n\t\t\t\t\t<\/div>\n\t\t<\/section>\n\t\t\t\t<\/div>\n\t\t","protected":false},"excerpt":{"rendered":"<p>Zones cibles du projet CECC Sahel\u00a0 Le r\u00e9chauffement climatique a un impact profond sur le cycle de l&rsquo;eau en Afrique sub-saharienne et notamment au Sahel, affectant toutes ses composantes (pluie,<\/p><\/div>\n<div class=\"blog-btn\"><a href=\"https:\/\/www.projet-cecc.org\/?page_id=1575\" class=\"home-blog-btn\">Lire la suite<\/a><\/p>\n","protected":false},"author":1,"featured_media":0,"parent":0,"menu_order":0,"comment_status":"closed","ping_status":"closed","template":"template\/template-page-full-width.php","meta":{"_monsterinsights_skip_tracking":false,"_monsterinsights_sitenote_active":false,"_monsterinsights_sitenote_note":"","_monsterinsights_sitenote_category":0,"_EventAllDay":false,"_EventTimezone":"","_EventStartDate":"","_EventEndDate":"","_EventStartDateUTC":"","_EventEndDateUTC":"","_EventShowMap":false,"_EventShowMapLink":false,"_EventURL":"","_EventCost":"","_EventCostDescription":"","_EventCurrencySymbol":"","_EventCurrencyPosition":"","_EventDateTimeSeparator":"","_EventTimeRangeSeparator":"","_EventOrganizerID":[],"_EventVenueID":0,"_OrganizerEmail":"","_OrganizerPhone":"","_OrganizerWebsite":"","_VenueAddress":"","_VenueCity":"","_VenueCountry":"","_VenueProvince":"","_VenueZip":"","_VenuePhone":"","_VenueURL":"","_VenueStateProvince":"","_VenueLat":"","_VenueLng":"","footnotes":""},"class_list":["post-1575","page","type-page","status-publish","hentry"],"_links":{"self":[{"href":"https:\/\/www.projet-cecc.org\/index.php?rest_route=\/wp\/v2\/pages\/1575","targetHints":{"allow":["GET"]}}],"collection":[{"href":"https:\/\/www.projet-cecc.org\/index.php?rest_route=\/wp\/v2\/pages"}],"about":[{"href":"https:\/\/www.projet-cecc.org\/index.php?rest_route=\/wp\/v2\/types\/page"}],"author":[{"embeddable":true,"href":"https:\/\/www.projet-cecc.org\/index.php?rest_route=\/wp\/v2\/users\/1"}],"replies":[{"embeddable":true,"href":"https:\/\/www.projet-cecc.org\/index.php?rest_route=%2Fwp%2Fv2%2Fcomments&post=1575"}],"version-history":[{"count":102,"href":"https:\/\/www.projet-cecc.org\/index.php?rest_route=\/wp\/v2\/pages\/1575\/revisions"}],"predecessor-version":[{"id":3688,"href":"https:\/\/www.projet-cecc.org\/index.php?rest_route=\/wp\/v2\/pages\/1575\/revisions\/3688"}],"wp:attachment":[{"href":"https:\/\/www.projet-cecc.org\/index.php?rest_route=%2Fwp%2Fv2%2Fmedia&parent=1575"}],"curies":[{"name":"wp","href":"https:\/\/api.w.org\/{rel}","templated":true}]}}