{"id":1569,"date":"2021-09-02T12:00:36","date_gmt":"2021-09-02T10:00:36","guid":{"rendered":"http:\/\/projet-cecc.org\/?page_id=1569"},"modified":"2022-05-04T10:51:15","modified_gmt":"2022-05-04T08:51:15","slug":"contexte-et-enjeux-cles","status":"publish","type":"page","link":"https:\/\/www.projet-cecc.org\/?page_id=1569","title":{"rendered":"Contexte, enjeux et objectifs"},"content":{"rendered":"\t\t<div data-elementor-type=\"wp-page\" data-elementor-id=\"1569\" class=\"elementor elementor-1569\" data-elementor-post-type=\"page\">\n\t\t\t\t\t\t<section class=\"elementor-section elementor-top-section elementor-element elementor-element-a892868 elementor-section-boxed elementor-section-height-default elementor-section-height-default\" data-id=\"a892868\" data-element_type=\"section\">\n\t\t\t\t\t\t<div class=\"elementor-container elementor-column-gap-default\">\n\t\t\t\t\t<div class=\"elementor-column elementor-col-100 elementor-top-column elementor-element elementor-element-f6af2c4\" data-id=\"f6af2c4\" data-element_type=\"column\">\n\t\t\t<div class=\"elementor-widget-wrap elementor-element-populated\">\n\t\t\t\t\t\t<div class=\"elementor-element elementor-element-4522f07 elementor-widget elementor-widget-heading\" data-id=\"4522f07\" data-element_type=\"widget\" data-widget_type=\"heading.default\">\n\t\t\t\t<div class=\"elementor-widget-container\">\n\t\t\t\t\t<h2 class=\"elementor-heading-title elementor-size-medium\">Le contexte et les objectifs du projet <\/h2>\t\t\t\t<\/div>\n\t\t\t\t<\/div>\n\t\t\t\t\t<\/div>\n\t\t<\/div>\n\t\t\t\t\t<\/div>\n\t\t<\/section>\n\t\t\t\t<section class=\"elementor-section elementor-top-section elementor-element elementor-element-12e8642 elementor-section-boxed elementor-section-height-default elementor-section-height-default\" data-id=\"12e8642\" data-element_type=\"section\">\n\t\t\t\t\t\t<div class=\"elementor-container elementor-column-gap-default\">\n\t\t\t\t\t<div class=\"elementor-column elementor-col-50 elementor-top-column elementor-element elementor-element-2a6a26e\" data-id=\"2a6a26e\" data-element_type=\"column\">\n\t\t\t<div class=\"elementor-widget-wrap elementor-element-populated\">\n\t\t\t\t\t\t<div class=\"elementor-element elementor-element-ebe7688 elementor-widget elementor-widget-text-editor\" data-id=\"ebe7688\" data-element_type=\"widget\" data-widget_type=\"text-editor.default\">\n\t\t\t\t<div class=\"elementor-widget-container\">\n\t\t\t\t\t\t\t\t\t<h2>Une d\u00e9j\u00e0 longue histoire<\/h2><p>Le r\u00e9chauffement climatique, combin\u00e9 \u00e0 des \u00e9volutions rapides et profondes de l\u2019usage des terres, a un impact particuli\u00e8rement fort sur le cycle de l&rsquo;eau dans la zone intertropicale Les enjeux soci\u00e9taux associ\u00e9s sont souvent critiques pour le bien \u00eatre, voire la survie des populations, surtout dans les zones s\u00e8ches et semi arides o\u00f9 l\u2019acc\u00e8s \u00e0 l\u2019eau demeure un d\u00e9fi, alors m\u00eame que les risques d\u2019inondation augmentent r\u00e9guli\u00e8rement depuis une bonne dizaine d\u2019ann\u00e9es, comme cela a \u00e9t\u00e9 dramatiquement illustr\u00e9 par les niveaux d\u2019eau records atteints par le fleuve Niger \u00e0 Niamey en 2020 et les nombreux d\u00e9g\u00e2ts mat\u00e9riels et humains que cela a engendr\u00e9<\/p><p>Les bailleurs de fonds tels que l\u2019AFD sont conscients que l\u2019expertise scientifique autour des modifications hydro climatiques drastiques, qui affectent toutes les composantes du cycle hydrologique dans ces zones tropicales s\u00e8ches, demeure insuffisamment prise en compte dans les politiques d\u2019am\u00e9nagement et de gestion En 2016 u n dialogue s\u2019est nou\u00e9 \u00e0 ce sujet avec des \u00e9quipes de chercheurs de l\u2019IRD et a permis de finaliser un projet co financ\u00e9 par l\u2019AFD et l\u2019IRD pour op\u00e9rationnaliser les avanc\u00e9es les plus r\u00e9centes de la recherche sur la question de l\u2019impact des changements du cycle de l\u2019eau au Sahel et dans les Andes.<\/p>\t\t\t\t\t\t\t\t<\/div>\n\t\t\t\t<\/div>\n\t\t\t\t\t<\/div>\n\t\t<\/div>\n\t\t\t\t<div class=\"elementor-column elementor-col-50 elementor-top-column elementor-element elementor-element-862def7\" data-id=\"862def7\" data-element_type=\"column\">\n\t\t\t<div class=\"elementor-widget-wrap elementor-element-populated\">\n\t\t\t\t\t\t<div class=\"elementor-element elementor-element-b872499 elementor-widget elementor-widget-image\" data-id=\"b872499\" data-element_type=\"widget\" data-widget_type=\"image.default\">\n\t\t\t\t<div class=\"elementor-widget-container\">\n\t\t\t\t\t\t\t\t\t\t\t\t\t\t\t<img fetchpriority=\"high\" decoding=\"async\" width=\"696\" height=\"656\" src=\"https:\/\/www.projet-cecc.org\/wp-content\/uploads\/IRD_016812_ORI-1-1024x965.jpg\" class=\"attachment-large size-large wp-image-3613\" alt=\"\" srcset=\"https:\/\/www.projet-cecc.org\/wp-content\/uploads\/IRD_016812_ORI-1-1024x965.jpg 1024w, https:\/\/www.projet-cecc.org\/wp-content\/uploads\/IRD_016812_ORI-1-300x283.jpg 300w, https:\/\/www.projet-cecc.org\/wp-content\/uploads\/IRD_016812_ORI-1-768x724.jpg 768w, https:\/\/www.projet-cecc.org\/wp-content\/uploads\/IRD_016812_ORI-1-1536x1448.jpg 1536w, https:\/\/www.projet-cecc.org\/wp-content\/uploads\/IRD_016812_ORI-1-24x24.jpg 24w, https:\/\/www.projet-cecc.org\/wp-content\/uploads\/IRD_016812_ORI-1-36x34.jpg 36w, https:\/\/www.projet-cecc.org\/wp-content\/uploads\/IRD_016812_ORI-1-48x45.jpg 48w, https:\/\/www.projet-cecc.org\/wp-content\/uploads\/IRD_016812_ORI-1.jpg 1965w\" sizes=\"(max-width: 696px) 100vw, 696px\" \/>\t\t\t\t\t\t\t\t\t\t\t\t\t\t\t<\/div>\n\t\t\t\t<\/div>\n\t\t\t\t\t<\/div>\n\t\t<\/div>\n\t\t\t\t\t<\/div>\n\t\t<\/section>\n\t\t\t\t<section class=\"elementor-section elementor-top-section elementor-element elementor-element-04d351a elementor-section-boxed elementor-section-height-default elementor-section-height-default\" data-id=\"04d351a\" data-element_type=\"section\">\n\t\t\t\t\t\t<div class=\"elementor-container elementor-column-gap-default\">\n\t\t\t\t\t<div class=\"elementor-column elementor-col-100 elementor-top-column elementor-element elementor-element-deb9352\" data-id=\"deb9352\" data-element_type=\"column\">\n\t\t\t<div class=\"elementor-widget-wrap elementor-element-populated\">\n\t\t\t\t\t\t<div class=\"elementor-element elementor-element-961a33e elementor-widget elementor-widget-text-editor\" data-id=\"961a33e\" data-element_type=\"widget\" data-widget_type=\"text-editor.default\">\n\t\t\t\t<div class=\"elementor-widget-container\">\n\t\t\t\t\t\t\t\t\t<p>Le projet CECC a<strong> pour objectif central de mettre \u00e0 disposition des bailleurs, des d\u00e9cideurs et des gestionnaires, les avanc\u00e9es les plus r\u00e9centes de la recherche sur la question de l\u2019intensification hydro climatique au Sahel et dans les Andes tropicales<\/strong>, sous une forme qui les rendent effectivement utilisables pour actualiser les normes de dimensionnement hydrologique, les pratiques de gestion des risques et de la ressource, et fournir des sc\u00e9narios d\u2019anticipation dans un contexte o\u00f9 le r\u00e9chauffement climatique et la d\u00e9gradation des terres s\u2019acc\u00e9l\u00e8rent.<\/p>\t\t\t\t\t\t\t\t<\/div>\n\t\t\t\t<\/div>\n\t\t\t\t\t<\/div>\n\t\t<\/div>\n\t\t\t\t\t<\/div>\n\t\t<\/section>\n\t\t\t\t<section class=\"elementor-section elementor-top-section elementor-element elementor-element-d434398 elementor-section-boxed elementor-section-height-default elementor-section-height-default\" data-id=\"d434398\" data-element_type=\"section\">\n\t\t\t\t\t\t<div class=\"elementor-container elementor-column-gap-default\">\n\t\t\t\t\t<div class=\"elementor-column elementor-col-100 elementor-top-column elementor-element elementor-element-c17188a\" data-id=\"c17188a\" data-element_type=\"column\">\n\t\t\t<div class=\"elementor-widget-wrap elementor-element-populated\">\n\t\t\t\t\t\t<div class=\"elementor-element elementor-element-90f0e2e elementor-widget elementor-widget-text-editor\" data-id=\"90f0e2e\" data-element_type=\"widget\" data-widget_type=\"text-editor.default\">\n\t\t\t\t<div class=\"elementor-widget-container\">\n\t\t\t\t\t\t\t\t\t<h2><strong>Une ambition \u00e0 l\u2019articulation Science Soci\u00e9t\u00e9.<\/strong><\/h2><p>Les chercheuses et chercheurs de 6 laboratoires de l\u2019IRD (Espace Dev, G Eau, GET, HSM, IGE, LPED) et leurs partenaires au Niger, au S\u00e9n\u00e9gal et dans les Andes, vont unir leurs efforts pour mettre \u00e0 disposition des bailleurs, des d\u00e9cideurs, des gestionnaires, des op\u00e9rateurs des bureaux d\u2019\u00e9tudes et des scientifiques, des outils et des produits destin\u00e9s \u00e0 actualiser les normes hydrologiques, les pratiques de gestion des risques et de la ressource en eau et \u00e0 fournir des sc\u00e9narios d\u2019anticipation visant \u00e0 faciliter les politiques d\u2019adaptation \u00e0 une nouvelle donne hydro climatologique \u00e0 l\u2019horizon 2050 Une part importante de l\u2019activit\u00e9 du projet sera d\u00e9di\u00e9e au dialogue avec les utilisateurs de bout de cha\u00eene afin de bien comprendre leurs besoins et les obstacles couramment rencontr\u00e9s pour une utilisation effective des produits de la recherche Un portail num\u00e9rique r\u00e9unissant donn\u00e9es, produits et d\u00e9monstrateurs constituera le d\u00e9livrable final du projet.<\/p>\t\t\t\t\t\t\t\t<\/div>\n\t\t\t\t<\/div>\n\t\t\t\t\t<\/div>\n\t\t<\/div>\n\t\t\t\t\t<\/div>\n\t\t<\/section>\n\t\t\t\t<section class=\"elementor-section elementor-top-section elementor-element elementor-element-8993625 elementor-section-boxed elementor-section-height-default elementor-section-height-default\" data-id=\"8993625\" data-element_type=\"section\">\n\t\t\t\t\t\t<div class=\"elementor-container elementor-column-gap-default\">\n\t\t\t\t\t<div class=\"elementor-column elementor-col-100 elementor-top-column elementor-element elementor-element-c69eae7\" data-id=\"c69eae7\" data-element_type=\"column\">\n\t\t\t<div class=\"elementor-widget-wrap elementor-element-populated\">\n\t\t\t\t\t\t<div class=\"elementor-element elementor-element-249f488 elementor-widget elementor-widget-spacer\" data-id=\"249f488\" data-element_type=\"widget\" data-widget_type=\"spacer.default\">\n\t\t\t\t<div class=\"elementor-widget-container\">\n\t\t\t\t\t\t\t<div class=\"elementor-spacer\">\n\t\t\t<div class=\"elementor-spacer-inner\"><\/div>\n\t\t<\/div>\n\t\t\t\t\t\t<\/div>\n\t\t\t\t<\/div>\n\t\t\t\t<div class=\"elementor-element elementor-element-6e4e2c4 elementor-widget elementor-widget-heading\" data-id=\"6e4e2c4\" data-element_type=\"widget\" data-widget_type=\"heading.default\">\n\t\t\t\t<div class=\"elementor-widget-container\">\n\t\t\t\t\t<h2 class=\"elementor-heading-title elementor-size-medium\">Les 4 enjeux cl\u00e9s identifi\u00e9s :<\/h2>\t\t\t\t<\/div>\n\t\t\t\t<\/div>\n\t\t\t\t<div class=\"elementor-element elementor-element-6526d3d elementor-widget elementor-widget-spacer\" data-id=\"6526d3d\" data-element_type=\"widget\" data-widget_type=\"spacer.default\">\n\t\t\t\t<div class=\"elementor-widget-container\">\n\t\t\t\t\t\t\t<div class=\"elementor-spacer\">\n\t\t\t<div class=\"elementor-spacer-inner\"><\/div>\n\t\t<\/div>\n\t\t\t\t\t\t<\/div>\n\t\t\t\t<\/div>\n\t\t\t\t<div class=\"elementor-element elementor-element-f310e50 elementor-widget elementor-widget-text-editor\" data-id=\"f310e50\" data-element_type=\"widget\" data-widget_type=\"text-editor.default\">\n\t\t\t\t<div class=\"elementor-widget-container\">\n\t\t\t\t\t\t\t\t\t<h2><span style=\"color: #000000;\"><strong>Les Inondations<\/strong><\/span><\/h2><h5><span style=\"color: #000000;\">On constate, dans la zone intertropicale une augmentation des inondations alors m\u00eame que la forte densit\u00e9 de population en zone urbaine, la pauvret\u00e9 des habitants (b\u00e2ti pr\u00e9caire, construction en zones inondables) et des capacit\u00e9s limit\u00e9es pour g\u00e9rer les risques d&rsquo;inondation rendent la population particuli\u00e8rement vuln\u00e9rable au al\u00e9as <\/span><span style=\"color: #000080;\"><span style=\"color: #000000;\">hydrologiques<\/span>.<\/span><\/h5>\t\t\t\t\t\t\t\t<\/div>\n\t\t\t\t<\/div>\n\t\t\t\t<div class=\"elementor-element elementor-element-90fe52e elementor-widget elementor-widget-spacer\" data-id=\"90fe52e\" data-element_type=\"widget\" data-widget_type=\"spacer.default\">\n\t\t\t\t<div class=\"elementor-widget-container\">\n\t\t\t\t\t\t\t<div class=\"elementor-spacer\">\n\t\t\t<div class=\"elementor-spacer-inner\"><\/div>\n\t\t<\/div>\n\t\t\t\t\t\t<\/div>\n\t\t\t\t<\/div>\n\t\t\t\t<div class=\"elementor-element elementor-element-78c1810 elementor-widget elementor-widget-text-editor\" data-id=\"78c1810\" data-element_type=\"widget\" data-widget_type=\"text-editor.default\">\n\t\t\t\t<div class=\"elementor-widget-container\">\n\t\t\t\t\t\t\t\t\t<h2><span style=\"color: #000000;\"><strong>Les s\u00e9cheresses<\/strong><\/span><\/h2><h5><span style=\"color: #000000;\">Les s\u00e9cheresses et le maintien d&rsquo;un al\u00e9a fort sur les rendements des cultures pluviales, m\u00eame en ann\u00e9e globalement propice, repr\u00e9sentent aussi un enjeu de taille, comme cela a \u00e9t\u00e9 le cas en 2018 au Niger avec des poches de s\u00e8cheresse et de faibles r\u00e9coltes, ou sur l\u2019altiplano bolivien.\u00a0<\/span><\/h5>\t\t\t\t\t\t\t\t<\/div>\n\t\t\t\t<\/div>\n\t\t\t\t<div class=\"elementor-element elementor-element-700c9de elementor-widget elementor-widget-spacer\" data-id=\"700c9de\" data-element_type=\"widget\" data-widget_type=\"spacer.default\">\n\t\t\t\t<div class=\"elementor-widget-container\">\n\t\t\t\t\t\t\t<div class=\"elementor-spacer\">\n\t\t\t<div class=\"elementor-spacer-inner\"><\/div>\n\t\t<\/div>\n\t\t\t\t\t\t<\/div>\n\t\t\t\t<\/div>\n\t\t\t\t<div class=\"elementor-element elementor-element-69d05d9 elementor-widget elementor-widget-text-editor\" data-id=\"69d05d9\" data-element_type=\"widget\" data-widget_type=\"text-editor.default\">\n\t\t\t\t<div class=\"elementor-widget-container\">\n\t\t\t\t\t\t\t\t\t<h2><span style=\"color: #000000;\">La gestion des ressources en eau<\/span><\/h2><h5><span style=\"color: #000000;\">L\u2019augmentation du risque hydrologique (du fait d&rsquo;al\u00e9as et de vuln\u00e9rabilit\u00e9s accrus) pousse les Etats \u00e0 d\u00e9velopper des infrastructures (barrages, forages, ou petits am\u00e9nagements locaux). Les strat\u00e9gies de conception et de gestion des ouvrages (actuels et projet\u00e9s) permettant d\u2019optimiser leur fonctionnement et de minimiser leurs impacts dans le contexte du changement global doivent donc \u00eatre ajust\u00e9es.<\/span><\/h5>\t\t\t\t\t\t\t\t<\/div>\n\t\t\t\t<\/div>\n\t\t\t\t<div class=\"elementor-element elementor-element-b8e1d2b elementor-widget elementor-widget-spacer\" data-id=\"b8e1d2b\" data-element_type=\"widget\" data-widget_type=\"spacer.default\">\n\t\t\t\t<div class=\"elementor-widget-container\">\n\t\t\t\t\t\t\t<div class=\"elementor-spacer\">\n\t\t\t<div class=\"elementor-spacer-inner\"><\/div>\n\t\t<\/div>\n\t\t\t\t\t\t<\/div>\n\t\t\t\t<\/div>\n\t\t\t\t<div class=\"elementor-element elementor-element-172f391 elementor-widget elementor-widget-text-editor\" data-id=\"172f391\" data-element_type=\"widget\" data-widget_type=\"text-editor.default\">\n\t\t\t\t<div class=\"elementor-widget-container\">\n\t\t\t\t\t\t\t\t\t<h2><span style=\"color: #000000;\">L&rsquo;accessibilit\u00e9 des connaissances<\/span><\/h2><h5><span style=\"color: #000000;\">De nombreuses connaissances ont \u00e9t\u00e9 accumul\u00e9es par les chercheurs de l&rsquo;IRD et leurs coll\u00e8gues sur ces enjeux. Ces connaissances sont g\u00e9n\u00e9ralement bien diffus\u00e9es dans la communaut\u00e9 scientifique mais restent souvent inconnues ou difficilement utilisables pour les acteurs en dehors de cette communaut\u00e9. L&rsquo;importance grandissante prise par la conception et la mise en \u0153uvre de politiques d&rsquo;adaptation aux impacts du changement global n\u00e9cessite pourtant qu&rsquo;elles soient bas\u00e9es sur des connaissances scientifiques actualis\u00e9es, consolid\u00e9es et op\u00e9ratoires.\u00a0<\/span><\/h5>\t\t\t\t\t\t\t\t<\/div>\n\t\t\t\t<\/div>\n\t\t\t\t\t<\/div>\n\t\t<\/div>\n\t\t\t\t\t<\/div>\n\t\t<\/section>\n\t\t\t\t<\/div>\n\t\t","protected":false},"excerpt":{"rendered":"<p>Le contexte et les objectifs du projet Une d\u00e9j\u00e0 longue histoire Le r\u00e9chauffement climatique, combin\u00e9 \u00e0 des \u00e9volutions rapides et profondes de l\u2019usage des terres, a un impact particuli\u00e8rement fort<\/p><\/div>\n<div class=\"blog-btn\"><a href=\"https:\/\/www.projet-cecc.org\/?page_id=1569\" class=\"home-blog-btn\">Lire la suite<\/a><\/p>\n","protected":false},"author":1,"featured_media":0,"parent":0,"menu_order":0,"comment_status":"closed","ping_status":"closed","template":"template\/template-page-full-width.php","meta":{"_monsterinsights_skip_tracking":false,"_monsterinsights_sitenote_active":false,"_monsterinsights_sitenote_note":"","_monsterinsights_sitenote_category":0,"_EventAllDay":false,"_EventTimezone":"","_EventStartDate":"","_EventEndDate":"","_EventStartDateUTC":"","_EventEndDateUTC":"","_EventShowMap":false,"_EventShowMapLink":false,"_EventURL":"","_EventCost":"","_EventCostDescription":"","_EventCurrencySymbol":"","_EventCurrencyPosition":"","_EventDateTimeSeparator":"","_EventTimeRangeSeparator":"","_EventOrganizerID":[],"_EventVenueID":0,"_OrganizerEmail":"","_OrganizerPhone":"","_OrganizerWebsite":"","_VenueAddress":"","_VenueCity":"","_VenueCountry":"","_VenueProvince":"","_VenueZip":"","_VenuePhone":"","_VenueURL":"","_VenueStateProvince":"","_VenueLat":"","_VenueLng":"","footnotes":""},"class_list":["post-1569","page","type-page","status-publish","hentry"],"_links":{"self":[{"href":"https:\/\/www.projet-cecc.org\/index.php?rest_route=\/wp\/v2\/pages\/1569","targetHints":{"allow":["GET"]}}],"collection":[{"href":"https:\/\/www.projet-cecc.org\/index.php?rest_route=\/wp\/v2\/pages"}],"about":[{"href":"https:\/\/www.projet-cecc.org\/index.php?rest_route=\/wp\/v2\/types\/page"}],"author":[{"embeddable":true,"href":"https:\/\/www.projet-cecc.org\/index.php?rest_route=\/wp\/v2\/users\/1"}],"replies":[{"embeddable":true,"href":"https:\/\/www.projet-cecc.org\/index.php?rest_route=%2Fwp%2Fv2%2Fcomments&post=1569"}],"version-history":[{"count":70,"href":"https:\/\/www.projet-cecc.org\/index.php?rest_route=\/wp\/v2\/pages\/1569\/revisions"}],"predecessor-version":[{"id":3624,"href":"https:\/\/www.projet-cecc.org\/index.php?rest_route=\/wp\/v2\/pages\/1569\/revisions\/3624"}],"wp:attachment":[{"href":"https:\/\/www.projet-cecc.org\/index.php?rest_route=%2Fwp%2Fv2%2Fmedia&parent=1569"}],"curies":[{"name":"wp","href":"https:\/\/api.w.org\/{rel}","templated":true}]}}